{"id":929,"date":"2019-09-27T18:37:51","date_gmt":"2019-09-27T18:37:51","guid":{"rendered":"https:\/\/sspas.org.sv\/sspas\/?post_type=project&#038;p=929"},"modified":"2019-10-04T19:31:53","modified_gmt":"2019-10-04T19:31:53","slug":"mas-alla-del-estigma-cultura-de-la-violencia-en-el-salvador","status":"publish","type":"project","link":"https:\/\/sspas.org.sv\/sspas\/project\/mas-alla-del-estigma-cultura-de-la-violencia-en-el-salvador\/","title":{"rendered":"M\u00e1s all\u00e1 del estigma, cultura de la violencia en El Salvador"},"content":{"rendered":"<p>[et_pb_section fb_built=\u00bb1&#8243; admin_label=\u00bbHeader\u00bb _builder_version=\u00bb3.26.6&#8243; use_background_color_gradient=\u00bbon\u00bb background_color_gradient_start=\u00bbrgba(255,255,255,0.1)\u00bb background_color_gradient_end=\u00bb#243061&#8243; background_color_gradient_direction=\u00bb124deg\u00bb background_color_gradient_start_position=\u00bb30%\u00bb background_color_gradient_end_position=\u00bb90%\u00bb background_image=\u00bbhttps:\/\/sspas.org.sv\/sspas\/wp-content\/uploads\/2019\/08\/ebook-17-1.png\u00bb parallax=\u00bbon\u00bb border_color_all=\u00bb#243061&#8243; border_width_left=\u00bb10px\u00bb custom_padding=\u00bb5vw||5vw||true|\u00bb][et_pb_row _builder_version=\u00bb3.26.6&#8243;][et_pb_column type=\u00bb4_4&#8243; _builder_version=\u00bb3.26.6&#8243;][et_pb_video src=\u00bbhttps:\/\/youtu.be\/jRjvnsUXOts\u00bb _builder_version=\u00bb3.26.6&#8243; width=\u00bb100%\u00bb custom_margin=\u00bb|-123px|102px|-3px||\u00bb][\/et_pb_video][\/et_pb_column][\/et_pb_row][\/et_pb_section][et_pb_section fb_built=\u00bb1&#8243; admin_label=\u00bbProducts\u00bb _builder_version=\u00bb3.26.6&#8243; border_color_all=\u00bb#6eb632&#8243; border_width_left=\u00bb10px\u00bb custom_margin=\u00bb0px||0px||true|false\u00bb custom_padding=\u00bb0px||1px|||\u00bb locked=\u00bboff\u00bb][et_pb_row column_structure=\u00bb3_5,2_5&#8243; _builder_version=\u00bb3.25&#8243;][et_pb_column type=\u00bb3_5&#8243; _builder_version=\u00bb3.25&#8243; custom_padding=\u00bb|||\u00bb custom_padding__hover=\u00bb|||\u00bb][et_pb_image src=\u00bbhttps:\/\/sspas.org.sv\/sspas\/wp-content\/uploads\/2019\/08\/author-icon-05-4-1.png\u00bb _builder_version=\u00bb3.26.6&#8243; custom_padding=\u00bb||61px|||\u00bb animation_direction=\u00bbbottom\u00bb always_center_on_mobile=\u00bboff\u00bb][\/et_pb_image][et_pb_text _builder_version=\u00bb3.26.6&#8243; header_2_font=\u00bbRoboto|800||on|||||\u00bb header_2_text_color=\u00bb#243061&#8243; header_2_font_size=\u00bb60px\u00bb header_2_line_height=\u00bb1.2em\u00bb module_alignment=\u00bbright\u00bb header_2_font_size_tablet=\u00bb40px\u00bb header_2_font_size_phone=\u00bb25px\u00bb header_2_font_size_last_edited=\u00bbon|desktop\u00bb locked=\u00bboff\u00bb]<\/p>\n<h2>publicaciones<\/h2>\n<p>[\/et_pb_text][\/et_pb_column][et_pb_column type=\u00bb2_5&#8243; _builder_version=\u00bb3.25&#8243; custom_padding=\u00bb70px|||\u00bb custom_padding_tablet=\u00bb0px|||\u00bb custom_padding_last_edited=\u00bbon|tablet\u00bb custom_padding__hover=\u00bb|||\u00bb][et_pb_button button_text=\u00bbVer m\u00e1s\u00bb button_alignment=\u00bbright\u00bb _builder_version=\u00bb3.26.6&#8243; background_layout=\u00bbdark\u00bb custom_padding=\u00bb14px|40px|14px|40px|true|true\u00bb locked=\u00bboff\u00bb button_text_color__hover=\u00bb#000000&#8243; button_text_color__hover_enabled=\u00bbon\u00bb button_bg_color__hover=\u00bb#31d190&#8243;][\/et_pb_button][\/et_pb_column][\/et_pb_row][et_pb_row _builder_version=\u00bb3.25&#8243;][et_pb_column type=\u00bb4_4&#8243; _builder_version=\u00bb3.25&#8243; custom_padding=\u00bb|||\u00bb custom_padding__hover=\u00bb|||\u00bb][et_pb_filterable_portfolio fullwidth=\u00bboff\u00bb include_categories=\u00bb11,10,9,8,23&#8243; _builder_version=\u00bb3.26.6&#8243; filter_font=\u00bbRoboto|700|||||||\u00bb filter_text_color=\u00bb#243061&#8243;][\/et_pb_filterable_portfolio][\/et_pb_column][\/et_pb_row][\/et_pb_section]<\/p>\n","protected":false},"excerpt":{"rendered":"<p>publicaciones<\/p>\n","protected":false},"author":1,"featured_media":930,"comment_status":"open","ping_status":"closed","template":"","meta":{"_et_pb_use_builder":"on","_et_pb_old_content":"","_et_gb_content_width":"","om_disable_all_campaigns":false,"_monsterinsights_skip_tracking":false,"_uf_show_specific_survey":0,"_uf_disable_surveys":false,"footnotes":""},"project_category":[23],"project_tag":[],"class_list":["post-929","project","type-project","status-publish","has-post-thumbnail","hentry","project_category-videos"],"aioseo_notices":[],"aioseo_head":"\n\t\t<!-- All in One SEO 5.0.1 - aioseo.com -->\n\t<meta name=\"description\" content=\"publicaciones Ver m\u00e1s TodosBoletinesInformesInvestigacionesMultimediaVideos Informe de vulneraciones a derechos laboralesInformes THREE YEARS OF THE STATE OF EXCEPTIONInformes, Investigaciones Executive Summary \u2013 Monitoring Report on the Recommendations Issued by the IACHR within the Framework of the State of Exception in El SalvadorInformes, Investigaciones Monitoring Report on the Recommendations Issued by the IACHR within the Framework of\" \/>\n\t<meta name=\"robots\" content=\"max-image-preview:large\" \/>\n\t<meta name=\"author\" content=\"SSPAS\"\/>\n\t<link rel=\"canonical\" href=\"https:\/\/sspas.org.sv\/sspas\/project\/mas-alla-del-estigma-cultura-de-la-violencia-en-el-salvador\/\" \/>\n\t<meta name=\"generator\" content=\"All in One SEO (AIOSEO) 5.0.1\" \/>\n\t\t<meta property=\"og:locale\" content=\"es_ES\" \/>\n\t\t<meta property=\"og:site_name\" content=\"SSPAS - Servicio Social Pasionista\" \/>\n\t\t<meta property=\"og:type\" content=\"article\" \/>\n\t\t<meta property=\"og:title\" content=\"M\u00e1s all\u00e1 del estigma, cultura de la violencia en El Salvador - SSPAS\" \/>\n\t\t<meta property=\"og:description\" content=\"publicaciones Ver m\u00e1s TodosBoletinesInformesInvestigacionesMultimediaVideos Informe de vulneraciones a derechos laboralesInformes THREE YEARS OF THE STATE OF EXCEPTIONInformes, Investigaciones Executive Summary \u2013 Monitoring Report on the Recommendations Issued by the IACHR within the Framework of the State of Exception in El SalvadorInformes, Investigaciones Monitoring Report on the Recommendations Issued by the IACHR within the Framework of\" \/>\n\t\t<meta property=\"og:url\" content=\"https:\/\/sspas.org.sv\/sspas\/project\/mas-alla-del-estigma-cultura-de-la-violencia-en-el-salvador\/\" \/>\n\t\t<meta property=\"article:published_time\" content=\"2019-09-27T18:37:51+00:00\" \/>\n\t\t<meta property=\"article:modified_time\" content=\"2019-10-04T19:31:53+00:00\" \/>\n\t\t<meta name=\"twitter:card\" content=\"summary_large_image\" \/>\n\t\t<meta name=\"twitter:title\" content=\"M\u00e1s all\u00e1 del estigma, cultura de la violencia en El Salvador - SSPAS\" \/>\n\t\t<meta name=\"twitter:description\" content=\"publicaciones Ver m\u00e1s TodosBoletinesInformesInvestigacionesMultimediaVideos Informe de vulneraciones a derechos laboralesInformes THREE YEARS OF THE STATE OF EXCEPTIONInformes, Investigaciones Executive Summary \u2013 Monitoring Report on the Recommendations Issued by the IACHR within the Framework of the State of Exception in El SalvadorInformes, Investigaciones Monitoring Report on the Recommendations Issued by the IACHR within the Framework of\" \/>\n\t\t<script type=\"application\/ld+json\" class=\"aioseo-schema\">\n\t\t\t{\"@context\":\"https:\\\/\\\/schema.org\",\"@graph\":[{\"@type\":\"BreadcrumbList\",\"@id\":\"https:\\\/\\\/sspas.org.sv\\\/sspas\\\/project\\\/mas-alla-del-estigma-cultura-de-la-violencia-en-el-salvador\\\/#breadcrumblist\",\"itemListElement\":[{\"@type\":\"ListItem\",\"@id\":\"https:\\\/\\\/sspas.org.sv\\\/sspas#listItem\",\"position\":1,\"name\":\"Home\",\"item\":\"https:\\\/\\\/sspas.org.sv\\\/sspas\",\"nextItem\":{\"@type\":\"ListItem\",\"@id\":\"https:\\\/\\\/sspas.org.sv\\\/sspas\\\/project\\\/#listItem\",\"name\":\"Proyectos\"}},{\"@type\":\"ListItem\",\"@id\":\"https:\\\/\\\/sspas.org.sv\\\/sspas\\\/project\\\/#listItem\",\"position\":2,\"name\":\"Proyectos\",\"item\":\"https:\\\/\\\/sspas.org.sv\\\/sspas\\\/project\\\/\",\"nextItem\":{\"@type\":\"ListItem\",\"@id\":\"https:\\\/\\\/sspas.org.sv\\\/sspas\\\/project_category\\\/videos\\\/#listItem\",\"name\":\"Videos\"},\"previousItem\":{\"@type\":\"ListItem\",\"@id\":\"https:\\\/\\\/sspas.org.sv\\\/sspas#listItem\",\"name\":\"Home\"}},{\"@type\":\"ListItem\",\"@id\":\"https:\\\/\\\/sspas.org.sv\\\/sspas\\\/project_category\\\/videos\\\/#listItem\",\"position\":3,\"name\":\"Videos\",\"item\":\"https:\\\/\\\/sspas.org.sv\\\/sspas\\\/project_category\\\/videos\\\/\",\"nextItem\":{\"@type\":\"ListItem\",\"@id\":\"https:\\\/\\\/sspas.org.sv\\\/sspas\\\/project\\\/mas-alla-del-estigma-cultura-de-la-violencia-en-el-salvador\\\/#listItem\",\"name\":\"M\\u00e1s all\\u00e1 del estigma, cultura de la violencia en El Salvador\"},\"previousItem\":{\"@type\":\"ListItem\",\"@id\":\"https:\\\/\\\/sspas.org.sv\\\/sspas\\\/project\\\/#listItem\",\"name\":\"Proyectos\"}},{\"@type\":\"ListItem\",\"@id\":\"https:\\\/\\\/sspas.org.sv\\\/sspas\\\/project\\\/mas-alla-del-estigma-cultura-de-la-violencia-en-el-salvador\\\/#listItem\",\"position\":4,\"name\":\"M\\u00e1s all\\u00e1 del estigma, cultura de la violencia en El Salvador\",\"previousItem\":{\"@type\":\"ListItem\",\"@id\":\"https:\\\/\\\/sspas.org.sv\\\/sspas\\\/project_category\\\/videos\\\/#listItem\",\"name\":\"Videos\"}}]},{\"@type\":\"Organization\",\"@id\":\"https:\\\/\\\/sspas.org.sv\\\/sspas\\\/#organization\",\"name\":\"SSPAS\",\"description\":\"Servicio Social Pasionista\",\"url\":\"https:\\\/\\\/sspas.org.sv\\\/sspas\\\/\"},{\"@type\":\"Person\",\"@id\":\"https:\\\/\\\/sspas.org.sv\\\/sspas\\\/author\\\/ideasmasmedios\\\/#author\",\"url\":\"https:\\\/\\\/sspas.org.sv\\\/sspas\\\/author\\\/ideasmasmedios\\\/\",\"name\":\"SSPAS\",\"image\":{\"@type\":\"ImageObject\",\"@id\":\"https:\\\/\\\/sspas.org.sv\\\/sspas\\\/project\\\/mas-alla-del-estigma-cultura-de-la-violencia-en-el-salvador\\\/#authorImage\",\"url\":\"https:\\\/\\\/secure.gravatar.com\\\/avatar\\\/e900d0b4b77ce47c893a9386664bef28ea715c26e883d17f0e8eacc4297d7934?s=96&d=mm&r=g\",\"width\":96,\"height\":96,\"caption\":\"SSPAS\"}},{\"@type\":\"WebPage\",\"@id\":\"https:\\\/\\\/sspas.org.sv\\\/sspas\\\/project\\\/mas-alla-del-estigma-cultura-de-la-violencia-en-el-salvador\\\/#webpage\",\"url\":\"https:\\\/\\\/sspas.org.sv\\\/sspas\\\/project\\\/mas-alla-del-estigma-cultura-de-la-violencia-en-el-salvador\\\/\",\"name\":\"M\\u00e1s all\\u00e1 del estigma, cultura de la violencia en El Salvador - SSPAS\",\"description\":\"publicaciones Ver m\\u00e1s TodosBoletinesInformesInvestigacionesMultimediaVideos Informe de vulneraciones a derechos laboralesInformes THREE YEARS OF THE STATE OF EXCEPTIONInformes, Investigaciones Executive Summary \\u2013 Monitoring Report on the Recommendations Issued by the IACHR within the Framework of the State of Exception in El SalvadorInformes, Investigaciones Monitoring Report on the Recommendations Issued by the IACHR within the Framework of\",\"inLanguage\":\"es-ES\",\"isPartOf\":{\"@id\":\"https:\\\/\\\/sspas.org.sv\\\/sspas\\\/#website\"},\"breadcrumb\":{\"@id\":\"https:\\\/\\\/sspas.org.sv\\\/sspas\\\/project\\\/mas-alla-del-estigma-cultura-de-la-violencia-en-el-salvador\\\/#breadcrumblist\"},\"author\":{\"@id\":\"https:\\\/\\\/sspas.org.sv\\\/sspas\\\/author\\\/ideasmasmedios\\\/#author\"},\"creator\":{\"@id\":\"https:\\\/\\\/sspas.org.sv\\\/sspas\\\/author\\\/ideasmasmedios\\\/#author\"},\"image\":{\"@type\":\"ImageObject\",\"url\":\"https:\\\/\\\/sspas.org.sv\\\/sspas\\\/wp-content\\\/uploads\\\/2019\\\/09\\\/hqdefault-2.jpg\",\"@id\":\"https:\\\/\\\/sspas.org.sv\\\/sspas\\\/project\\\/mas-alla-del-estigma-cultura-de-la-violencia-en-el-salvador\\\/#mainImage\",\"width\":246,\"height\":138},\"primaryImageOfPage\":{\"@id\":\"https:\\\/\\\/sspas.org.sv\\\/sspas\\\/project\\\/mas-alla-del-estigma-cultura-de-la-violencia-en-el-salvador\\\/#mainImage\"},\"datePublished\":\"2019-09-27T18:37:51+00:00\",\"dateModified\":\"2019-10-04T19:31:53+00:00\"},{\"@type\":\"WebSite\",\"@id\":\"https:\\\/\\\/sspas.org.sv\\\/sspas\\\/#website\",\"url\":\"https:\\\/\\\/sspas.org.sv\\\/sspas\\\/\",\"name\":\"SSPAS\",\"description\":\"Servicio Social Pasionista\",\"inLanguage\":\"es-ES\",\"publisher\":{\"@id\":\"https:\\\/\\\/sspas.org.sv\\\/sspas\\\/#organization\"}}]}\n\t\t<\/script>\n\t\t<!-- All in One SEO -->\n\n","aioseo_head_json":{"title":"M\u00e1s all\u00e1 del estigma, cultura de la violencia en El Salvador - SSPAS","description":"publicaciones Ver m\u00e1s TodosBoletinesInformesInvestigacionesMultimediaVideos Informe de vulneraciones a derechos laboralesInformes THREE YEARS OF THE STATE OF EXCEPTIONInformes, Investigaciones Executive Summary \u2013 Monitoring Report on the Recommendations Issued by the IACHR within the Framework of the State of Exception in El SalvadorInformes, Investigaciones Monitoring Report on the Recommendations Issued by the IACHR within the Framework of","canonical_url":"https:\/\/sspas.org.sv\/sspas\/project\/mas-alla-del-estigma-cultura-de-la-violencia-en-el-salvador\/","robots":"max-image-preview:large","keywords":"","webmasterTools":{"miscellaneous":""},"schema":{"@context":"https:\/\/schema.org","@graph":[{"@type":"BreadcrumbList","@id":"https:\/\/sspas.org.sv\/sspas\/project\/mas-alla-del-estigma-cultura-de-la-violencia-en-el-salvador\/#breadcrumblist","itemListElement":[{"@type":"ListItem","@id":"https:\/\/sspas.org.sv\/sspas#listItem","position":1,"name":"Home","item":"https:\/\/sspas.org.sv\/sspas","nextItem":{"@type":"ListItem","@id":"https:\/\/sspas.org.sv\/sspas\/project\/#listItem","name":"Proyectos"}},{"@type":"ListItem","@id":"https:\/\/sspas.org.sv\/sspas\/project\/#listItem","position":2,"name":"Proyectos","item":"https:\/\/sspas.org.sv\/sspas\/project\/","nextItem":{"@type":"ListItem","@id":"https:\/\/sspas.org.sv\/sspas\/project_category\/videos\/#listItem","name":"Videos"},"previousItem":{"@type":"ListItem","@id":"https:\/\/sspas.org.sv\/sspas#listItem","name":"Home"}},{"@type":"ListItem","@id":"https:\/\/sspas.org.sv\/sspas\/project_category\/videos\/#listItem","position":3,"name":"Videos","item":"https:\/\/sspas.org.sv\/sspas\/project_category\/videos\/","nextItem":{"@type":"ListItem","@id":"https:\/\/sspas.org.sv\/sspas\/project\/mas-alla-del-estigma-cultura-de-la-violencia-en-el-salvador\/#listItem","name":"M\u00e1s all\u00e1 del estigma, cultura de la violencia en El Salvador"},"previousItem":{"@type":"ListItem","@id":"https:\/\/sspas.org.sv\/sspas\/project\/#listItem","name":"Proyectos"}},{"@type":"ListItem","@id":"https:\/\/sspas.org.sv\/sspas\/project\/mas-alla-del-estigma-cultura-de-la-violencia-en-el-salvador\/#listItem","position":4,"name":"M\u00e1s all\u00e1 del estigma, cultura de la violencia en El Salvador","previousItem":{"@type":"ListItem","@id":"https:\/\/sspas.org.sv\/sspas\/project_category\/videos\/#listItem","name":"Videos"}}]},{"@type":"Organization","@id":"https:\/\/sspas.org.sv\/sspas\/#organization","name":"SSPAS","description":"Servicio Social Pasionista","url":"https:\/\/sspas.org.sv\/sspas\/"},{"@type":"Person","@id":"https:\/\/sspas.org.sv\/sspas\/author\/ideasmasmedios\/#author","url":"https:\/\/sspas.org.sv\/sspas\/author\/ideasmasmedios\/","name":"SSPAS","image":{"@type":"ImageObject","@id":"https:\/\/sspas.org.sv\/sspas\/project\/mas-alla-del-estigma-cultura-de-la-violencia-en-el-salvador\/#authorImage","url":"https:\/\/secure.gravatar.com\/avatar\/e900d0b4b77ce47c893a9386664bef28ea715c26e883d17f0e8eacc4297d7934?s=96&d=mm&r=g","width":96,"height":96,"caption":"SSPAS"}},{"@type":"WebPage","@id":"https:\/\/sspas.org.sv\/sspas\/project\/mas-alla-del-estigma-cultura-de-la-violencia-en-el-salvador\/#webpage","url":"https:\/\/sspas.org.sv\/sspas\/project\/mas-alla-del-estigma-cultura-de-la-violencia-en-el-salvador\/","name":"M\u00e1s all\u00e1 del estigma, cultura de la violencia en El Salvador - SSPAS","description":"publicaciones Ver m\u00e1s TodosBoletinesInformesInvestigacionesMultimediaVideos Informe de vulneraciones a derechos laboralesInformes THREE YEARS OF THE STATE OF EXCEPTIONInformes, Investigaciones Executive Summary \u2013 Monitoring Report on the Recommendations Issued by the IACHR within the Framework of the State of Exception in El SalvadorInformes, Investigaciones Monitoring Report on the Recommendations Issued by the IACHR within the Framework of","inLanguage":"es-ES","isPartOf":{"@id":"https:\/\/sspas.org.sv\/sspas\/#website"},"breadcrumb":{"@id":"https:\/\/sspas.org.sv\/sspas\/project\/mas-alla-del-estigma-cultura-de-la-violencia-en-el-salvador\/#breadcrumblist"},"author":{"@id":"https:\/\/sspas.org.sv\/sspas\/author\/ideasmasmedios\/#author"},"creator":{"@id":"https:\/\/sspas.org.sv\/sspas\/author\/ideasmasmedios\/#author"},"image":{"@type":"ImageObject","url":"https:\/\/sspas.org.sv\/sspas\/wp-content\/uploads\/2019\/09\/hqdefault-2.jpg","@id":"https:\/\/sspas.org.sv\/sspas\/project\/mas-alla-del-estigma-cultura-de-la-violencia-en-el-salvador\/#mainImage","width":246,"height":138},"primaryImageOfPage":{"@id":"https:\/\/sspas.org.sv\/sspas\/project\/mas-alla-del-estigma-cultura-de-la-violencia-en-el-salvador\/#mainImage"},"datePublished":"2019-09-27T18:37:51+00:00","dateModified":"2019-10-04T19:31:53+00:00"},{"@type":"WebSite","@id":"https:\/\/sspas.org.sv\/sspas\/#website","url":"https:\/\/sspas.org.sv\/sspas\/","name":"SSPAS","description":"Servicio Social Pasionista","inLanguage":"es-ES","publisher":{"@id":"https:\/\/sspas.org.sv\/sspas\/#organization"}}]},"og:locale":"es_ES","og:site_name":"SSPAS - Servicio Social Pasionista","og:type":"article","og:title":"M\u00e1s all\u00e1 del estigma, cultura de la violencia en El Salvador - SSPAS","og:description":"publicaciones Ver m\u00e1s TodosBoletinesInformesInvestigacionesMultimediaVideos Informe de vulneraciones a derechos laboralesInformes THREE YEARS OF THE STATE OF EXCEPTIONInformes, Investigaciones Executive Summary \u2013 Monitoring Report on the Recommendations Issued by the IACHR within the Framework of the State of Exception in El SalvadorInformes, Investigaciones Monitoring Report on the Recommendations Issued by the IACHR within the Framework of","og:url":"https:\/\/sspas.org.sv\/sspas\/project\/mas-alla-del-estigma-cultura-de-la-violencia-en-el-salvador\/","article:published_time":"2019-09-27T18:37:51+00:00","article:modified_time":"2019-10-04T19:31:53+00:00","twitter:card":"summary_large_image","twitter:title":"M\u00e1s all\u00e1 del estigma, cultura de la violencia en El Salvador - SSPAS","twitter:description":"publicaciones Ver m\u00e1s TodosBoletinesInformesInvestigacionesMultimediaVideos Informe de vulneraciones a derechos laboralesInformes THREE YEARS OF THE STATE OF EXCEPTIONInformes, Investigaciones Executive Summary \u2013 Monitoring Report on the Recommendations Issued by the IACHR within the Framework of the State of Exception in El SalvadorInformes, Investigaciones Monitoring Report on the Recommendations Issued by the IACHR within the Framework of"},"aioseo_meta_data":{"post_id":"929","title":null,"description":null,"keywords":null,"keyphrases":null,"focus_keyword":null,"additional_keywords":null,"truseo_locale":null,"primary_term":null,"canonical_url":null,"og_title":null,"og_description":null,"og_object_type":"default","og_image_type":"default","og_image_custom_url":null,"og_image_custom_fields":null,"og_image_url":null,"og_image_width":null,"og_image_height":null,"og_video":null,"og_custom_url":null,"og_article_section":null,"og_article_tags":null,"twitter_use_og":false,"twitter_card":"default","twitter_image_type":"default","twitter_image_custom_url":null,"twitter_image_custom_fields":null,"twitter_image_url":null,"twitter_title":null,"twitter_description":null,"schema_type":"default","schema_type_options":null,"schema":{"blockGraphs":[],"customGraphs":[],"default":{"data":{"Article":[],"Course":[],"Dataset":[],"FAQPage":[],"Movie":[],"Person":[],"Product":[],"ProductReview":[],"Car":[],"Recipe":[],"Service":[],"SoftwareApplication":[],"WebPage":[]},"graphName":"","isEnabled":true},"graphs":[]},"pillar_content":false,"robots_default":true,"robots_noindex":false,"robots_noarchive":false,"robots_nosnippet":false,"robots_nofollow":false,"robots_noimageindex":false,"robots_noodp":false,"robots_notranslate":false,"robots_max_snippet":null,"robots_max_videopreview":null,"robots_max_imagepreview":"large","priority":null,"frequency":null,"local_seo":null,"limit_modified_date":false,"ai":null,"breadcrumb_settings":null,"seo_analyzer_scan_date":null,"created":"2026-08-28 06:14:59","updated":"2026-08-28 06:14:59"},"aioseo_breadcrumb":"<div class=\"aioseo-breadcrumbs\"><span class=\"aioseo-breadcrumb\">\n\t\t\t<a href=\"https:\/\/sspas.org.sv\/sspas\" title=\"Home\">Home<\/a>\n\t\t<\/span><span class=\"aioseo-breadcrumb-separator\">&raquo;<\/span><span class=\"aioseo-breadcrumb\">\n\t\t\t<a href=\"https:\/\/sspas.org.sv\/sspas\/project\/\" title=\"Proyectos\">Proyectos<\/a>\n\t\t<\/span><span class=\"aioseo-breadcrumb-separator\">&raquo;<\/span><span class=\"aioseo-breadcrumb\">\n\t\t\t<a href=\"https:\/\/sspas.org.sv\/sspas\/project_category\/videos\/\" title=\"Videos\">Videos<\/a>\n\t\t<\/span><span class=\"aioseo-breadcrumb-separator\">&raquo;<\/span><span class=\"aioseo-breadcrumb\">\n\t\t\tM\u00e1s all\u00e1 del estigma, cultura de la violencia en El Salvador\n\t\t<\/span><\/div>","aioseo_breadcrumb_json":[{"label":"Home","link":"https:\/\/sspas.org.sv\/sspas"},{"label":"Proyectos","link":"https:\/\/sspas.org.sv\/sspas\/project\/"},{"label":"Videos","link":"https:\/\/sspas.org.sv\/sspas\/project_category\/videos\/"},{"label":"M\u00e1s all\u00e1 del estigma, cultura de la violencia en El Salvador","link":"https:\/\/sspas.org.sv\/sspas\/project\/mas-alla-del-estigma-cultura-de-la-violencia-en-el-salvador\/"}],"jetpack_sharing_enabled":true,"_links":{"self":[{"href":"https:\/\/sspas.org.sv\/sspas\/wp-json\/wp\/v2\/project\/929","targetHints":{"allow":["GET"]}}],"collection":[{"href":"https:\/\/sspas.org.sv\/sspas\/wp-json\/wp\/v2\/project"}],"about":[{"href":"https:\/\/sspas.org.sv\/sspas\/wp-json\/wp\/v2\/types\/project"}],"author":[{"embeddable":true,"href":"https:\/\/sspas.org.sv\/sspas\/wp-json\/wp\/v2\/users\/1"}],"replies":[{"embeddable":true,"href":"https:\/\/sspas.org.sv\/sspas\/wp-json\/wp\/v2\/comments?post=929"}],"version-history":[{"count":3,"href":"https:\/\/sspas.org.sv\/sspas\/wp-json\/wp\/v2\/project\/929\/revisions"}],"predecessor-version":[{"id":1121,"href":"https:\/\/sspas.org.sv\/sspas\/wp-json\/wp\/v2\/project\/929\/revisions\/1121"}],"wp:featuredmedia":[{"embeddable":true,"href":"https:\/\/sspas.org.sv\/sspas\/wp-json\/wp\/v2\/media\/930"}],"wp:attachment":[{"href":"https:\/\/sspas.org.sv\/sspas\/wp-json\/wp\/v2\/media?parent=929"}],"wp:term":[{"taxonomy":"project_category","embeddable":true,"href":"https:\/\/sspas.org.sv\/sspas\/wp-json\/wp\/v2\/project_category?post=929"},{"taxonomy":"project_tag","embeddable":true,"href":"https:\/\/sspas.org.sv\/sspas\/wp-json\/wp\/v2\/project_tag?post=929"}],"curies":[{"name":"wp","href":"https:\/\/api.w.org\/{rel}","templated":true}]}}