{"id":4595,"date":"2025-07-11T18:35:00","date_gmt":"2025-07-11T18:35:00","guid":{"rendered":"https:\/\/sspas.org.sv\/sspas\/?post_type=project&#038;p=4595"},"modified":"2025-11-04T14:35:09","modified_gmt":"2025-11-04T14:35:09","slug":"caracterizacion-ninez-adolescencia","status":"publish","type":"project","link":"https:\/\/sspas.org.sv\/sspas\/project\/caracterizacion-ninez-adolescencia\/","title":{"rendered":"Caracterizaci\u00f3n de poblaci\u00f3n de Primera Infancia, Ni\u00f1ez y Adolescencia en San Salvador Centro"},"content":{"rendered":"\n[et_pb_section fb_built=\u00bb1&#8243; admin_label=\u00bbHeader\u00bb _builder_version=\u00bb4.23.4&#8243; use_background_color_gradient=\u00bbon\u00bb background_color_gradient_direction=\u00bb124deg\u00bb background_color_gradient_stops=\u00bbrgba(255,255,255,0.1) 30%|#243061 90%\u00bb background_color_gradient_start=\u00bbrgba(255,255,255,0.1)\u00bb background_color_gradient_start_position=\u00bb30%\u00bb background_color_gradient_end=\u00bb#243061&#8243; background_color_gradient_end_position=\u00bb90%\u00bb background_image=\u00bbhttps:\/\/sspas.org.sv\/sspas\/wp-content\/uploads\/2019\/08\/ebook-17-1.png\u00bb parallax=\u00bbon\u00bb custom_padding=\u00bb5vw||5vw||true|\u00bb border_color_all=\u00bb#243061&#8243; border_width_left=\u00bb10px\u00bb locked=\u00bboff\u00bb global_colors_info=\u00bb{}\u00bb][et_pb_row column_structure=\u00bb1_2,1_2&#8243; use_custom_gutter=\u00bbon\u00bb gutter_width=\u00bb4&#8243; _builder_version=\u00bb4.16&#8243; background_size=\u00bbcontain\u00bb background_position=\u00bbbottom_center\u00bb max_width=\u00bb1280px\u00bb custom_margin=\u00bb|auto|2px|auto||\u00bb global_colors_info=\u00bb{}\u00bb][et_pb_column type=\u00bb1_2&#8243; _builder_version=\u00bb4.16&#8243; custom_padding=\u00bb40px|||\u00bb custom_padding_tablet=\u00bb0vw|||\u00bb global_colors_info=\u00bb{}\u00bb custom_padding__hover=\u00bb|||\u00bb][et_pb_text _builder_version=\u00bb4.24.0&#8243; text_text_color=\u00bb#000000&#8243; text_font_size=\u00bb18px\u00bb text_line_height=\u00bb1.8em\u00bb header_font=\u00bbRoboto|800|||||||\u00bb header_text_color=\u00bb#243061&#8243; header_font_size=\u00bb2.5vw\u00bb header_line_height=\u00bb1.1em\u00bb header_2_font=\u00bbRoboto|600||on|||||\u00bb custom_margin=\u00bb||145px|||\u00bb text_font_size_tablet=\u00bb16px\u00bb text_font_size_phone=\u00bb14px\u00bb text_font_size_last_edited=\u00bbon|phone\u00bb text_line_height_tablet=\u00bb1.8em\u00bb text_line_height_phone=\u00bb1.7em\u00bb text_line_height_last_edited=\u00bboff|phone\u00bb header_font_size_tablet=\u00bb8vw\u00bb header_font_size_phone=\u00bb10vw\u00bb header_font_size_last_edited=\u00bbon|phone\u00bb global_colors_info=\u00bb{}\u00bb]<h2 style=\"text-align: left;\"><span style=\"color: #243061;\">Caracterizaci\u00f3n de poblaci\u00f3n de Primera Infancia, Ni\u00f1ez y Adolescencia en San Salvador Centro<\/span><\/h2>\n<div style=\"margin: 0px; white-space: pre-wrap; font-family: 'Segoe UI Historic','Segoe UI',Helvetica,Arial,sans-serif; color: #050505; font-size: 15px;\">\n<h1 style=\"text-align: justify;\"><span style=\"font-size: medium;\">Objetivo de la consultor\u00eda:<\/span><\/h1>\n<p><span data-buffer=\"&lt;!--(Adobe)%7B%22type%22%3A%22horizonObject%22%2C%22payload%22%3A%7B%22docId%22%3A%22urn%3Aaaid%3Asc%3AVA6C2%3A315c0ec2-c281-5671-b5de-3f74239502df%22%2C%22repositoryId%22%3A%22urn%3Aaaid%3Asc%3AVA6C2%3A7fe7fbd4-a37c-5587-bde9-172d296cc8fb%22%2C%22copyClientId%22%3A%22d037301e-6586-4b24-a0fd-36c299bd6d28%22%2C%22docModel%22%3A%7B%22isFullDocument%22%3Afalse%2C%22serializedECS%22%3A%7B%22AssetInfo%22%3A%7B%22ComponentWithTrait%22%3A%7B%7D%2C%22Persistable%22%3A%7B%7D%7D%2C%22BitmapReference%22%3A%7B%22ComponentWithTrait%22%3A%7B%7D%2C%22Persistable%22%3A%7B%7D%2C%22ForwardReference%22%3A%7B%7D%7D%2C%22BitmapRole%22%3A%7B%22ComponentWithTrait%22%3A%7B%7D%2C%22Persistable%22%3A%7B%7D%7D%2C%22BlendMode%22%3A%7B%22ComponentWithTrait%22%3A%7B%7D%2C%22Persistable%22%3A%7B%7D%7D%2C%22CanvasColor%22%3A%7B%22ComponentWithTrait%22%3A%7B%7D%2C%22Persistable%22%3A%7B%7D%7D%2C%22ContentCredentialsMetadata%22%3A%7B%22ComponentWithTrait%22%3A%7B%7D%2C%22Persistable%22%3A%7B%7D%7D%2C%22LinkedAssetMetadata%22%3A%7B%22ComponentWithTrait%22%3A%7B%7D%2C%22Persistable%22%3A%7B%7D%7D%2C%22EllipseGeometry%22%3A%7B%22ComponentWithTrait%22%3A%7B%7D%2C%22Persistable%22%3A%7B%7D%7D%2C%22FillChildOf%22%3A%7B%22ComponentWithTrait%22%3A%7B%7D%2C%22Persistable%22%3A%7B%7D%2C%22ChildOf%22%3A%7B%7D%7D%2C%22FillColor%22%3A%7B%22ComponentWithTrait%22%3A%7B%7D%2C%22Persistable%22%3A%7B%7D%2C%22IsColor%22%3A%7B%7D%7D%2C%22FillTransform%22%3A%7B%22ComponentWithTrait%22%3A%7B%7D%2C%22Persistable%22%3A%7B%7D%7D%2C%22FillType%22%3A%7B%22ComponentWithTrait%22%3A%7B%7D%2C%22Persistable%22%3A%7B%7D%7D%2C%22ImageSaliencyMetadata%22%3A%7B%22ComponentWithTrait%22%3A%7B%7D%2C%22Persistable%22%3A%7B%7D%7D%2C%22InvisibleBoundingBox%22%3A%7B%22ComponentWithTrait%22%3A%7B%7D%2C%22Persistable%22%3A%7B%7D%7D%2C%22IsCropGroup%22%3A%7B%22ComponentWithTrait%22%3A%7B%7D%2C%22Persistable%22%3A%7B%7D%7D%2C%22LineGeometry%22%3A%7B%22ComponentWithTrait%22%3A%7B%7D%2C%22Persistable%22%3A%7B%7D%7D%2C%22MarkedForImport%22%3A%7B%22ComponentWithTrait%22%3A%7B%7D%2C%22Persistable%22%3A%7B%7D%7D%2C%22ObjectFit%22%3A%7B%22ComponentWithTrait%22%3A%7B%7D%2C%22Persistable%22%3A%7B%7D%7D%2C%22OriginalResourceRef%22%3A%7B%22ComponentWithTrait%22%3A%7B%7D%2C%22Persistable%22%3A%7B%7D%7D%2C%22PixelInformation%22%3A%7B%22ComponentWithTrait%22%3A%7B%7D%2C%22Persistable%22%3A%7B%7D%7D%2C%22RectangleCornerRadii%22%3A%7B%22ComponentWithTrait%22%3A%7B%7D%2C%22Persistable%22%3A%7B%7D%7D%2C%22RectangleGeometry%22%3A%7B%22ComponentWithTrait%22%3A%7B%7D%2C%22Persistable%22%3A%7B%7D%7D%2C%22ResourceAvailability%22%3A%7B%22ComponentWithTrait%22%3A%7B%7D%2C%22Persistable%22%3A%7B%7D%7D%2C%22ResourceHasCaiData%22%3A%7B%22ComponentWithTrait%22%3A%7B%7D%2C%22Persistable%22%3A%7B%7D%7D%2C%22ResourceChildOf%22%3A%7B%22ComponentWithTrait%22%3A%7B%7D%2C%22Persistable%22%3A%7B%7D%2C%22ChildOf%22%3A%7B%7D%7D%2C%22ResourceCollectionChildOf%22%3A%7B%22ComponentWithTrait%22%3A%7B%7D%2C%22Persistable%22%3A%7B%7D%2C%22ChildOf%22%3A%7B%7D%2C%22WeakChildOf%22%3A%7B%7D%7D%2C%22ResourceCollectionInfo%22%3A%7B%22ComponentWithTrait%22%3A%7B%7D%2C%22Persistable%22%3A%7B%7D%7D%2C%22ResourceCollectionOriginalContentHashSHA1%22%3A%7B%22ComponentWithTrait%22%3A%7B%7D%2C%22Persistable%22%3A%7B%7D%7D%2C%22ResourceCollectionOriginalFileName%22%3A%7B%22ComponentWithTrait%22%3A%7B%7D%2C%22Persistable%22%3A%7B%7D%7D%2C%22ResourceCollectionOriginalMimeType%22%3A%7B%22ComponentWithTrait%22%3A%7B%7D%2C%22Persistable%22%3A%7B%7D%7D%2C%22ResourceCollectionOriginalResourceSize%22%3A%7B%22ComponentWithTrait%22%3A%7B%7D%2C%22Persistable%22%3A%7B%7D%7D%2C%22ResourceDimensions%22%3A%7B%22ComponentWithTrait%22%3A%7B%7D%2C%22Persistable%22%3A%7B%7D%7D%2C%22ResourceInfo%22%3A%7B%22ComponentWithTrait%22%3A%7B%7D%2C%22Persistable%22%3A%7B%7D%7D%2C%22ResourceNeedsPublishing%22%3A%7B%22ComponentWithTrait%22%3A%7B%7D%2C%22Persistable%22%3A%7B%7D%7D%2C%22ResourcePreferredPixelFormat%22%3A%7B%22ComponentWithTrait%22%3A%7B%7D%2C%22Persistable%22%3A%7B%7D%7D%2C%22ResourceUrl%22%3A%7B%22ComponentWithTrait%22%3A%7B%7D%2C%22Persistable%22%3A%7B%7D%7D%2C%22SceneNodeAspectLock%22%3A%7B%22ComponentWithTrait%22%3A%7B%7D%2C%22Persistable%22%3A%7B%7D%7D%2C%22SceneNodeChildOf%22%3A%7B%22ComponentWithTrait%22%3A%7B%7D%2C%22Persistable%22%3A%7B%7D%2C%22ChildOf%22%3A%7B%7D%7D%2C%22SceneNodeLockCurrent%22%3A%7B%22ComponentWithTrait%22%3A%7B%7D%2C%22Persistable%22%3A%7B%7D%2C%22AffectsEditabilityTrait%22%3A%7B%7D%7D%2C%22SceneNodeLockMinimum%22%3A%7B%22ComponentWithTrait%22%3A%7B%7D%2C%22Persistable%22%3A%7B%7D%7D%2C%22SceneNodeName%22%3A%7B%22ComponentWithTrait%22%3A%7B%7D%2C%22Persistable%22%3A%7B%7D%7D%2C%22SceneNodeOpacity%22%3A%7B%22ComponentWithTrait%22%3A%7B%7D%2C%22Persistable%22%3A%7B%7D%7D%2C%22SceneNodeTransform%22%3A%7B%22ComponentWithTrait%22%3A%7B%7D%2C%22Persistable%22%3A%7B%7D%7D%2C%22SceneNodeType%22%3A%7B%22ComponentWithTrait%22%3A%7B%7D%2C%22Persistable%22%3A%7B%7D%7D%2C%22slot%22%3A%7B%22ComponentWithTrait%22%3A%7B%7D%2C%22Persistable%22%3A%7B%7D%7D%2C%22StrokeCap%22%3A%7B%22ComponentWithTrait%22%3A%7B%7D%2C%22Persistable%22%3A%7B%7D%7D%2C%22StrokeChildOf%22%3A%7B%22ComponentWithTrait%22%3A%7B%7D%2C%22Persistable%22%3A%7B%7D%2C%22ChildOf%22%3A%7B%7D%7D%2C%22StrokeColor%22%3A%7B%22ComponentWithTrait%22%3A%7B%7D%2C%22Persistable%22%3A%7B%7D%2C%22IsColor%22%3A%7B%7D%7D%2C%22StrokeDashGeometry%22%3A%7B%22ComponentWithTrait%22%3A%7B%7D%2C%22Persistable%22%3A%7B%7D%7D%2C%22StrokeJoin%22%3A%7B%22ComponentWithTrait%22%3A%7B%7D%2C%22Persistable%22%3A%7B%7D%7D%2C%22StrokeMiter%22%3A%7B%22ComponentWithTrait%22%3A%7B%7D%2C%22Persistable%22%3A%7B%7D%7D%2C%22StrokePosition%22%3A%7B%22ComponentWithTrait%22%3A%7B%7D%2C%22Persistable%22%3A%7B%7D%7D%2C%22StrokeType%22%3A%7B%22ComponentWithTrait%22%3A%7B%7D%2C%22Persistable%22%3A%7B%7D%7D%2C%22StrokeWidth%22%3A%7B%22ComponentWithTrait%22%3A%7B%7D%2C%22Persistable%22%3A%7B%7D%7D%2C%22SourceAssetIdentifier%22%3A%7B%22ComponentWithTrait%22%3A%7B%7D%2C%22Persistable%22%3A%7B%7D%7D%2C%22TimingInfo%22%3A%7B%22ComponentWithTrait%22%3A%7B%7D%2C%22Persistable%22%3A%7B%7D%7D%2C%22VisibleBoundingBox%22%3A%7B%22ComponentWithTrait%22%3A%7B%7D%2C%22Persistable%22%3A%7B%7D%7D%2C%22XMPMetadata%22%3A%7B%22ComponentWithTrait%22%3A%7B%7D%2C%22Persistable%22%3A%7B%7D%7D%2C%22BatchCreateDataMapping%22%3A%7B%22ComponentWithTrait%22%3A%7B%7D%2C%22Persistable%22%3A%7B%7D%7D%2C%22SceneNodeAncestorLockState%22%3A%7B%22ComponentWithTrait%22%3A%7B%7D%2C%22AffectsEditabilityTrait%22%3A%7B%7D%7D%2C%22%23decoration%22%3A%7B%22NonPersistable%22%3A%7B%7D%7D%2C%22%23canvas%22%3A%7B%22NonPersistable%22%3A%7B%7D%7D%2C%22%23effects%22%3A%7B%22NonPersistable%22%3A%7B%7D%7D%2C%22ResourceIsUploading%22%3A%7B%22ComponentWithTrait%22%3A%7B%7D%2C%22PendingSave%22%3A%7B%7D%7D%2C%22ResourceCollectionIsStoringInIDB%22%3A%7B%22ComponentWithTrait%22%3A%7B%7D%2C%22PendingSave%22%3A%7B%7D%7D%2C%229e07a919-66b8-448b-b039-b189a5e0a8c0%22%3A%7B%22SceneNodeTransform%22%3A%7B%22x%22%3A72.25552368164062%2C%22y%22%3A397.1129455566406%2C%22rotation%22%3A0%2C%22scaleX%22%3A1.3333333333333333%2C%22scaleY%22%3A1.3333333333333333%7D%2C%22SceneNodeType%22%3A%7B%22type%22%3A%22Text%22%7D%2C%22TextType%22%3A%7B%22allowMultiframe%22%3Afalse%7D%2C%22TextAlignment%22%3A%7B%22alignment%22%3A3%7D%2C%22TextGeometry%22%3A%7B%22type%22%3A2%2C%22damaged%22%3Atrue%2C%22width%22%3A696.5587768554688%2C%22height%22%3A117.30228424072266%2C%22baselineOffset%22%3A0%7D%2C%22TextModel%22%3A%7B%22text%22%3A%22Realizar%20una%20caracterizaci%C3%B3n%20social%20de%20la%20poblaci%C3%B3n%20de%20Primera%20Infancia%2C%20Ni%C3%B1ez%20y%20Adolescencia%20(PINA)%2C%20con%20%C3%A9nfasis%20en%20ni%C3%B1as%20y%20mujeres%20adolescentes%2C%20en%20el%20territorio%20de%20San%20Salvador%20Centro%2C%20a%20trav%C3%A9s%20del%20an%C3%A1lisis%20de%20sus%20condiciones%20de%20vida%20y%20el%20mapeo%20de%20los%20servicios%20existentes%20que%20atienden%20sus%20necesidades.%22%2C%22styles%22%3A%7B%22ranges%22%3A%5B%7B%22charStyle%22%3A%7B%22assigned%22%3A493%2C%22font%22%3A%7B%22source%22%3A%22AF%22%2C%22id%22%3A%22TkD-37517-fb19b0dd9887163cd91fdcbbb35f8ef72c9fde85%22%2C%22postscriptName%22%3A%22Poppins-MediumItalic%22%2C%22family%22%3A%22Poppins%22%2C%22style%22%3A%22Medium%20Italic%22%7D%2C%22originalFont%22%3A%7B%22source%22%3A%22AF%22%2C%22id%22%3A%22TkD-37517-fb19b0dd9887163cd91fdcbbb35f8ef72c9fde85%22%2C%22postscriptName%22%3A%22Poppins-MediumItalic%22%2C%22family%22%3A%22Poppins%22%2C%22style%22%3A%22Medium%20Italic%22%7D%2C%22fontSize%22%3A19.555313110351562%2C%22color%22%3A%7B%22a%22%3A1%2C%22r%22%3A0%2C%22g%22%3A0%2C%22b%22%3A0%7D%2C%22strikethrough%22%3Afalse%2C%22tracking%22%3A0%2C%22underline%22%3Afalse%2C%22features%22%3A%5B%5D%2C%22textScript%22%3A0%7D%2C%22length%22%3A305%7D%5D%2C%22paragraphs%22%3A%5B%7B%22style%22%3A%7B%22leading%22%3A%7B%22amount%22%3A1.2000000476837158%2C%22type%22%3A1%7D%2C%22listStyle%22%3A%7B%22listId%22%3A%22%22%2C%22listLevel%22%3A0%7D%2C%22direction%22%3A0%2C%22spaceAfter%22%3A0%2C%22spaceBefore%22%3A0%2C%22assigned%22%3A14%7D%2C%22length%22%3A305%7D%5D%2C%22listStyles%22%3A%5B%5D%7D%2C%22objectStyle%22%3A%7B%22languageLayoutProfile%22%3A%7B%22name%22%3A%22langDefault%22%2C%22version%22%3A1%7D%7D%7D%2C%22TextDefaultValueChanged%22%3A%7B%7D%2C%22TextForwardReferencesMap%22%3A%7B%22entityIdMapping%22%3A%7B%7D%7D%2C%22ArtboardRelativeSceneNodeTransform%22%3A%7B%22x%22%3A72.25552368164062%2C%22y%22%3A397.1129455566406%2C%22rotation%22%3A0%7D%2C%22CopyPastePixelInformation%22%3A%7B%22density%22%3A96%7D%7D%7D%2C%22version%22%3A363%2C%22draftDocumentModels%22%3A%22%22%7D%2C%22entityIds%22%3A%5B%229e07a919-66b8-448b-b039-b189a5e0a8c0%22%5D%7D%2C%22metadata%22%3A%7B%22sourceContext%22%3A%22095fda39-92da-4e00-a394-e461a30c6941%22%7D%7D(\/Adobe)--&gt;\" style=\"caret-color: #000000; color: #000000; font-style: normal; font-variant-caps: normal; font-weight: 400; letter-spacing: normal; orphans: auto; text-align: start; text-indent: 0px; text-transform: none; white-space: normal; widows: auto; word-spacing: 0px; -webkit-text-stroke-width: 0px; text-decoration: none;\">Realizar una caracterizaci\u00f3n social de la poblaci\u00f3n de Primera Infancia, Ni\u00f1ez y Adolescencia (PINA), con \u00e9nfasis en ni\u00f1as y mujeres adolescentes, en el territorio de San Salvador Centro, a trav\u00e9s del an\u00e1lisis de sus condiciones de vida y el mapeo de los servicios existentes que atienden sus necesidades.<\/span><\/p>\n<\/div>\n<div style=\"margin: 0px; white-space: pre-wrap; font-family: 'Segoe UI Historic','Segoe UI',Helvetica,Arial,sans-serif; color: #050505; font-size: 15px;\">\n<h5 dir=\"auto\" style=\"font-family: inherit; text-align: justify;\"><strong>Fecha l\u00edmite para aplicar: 14 de noviembre de 2025<\/strong><\/h5>\n<\/div>\n<div dir=\"auto\" style=\"font-family: inherit;\">\n<div style=\"margin: 0.5em 0px 0px; white-space: pre-wrap; font-family: 'Segoe UI Historic','Segoe UI',Helvetica,Arial,sans-serif; color: #050505; font-size: 15px;\">\n<h5 dir=\"auto\" style=\"font-family: inherit; text-align: justify;\"><span style=\"width: 16px; display: inline-flex; margin: 0px 1px; height: 16px; vertical-align: middle; font-family: inherit;\"><img decoding=\"async\" alt=\"?\" data-src=\"https:\/\/ci3.googleusercontent.com\/proxy\/ESYUBUbLs1HbWJwujntrX3JHI2iupCPEe8RykMZXhlcYZxzVUq4CwBs_rIdl7HdIS4dlFYJ2FIF8-Fs5RHNJxqX8wPncT77fcSVVOJ3nBApCq5Y6aQ=s0-d-e1-ft#https:\/\/static.xx.fbcdn.net\/images\/emoji.php\/v9\/tb3\/1\/16\/1f517.png\" style=\"--smush-placeholder-width: 16px; --smush-placeholder-aspect-ratio: 16\/16;border: 0px;\" class=\"CToWUd lazyload\" data-bit=\"iit\" width=\"16\" height=\"16\" src=\"data:image\/svg+xml;base64,PHN2ZyB3aWR0aD0iMSIgaGVpZ2h0PSIxIiB4bWxucz0iaHR0cDovL3d3dy53My5vcmcvMjAwMC9zdmciPjwvc3ZnPg==\" \/><\/span>Para conocer m\u00e1s sobre la plaza, descarga los T\u00e9rminos de Referencia<\/h5>\n<\/div>\n<p><span color=\"#000000\" face=\"Open Sans, Arial, sans-serif\" style=\"color: #000000; font-family: 'Open Sans', Arial, sans-serif;\"><span style=\"font-size: 18px; font-weight: 500;\"><\/span><\/span><\/p>\n<\/div>[\/et_pb_text][et_pb_button button_url=\u00bbhttps:\/\/drive.google.com\/file\/d\/1MRrxCbhA8xWJj7drOEeMbCRFC1r3PdQI\/view?usp=sharing\u00bb button_text=\u00bbDescarga\u00bb _builder_version=\u00bb4.27.4&#8243; _module_preset=\u00bbdefault\u00bb custom_margin=\u00bb-129px|43px|27px|||\u00bb hover_enabled=\u00bb0&#8243; global_colors_info=\u00bb{}\u00bb sticky_enabled=\u00bb0&#8243;][\/et_pb_button][\/et_pb_column][et_pb_column type=\u00bb1_2&#8243; _builder_version=\u00bb4.16&#8243; custom_padding=\u00bb|||\u00bb global_colors_info=\u00bb{}\u00bb custom_padding__hover=\u00bb|||\u00bb][et_pb_image src=\u00bbhttps:\/\/sspas.org.sv\/sspas\/wp-content\/uploads\/2025\/07\/Sin-titulo-31.jpg\u00bb title_text=\u00bbSin t\u00edtulo-3(1)\u00bb url=\u00bbhttps:\/\/drive.google.com\/file\/d\/1MRrxCbhA8xWJj7drOEeMbCRFC1r3PdQI\/view?usp=sharing\u00bb url_new_window=\u00bbon\u00bb _builder_version=\u00bb4.27.4&#8243; _module_preset=\u00bbdefault\u00bb hover_enabled=\u00bb0&#8243; global_colors_info=\u00bb{}\u00bb sticky_enabled=\u00bb0&#8243;][\/et_pb_image][\/et_pb_column][\/et_pb_row][\/et_pb_section][et_pb_section fb_built=\u00bb1&#8243; admin_label=\u00bbBrands\u00bb _builder_version=\u00bb4.16&#8243; custom_padding=\u00bb0px||0px|||\u00bb global_colors_info=\u00bb{}\u00bb][\/et_pb_section][et_pb_section fb_built=\u00bb1&#8243; admin_label=\u00bbProducts\u00bb _builder_version=\u00bb4.16&#8243; custom_margin=\u00bb40px||40px||true\u00bb custom_padding=\u00bb0px||1px|||\u00bb border_color_all=\u00bb#6eb632&#8243; border_width_left=\u00bb10px\u00bb locked=\u00bboff\u00bb global_colors_info=\u00bb{}\u00bb][et_pb_row column_structure=\u00bb3_5,2_5&#8243; _builder_version=\u00bb4.16&#8243; global_colors_info=\u00bb{}\u00bb][et_pb_column type=\u00bb3_5&#8243; _builder_version=\u00bb4.16&#8243; custom_padding=\u00bb|||\u00bb global_colors_info=\u00bb{}\u00bb custom_padding__hover=\u00bb|||\u00bb][et_pb_image src=\u00bbhttps:\/\/sspas.org.sv\/sspas\/wp-content\/uploads\/2019\/08\/author-icon-05-4.png\u00bb _builder_version=\u00bb4.16&#8243; custom_padding=\u00bb||61px|||\u00bb animation_direction=\u00bbbottom\u00bb always_center_on_mobile=\u00bboff\u00bb global_colors_info=\u00bb{}\u00bb][\/et_pb_image][et_pb_text _builder_version=\u00bb4.16&#8243; header_font=\u00bb||||||||\u00bb header_2_font=\u00bbMontserrat|800||on|||||\u00bb header_2_text_color=\u00bb#000000&#8243; header_2_font_size=\u00bb60px\u00bb header_2_line_height=\u00bb1.2em\u00bb module_alignment=\u00bbright\u00bb header_2_font_size_tablet=\u00bb40px\u00bb header_2_font_size_phone=\u00bb25px\u00bb header_2_font_size_last_edited=\u00bbon|desktop\u00bb locked=\u00bboff\u00bb global_colors_info=\u00bb{}\u00bb]<h2>publicaciones<\/h2>[\/et_pb_text][\/et_pb_column][et_pb_column type=\u00bb2_5&#8243; _builder_version=\u00bb4.16&#8243; custom_padding=\u00bb70px|||\u00bb custom_padding_tablet=\u00bb0px|||\u00bb custom_padding_phone=\u00bb\u00bb custom_padding_last_edited=\u00bbon|tablet\u00bb global_colors_info=\u00bb{}\u00bb custom_padding__hover=\u00bb|||\u00bb][et_pb_button button_text=\u00bbVer m\u00e1s\u00bb button_alignment=\u00bbright\u00bb _builder_version=\u00bb4.16&#8243; background_layout=\u00bbdark\u00bb custom_padding=\u00bb14px|40px|14px|40px|true|true\u00bb locked=\u00bboff\u00bb global_colors_info=\u00bb{}\u00bb button_text_color__hover=\u00bb#000000&#8243; button_text_color__hover_enabled=\u00bbon\u00bb button_bg_color__hover=\u00bb#31d190&#8243;][\/et_pb_button][\/et_pb_column][\/et_pb_row][et_pb_row _builder_version=\u00bb4.16&#8243; global_colors_info=\u00bb{}\u00bb][et_pb_column type=\u00bb4_4&#8243; _builder_version=\u00bb4.16&#8243; custom_padding=\u00bb|||\u00bb global_colors_info=\u00bb{}\u00bb custom_padding__hover=\u00bb|||\u00bb][et_pb_filterable_portfolio fullwidth=\u00bboff\u00bb include_categories=\u00bb11,10,9,8&#8243; _builder_version=\u00bb4.16&#8243; global_colors_info=\u00bb{}\u00bb][\/et_pb_filterable_portfolio][\/et_pb_column][\/et_pb_row][\/et_pb_section][et_pb_section fb_built=\u00bb1&#8243; admin_label=\u00bbCall To Action\u00bb _builder_version=\u00bb4.16&#8243; background_color=\u00bb#243061&#8243; transform_translate=\u00bb-10px|0px\u00bb transform_translate_linked=\u00bboff\u00bb width=\u00bb93%\u00bb module_alignment=\u00bbright\u00bb custom_margin=\u00bb||10vw|||\u00bb custom_margin_tablet=\u00bb||20vw|\u00bb custom_margin_phone=\u00bb\u00bb custom_margin_last_edited=\u00bbon|phone\u00bb border_color_all=\u00bb#000000&#8243; border_width_right=\u00bb6vw\u00bb border_color_right=\u00bb#ffffff\u00bb box_shadow_style=\u00bbpreset4&#8243; box_shadow_vertical=\u00bb0px\u00bb box_shadow_color=\u00bb#000000&#8243; global_colors_info=\u00bb{}\u00bb][et_pb_row column_structure=\u00bb3_5,2_5&#8243; _builder_version=\u00bb4.16&#8243; global_colors_info=\u00bb{}\u00bb][et_pb_column type=\u00bb3_5&#8243; _builder_version=\u00bb4.16&#8243; custom_padding=\u00bb|||\u00bb global_colors_info=\u00bb{}\u00bb custom_padding__hover=\u00bb|||\u00bb][et_pb_image src=\u00bbhttps:\/\/sspas.org.sv\/sspas\/wp-content\/uploads\/2019\/08\/author-icon-03-2.png\u00bb align=\u00bbcenter\u00bb _builder_version=\u00bb4.16&#8243; custom_padding=\u00bb114px|||||\u00bb animation_direction=\u00bbbottom\u00bb always_center_on_mobile=\u00bboff\u00bb global_colors_info=\u00bb{}\u00bb][\/et_pb_image][et_pb_text _builder_version=\u00bb4.16&#8243; text_font=\u00bb||||||||\u00bb text_font_size=\u00bb18px\u00bb text_line_height=\u00bb1.8em\u00bb header_font=\u00bb||||||||\u00bb header_2_font=\u00bbMontserrat|800||on|||||\u00bb header_2_font_size=\u00bb60px\u00bb header_2_line_height=\u00bb1.2em\u00bb header_3_font=\u00bbMontserrat|700|||||||\u00bb header_3_font_size=\u00bb16px\u00bb header_3_line_height=\u00bb1.4em\u00bb text_orientation=\u00bbcenter\u00bb background_layout=\u00bbdark\u00bb module_alignment=\u00bbright\u00bb text_font_size_tablet=\u00bb16px\u00bb text_font_size_phone=\u00bb14px\u00bb text_font_size_last_edited=\u00bbon|phone\u00bb text_line_height_tablet=\u00bb1.8em\u00bb text_line_height_phone=\u00bb1.7em\u00bb text_line_height_last_edited=\u00bboff|phone\u00bb header_2_font_size_tablet=\u00bb40px\u00bb header_2_font_size_phone=\u00bb25px\u00bb header_2_font_size_last_edited=\u00bbon|desktop\u00bb global_colors_info=\u00bb{}\u00bb]<h2>Informe de derechos humanos 2018<\/h2>\n<p>Elaborado por el Observatorio de Derechos Humanos Rufina Amaya<\/p>[\/et_pb_text][et_pb_button button_url=\u00bbhttps:\/\/sspas.org.sv\/sspas\/wp-content\/uploads\/2019\/08\/Informe-de-violaciones-a-DDHH-2018.-SSPAS.pdf\u00bb url_new_window=\u00bbon\u00bb button_text=\u00bbDescargar\u00bb button_alignment=\u00bbcenter\u00bb _builder_version=\u00bb4.16&#8243; custom_button=\u00bbon\u00bb button_text_size=\u00bb16px\u00bb button_text_color=\u00bb#ffffff\u00bb button_bg_color=\u00bbrgba(0,0,0,0)\u00bb button_border_width=\u00bb2px\u00bb button_border_radius=\u00bb0px\u00bb button_font=\u00bbMontserrat|700|||||||\u00bb button_use_icon=\u00bboff\u00bb background_layout=\u00bbdark\u00bb custom_padding=\u00bb16px|38px|16px|38px|true|true\u00bb locked=\u00bboff\u00bb global_colors_info=\u00bb{}\u00bb button_bg_color__hover=\u00bbrgba(255,255,255,0.1)\u00bb button_border_color__hover=\u00bbrgba(0,0,0,0)\u00bb button_text_color__hover=\u00bb#000000&#8243; button_text_color__hover_enabled=\u00bbon\u00bb][\/et_pb_button][\/et_pb_column][et_pb_column type=\u00bb2_5&#8243; _builder_version=\u00bb4.16&#8243; custom_padding=\u00bb|||\u00bb global_colors_info=\u00bb{}\u00bb custom_padding__hover=\u00bb|||\u00bb][et_pb_image src=\u00bbhttps:\/\/sspas.org.sv\/sspas\/wp-content\/uploads\/2019\/08\/Informe-de-violaciones-a-DDHH-2018.-SSPAS_P\u00e1gina_01-1.jpg\u00bb align_tablet=\u00bbcenter\u00bb align_phone=\u00bb\u00bb align_last_edited=\u00bbon|desktop\u00bb _builder_version=\u00bb4.16&#8243; max_width_tablet=\u00bb400px\u00bb max_width_phone=\u00bb\u00bb max_width_last_edited=\u00bbon|desktop\u00bb custom_margin=\u00bb||-180px\u00bb custom_padding=\u00bb|||\u00bb animation_direction=\u00bbbottom\u00bb box_shadow_style=\u00bbpreset3&#8243; box_shadow_vertical=\u00bb40px\u00bb box_shadow_blur=\u00bb80px\u00bb box_shadow_spread=\u00bb-20px\u00bb box_shadow_color=\u00bbrgba(0,0,0,0.8)\u00bb global_colors_info=\u00bb{}\u00bb][\/et_pb_image][\/et_pb_column][\/et_pb_row][\/et_pb_section]\n","protected":false},"excerpt":{"rendered":"<p>Caracterizaci\u00f3n de poblaci\u00f3n de Primera Infancia, Ni\u00f1ez y Adolescencia en San Salvador Centro Objetivo de la consultor\u00eda: Realizar una caracterizaci\u00f3n social de la poblaci\u00f3n de Primera Infancia, Ni\u00f1ez y Adolescencia (PINA), con \u00e9nfasis en ni\u00f1as y mujeres adolescentes, en el territorio de San Salvador Centro, a trav\u00e9s del an\u00e1lisis de sus condiciones de vida y [&hellip;]<\/p>\n","protected":false},"author":3,"featured_media":4641,"comment_status":"open","ping_status":"closed","template":"","meta":{"_et_pb_use_builder":"on","_et_pb_old_content":"","_et_gb_content_width":"","om_disable_all_campaigns":false,"_monsterinsights_skip_tracking":false,"_uf_show_specific_survey":0,"_uf_disable_surveys":false,"footnotes":""},"project_category":[26],"project_tag":[],"class_list":["post-4595","project","type-project","status-publish","has-post-thumbnail","hentry","project_category-consultorias"],"aioseo_notices":[],"aioseo_head":"\n\t\t<!-- All in One SEO 5.0.1 - aioseo.com -->\n\t<meta name=\"description\" content=\"Caracterizaci\u00f3n de poblaci\u00f3n de Primera Infancia, Ni\u00f1ez y Adolescencia en San Salvador Centro Objetivo de la consultor\u00eda: Realizar una caracterizaci\u00f3n social de la poblaci\u00f3n de Primera Infancia, Ni\u00f1ez y Adolescencia (PINA), con \u00e9nfasis en ni\u00f1as y mujeres adolescentes, en el territorio de San Salvador Centro, a trav\u00e9s del an\u00e1lisis de sus condiciones de vida y\" \/>\n\t<meta name=\"robots\" content=\"max-image-preview:large\" \/>\n\t<meta name=\"author\" content=\"Comunicaciones SSPAS\"\/>\n\t<link rel=\"canonical\" href=\"https:\/\/sspas.org.sv\/sspas\/project\/caracterizacion-ninez-adolescencia\/\" \/>\n\t<meta name=\"generator\" content=\"All in One SEO (AIOSEO) 5.0.1\" \/>\n\t\t<meta property=\"og:locale\" content=\"es_ES\" \/>\n\t\t<meta property=\"og:site_name\" content=\"SSPAS - Servicio Social Pasionista\" \/>\n\t\t<meta property=\"og:type\" content=\"article\" \/>\n\t\t<meta property=\"og:title\" content=\"Caracterizaci\u00f3n de poblaci\u00f3n de Primera Infancia, Ni\u00f1ez y Adolescencia en San Salvador Centro - SSPAS\" \/>\n\t\t<meta property=\"og:description\" content=\"Caracterizaci\u00f3n de poblaci\u00f3n de Primera Infancia, Ni\u00f1ez y Adolescencia en San Salvador Centro Objetivo de la consultor\u00eda: Realizar una caracterizaci\u00f3n social de la poblaci\u00f3n de Primera Infancia, Ni\u00f1ez y Adolescencia (PINA), con \u00e9nfasis en ni\u00f1as y mujeres adolescentes, en el territorio de San Salvador Centro, a trav\u00e9s del an\u00e1lisis de sus condiciones de vida y\" \/>\n\t\t<meta property=\"og:url\" content=\"https:\/\/sspas.org.sv\/sspas\/project\/caracterizacion-ninez-adolescencia\/\" \/>\n\t\t<meta property=\"article:published_time\" content=\"2025-07-11T18:35:00+00:00\" \/>\n\t\t<meta property=\"article:modified_time\" content=\"2025-11-04T14:35:09+00:00\" \/>\n\t\t<meta name=\"twitter:card\" content=\"summary_large_image\" \/>\n\t\t<meta name=\"twitter:title\" content=\"Caracterizaci\u00f3n de poblaci\u00f3n de Primera Infancia, Ni\u00f1ez y Adolescencia en San Salvador Centro - SSPAS\" \/>\n\t\t<meta name=\"twitter:description\" content=\"Caracterizaci\u00f3n de poblaci\u00f3n de Primera Infancia, Ni\u00f1ez y Adolescencia en San Salvador Centro Objetivo de la consultor\u00eda: Realizar una caracterizaci\u00f3n social de la poblaci\u00f3n de Primera Infancia, Ni\u00f1ez y Adolescencia (PINA), con \u00e9nfasis en ni\u00f1as y mujeres adolescentes, en el territorio de San Salvador Centro, a trav\u00e9s del an\u00e1lisis de sus condiciones de vida y\" \/>\n\t\t<script type=\"application\/ld+json\" class=\"aioseo-schema\">\n\t\t\t{\"@context\":\"https:\\\/\\\/schema.org\",\"@graph\":[{\"@type\":\"BreadcrumbList\",\"@id\":\"https:\\\/\\\/sspas.org.sv\\\/sspas\\\/project\\\/caracterizacion-ninez-adolescencia\\\/#breadcrumblist\",\"itemListElement\":[{\"@type\":\"ListItem\",\"@id\":\"https:\\\/\\\/sspas.org.sv\\\/sspas#listItem\",\"position\":1,\"name\":\"Home\",\"item\":\"https:\\\/\\\/sspas.org.sv\\\/sspas\",\"nextItem\":{\"@type\":\"ListItem\",\"@id\":\"https:\\\/\\\/sspas.org.sv\\\/sspas\\\/project\\\/#listItem\",\"name\":\"Proyectos\"}},{\"@type\":\"ListItem\",\"@id\":\"https:\\\/\\\/sspas.org.sv\\\/sspas\\\/project\\\/#listItem\",\"position\":2,\"name\":\"Proyectos\",\"item\":\"https:\\\/\\\/sspas.org.sv\\\/sspas\\\/project\\\/\",\"nextItem\":{\"@type\":\"ListItem\",\"@id\":\"https:\\\/\\\/sspas.org.sv\\\/sspas\\\/project_category\\\/consultorias\\\/#listItem\",\"name\":\"Consultor\\u00edas\"},\"previousItem\":{\"@type\":\"ListItem\",\"@id\":\"https:\\\/\\\/sspas.org.sv\\\/sspas#listItem\",\"name\":\"Home\"}},{\"@type\":\"ListItem\",\"@id\":\"https:\\\/\\\/sspas.org.sv\\\/sspas\\\/project_category\\\/consultorias\\\/#listItem\",\"position\":3,\"name\":\"Consultor\\u00edas\",\"item\":\"https:\\\/\\\/sspas.org.sv\\\/sspas\\\/project_category\\\/consultorias\\\/\",\"nextItem\":{\"@type\":\"ListItem\",\"@id\":\"https:\\\/\\\/sspas.org.sv\\\/sspas\\\/project\\\/caracterizacion-ninez-adolescencia\\\/#listItem\",\"name\":\"Caracterizaci\\u00f3n de poblaci\\u00f3n de Primera Infancia, Ni\\u00f1ez y Adolescencia en San Salvador Centro\"},\"previousItem\":{\"@type\":\"ListItem\",\"@id\":\"https:\\\/\\\/sspas.org.sv\\\/sspas\\\/project\\\/#listItem\",\"name\":\"Proyectos\"}},{\"@type\":\"ListItem\",\"@id\":\"https:\\\/\\\/sspas.org.sv\\\/sspas\\\/project\\\/caracterizacion-ninez-adolescencia\\\/#listItem\",\"position\":4,\"name\":\"Caracterizaci\\u00f3n de poblaci\\u00f3n de Primera Infancia, Ni\\u00f1ez y Adolescencia en San Salvador Centro\",\"previousItem\":{\"@type\":\"ListItem\",\"@id\":\"https:\\\/\\\/sspas.org.sv\\\/sspas\\\/project_category\\\/consultorias\\\/#listItem\",\"name\":\"Consultor\\u00edas\"}}]},{\"@type\":\"Organization\",\"@id\":\"https:\\\/\\\/sspas.org.sv\\\/sspas\\\/#organization\",\"name\":\"SSPAS\",\"description\":\"Servicio Social Pasionista\",\"url\":\"https:\\\/\\\/sspas.org.sv\\\/sspas\\\/\"},{\"@type\":\"Person\",\"@id\":\"https:\\\/\\\/sspas.org.sv\\\/sspas\\\/author\\\/comunicacionessspas\\\/#author\",\"url\":\"https:\\\/\\\/sspas.org.sv\\\/sspas\\\/author\\\/comunicacionessspas\\\/\",\"name\":\"Comunicaciones SSPAS\",\"image\":{\"@type\":\"ImageObject\",\"@id\":\"https:\\\/\\\/sspas.org.sv\\\/sspas\\\/project\\\/caracterizacion-ninez-adolescencia\\\/#authorImage\",\"url\":\"https:\\\/\\\/secure.gravatar.com\\\/avatar\\\/ebc62ff355820178f4e3c3028e8ddafe7d70da1675fea87db692379473578c4b?s=96&d=mm&r=g\",\"width\":96,\"height\":96,\"caption\":\"Comunicaciones SSPAS\"}},{\"@type\":\"WebPage\",\"@id\":\"https:\\\/\\\/sspas.org.sv\\\/sspas\\\/project\\\/caracterizacion-ninez-adolescencia\\\/#webpage\",\"url\":\"https:\\\/\\\/sspas.org.sv\\\/sspas\\\/project\\\/caracterizacion-ninez-adolescencia\\\/\",\"name\":\"Caracterizaci\\u00f3n de poblaci\\u00f3n de Primera Infancia, Ni\\u00f1ez y Adolescencia en San Salvador Centro - SSPAS\",\"description\":\"Caracterizaci\\u00f3n de poblaci\\u00f3n de Primera Infancia, Ni\\u00f1ez y Adolescencia en San Salvador Centro Objetivo de la consultor\\u00eda: Realizar una caracterizaci\\u00f3n social de la poblaci\\u00f3n de Primera Infancia, Ni\\u00f1ez y Adolescencia (PINA), con \\u00e9nfasis en ni\\u00f1as y mujeres adolescentes, en el territorio de San Salvador Centro, a trav\\u00e9s del an\\u00e1lisis de sus condiciones de vida y\",\"inLanguage\":\"es-ES\",\"isPartOf\":{\"@id\":\"https:\\\/\\\/sspas.org.sv\\\/sspas\\\/#website\"},\"breadcrumb\":{\"@id\":\"https:\\\/\\\/sspas.org.sv\\\/sspas\\\/project\\\/caracterizacion-ninez-adolescencia\\\/#breadcrumblist\"},\"author\":{\"@id\":\"https:\\\/\\\/sspas.org.sv\\\/sspas\\\/author\\\/comunicacionessspas\\\/#author\"},\"creator\":{\"@id\":\"https:\\\/\\\/sspas.org.sv\\\/sspas\\\/author\\\/comunicacionessspas\\\/#author\"},\"image\":{\"@type\":\"ImageObject\",\"url\":\"https:\\\/\\\/sspas.org.sv\\\/sspas\\\/wp-content\\\/uploads\\\/2025\\\/07\\\/Sin-titulo-31.jpg\",\"@id\":\"https:\\\/\\\/sspas.org.sv\\\/sspas\\\/project\\\/caracterizacion-ninez-adolescencia\\\/#mainImage\",\"width\":1080,\"height\":1350},\"primaryImageOfPage\":{\"@id\":\"https:\\\/\\\/sspas.org.sv\\\/sspas\\\/project\\\/caracterizacion-ninez-adolescencia\\\/#mainImage\"},\"datePublished\":\"2025-07-11T18:35:00+00:00\",\"dateModified\":\"2025-11-04T14:35:09+00:00\"},{\"@type\":\"WebSite\",\"@id\":\"https:\\\/\\\/sspas.org.sv\\\/sspas\\\/#website\",\"url\":\"https:\\\/\\\/sspas.org.sv\\\/sspas\\\/\",\"name\":\"SSPAS\",\"description\":\"Servicio Social Pasionista\",\"inLanguage\":\"es-ES\",\"publisher\":{\"@id\":\"https:\\\/\\\/sspas.org.sv\\\/sspas\\\/#organization\"}}]}\n\t\t<\/script>\n\t\t<!-- All in One SEO -->\n\n","aioseo_head_json":{"title":"Caracterizaci\u00f3n de poblaci\u00f3n de Primera Infancia, Ni\u00f1ez y Adolescencia en San Salvador Centro - SSPAS","description":"Caracterizaci\u00f3n de poblaci\u00f3n de Primera Infancia, Ni\u00f1ez y Adolescencia en San Salvador Centro Objetivo de la consultor\u00eda: Realizar una caracterizaci\u00f3n social de la poblaci\u00f3n de Primera Infancia, Ni\u00f1ez y Adolescencia (PINA), con \u00e9nfasis en ni\u00f1as y mujeres adolescentes, en el territorio de San Salvador Centro, a trav\u00e9s del an\u00e1lisis de sus condiciones de vida y","canonical_url":"https:\/\/sspas.org.sv\/sspas\/project\/caracterizacion-ninez-adolescencia\/","robots":"max-image-preview:large","keywords":"","webmasterTools":{"miscellaneous":""},"schema":{"@context":"https:\/\/schema.org","@graph":[{"@type":"BreadcrumbList","@id":"https:\/\/sspas.org.sv\/sspas\/project\/caracterizacion-ninez-adolescencia\/#breadcrumblist","itemListElement":[{"@type":"ListItem","@id":"https:\/\/sspas.org.sv\/sspas#listItem","position":1,"name":"Home","item":"https:\/\/sspas.org.sv\/sspas","nextItem":{"@type":"ListItem","@id":"https:\/\/sspas.org.sv\/sspas\/project\/#listItem","name":"Proyectos"}},{"@type":"ListItem","@id":"https:\/\/sspas.org.sv\/sspas\/project\/#listItem","position":2,"name":"Proyectos","item":"https:\/\/sspas.org.sv\/sspas\/project\/","nextItem":{"@type":"ListItem","@id":"https:\/\/sspas.org.sv\/sspas\/project_category\/consultorias\/#listItem","name":"Consultor\u00edas"},"previousItem":{"@type":"ListItem","@id":"https:\/\/sspas.org.sv\/sspas#listItem","name":"Home"}},{"@type":"ListItem","@id":"https:\/\/sspas.org.sv\/sspas\/project_category\/consultorias\/#listItem","position":3,"name":"Consultor\u00edas","item":"https:\/\/sspas.org.sv\/sspas\/project_category\/consultorias\/","nextItem":{"@type":"ListItem","@id":"https:\/\/sspas.org.sv\/sspas\/project\/caracterizacion-ninez-adolescencia\/#listItem","name":"Caracterizaci\u00f3n de poblaci\u00f3n de Primera Infancia, Ni\u00f1ez y Adolescencia en San Salvador Centro"},"previousItem":{"@type":"ListItem","@id":"https:\/\/sspas.org.sv\/sspas\/project\/#listItem","name":"Proyectos"}},{"@type":"ListItem","@id":"https:\/\/sspas.org.sv\/sspas\/project\/caracterizacion-ninez-adolescencia\/#listItem","position":4,"name":"Caracterizaci\u00f3n de poblaci\u00f3n de Primera Infancia, Ni\u00f1ez y Adolescencia en San Salvador Centro","previousItem":{"@type":"ListItem","@id":"https:\/\/sspas.org.sv\/sspas\/project_category\/consultorias\/#listItem","name":"Consultor\u00edas"}}]},{"@type":"Organization","@id":"https:\/\/sspas.org.sv\/sspas\/#organization","name":"SSPAS","description":"Servicio Social Pasionista","url":"https:\/\/sspas.org.sv\/sspas\/"},{"@type":"Person","@id":"https:\/\/sspas.org.sv\/sspas\/author\/comunicacionessspas\/#author","url":"https:\/\/sspas.org.sv\/sspas\/author\/comunicacionessspas\/","name":"Comunicaciones SSPAS","image":{"@type":"ImageObject","@id":"https:\/\/sspas.org.sv\/sspas\/project\/caracterizacion-ninez-adolescencia\/#authorImage","url":"https:\/\/secure.gravatar.com\/avatar\/ebc62ff355820178f4e3c3028e8ddafe7d70da1675fea87db692379473578c4b?s=96&d=mm&r=g","width":96,"height":96,"caption":"Comunicaciones SSPAS"}},{"@type":"WebPage","@id":"https:\/\/sspas.org.sv\/sspas\/project\/caracterizacion-ninez-adolescencia\/#webpage","url":"https:\/\/sspas.org.sv\/sspas\/project\/caracterizacion-ninez-adolescencia\/","name":"Caracterizaci\u00f3n de poblaci\u00f3n de Primera Infancia, Ni\u00f1ez y Adolescencia en San Salvador Centro - SSPAS","description":"Caracterizaci\u00f3n de poblaci\u00f3n de Primera Infancia, Ni\u00f1ez y Adolescencia en San Salvador Centro Objetivo de la consultor\u00eda: Realizar una caracterizaci\u00f3n social de la poblaci\u00f3n de Primera Infancia, Ni\u00f1ez y Adolescencia (PINA), con \u00e9nfasis en ni\u00f1as y mujeres adolescentes, en el territorio de San Salvador Centro, a trav\u00e9s del an\u00e1lisis de sus condiciones de vida y","inLanguage":"es-ES","isPartOf":{"@id":"https:\/\/sspas.org.sv\/sspas\/#website"},"breadcrumb":{"@id":"https:\/\/sspas.org.sv\/sspas\/project\/caracterizacion-ninez-adolescencia\/#breadcrumblist"},"author":{"@id":"https:\/\/sspas.org.sv\/sspas\/author\/comunicacionessspas\/#author"},"creator":{"@id":"https:\/\/sspas.org.sv\/sspas\/author\/comunicacionessspas\/#author"},"image":{"@type":"ImageObject","url":"https:\/\/sspas.org.sv\/sspas\/wp-content\/uploads\/2025\/07\/Sin-titulo-31.jpg","@id":"https:\/\/sspas.org.sv\/sspas\/project\/caracterizacion-ninez-adolescencia\/#mainImage","width":1080,"height":1350},"primaryImageOfPage":{"@id":"https:\/\/sspas.org.sv\/sspas\/project\/caracterizacion-ninez-adolescencia\/#mainImage"},"datePublished":"2025-07-11T18:35:00+00:00","dateModified":"2025-11-04T14:35:09+00:00"},{"@type":"WebSite","@id":"https:\/\/sspas.org.sv\/sspas\/#website","url":"https:\/\/sspas.org.sv\/sspas\/","name":"SSPAS","description":"Servicio Social Pasionista","inLanguage":"es-ES","publisher":{"@id":"https:\/\/sspas.org.sv\/sspas\/#organization"}}]},"og:locale":"es_ES","og:site_name":"SSPAS - Servicio Social Pasionista","og:type":"article","og:title":"Caracterizaci\u00f3n de poblaci\u00f3n de Primera Infancia, Ni\u00f1ez y Adolescencia en San Salvador Centro - SSPAS","og:description":"Caracterizaci\u00f3n de poblaci\u00f3n de Primera Infancia, Ni\u00f1ez y Adolescencia en San Salvador Centro Objetivo de la consultor\u00eda: Realizar una caracterizaci\u00f3n social de la poblaci\u00f3n de Primera Infancia, Ni\u00f1ez y Adolescencia (PINA), con \u00e9nfasis en ni\u00f1as y mujeres adolescentes, en el territorio de San Salvador Centro, a trav\u00e9s del an\u00e1lisis de sus condiciones de vida y","og:url":"https:\/\/sspas.org.sv\/sspas\/project\/caracterizacion-ninez-adolescencia\/","article:published_time":"2025-07-11T18:35:00+00:00","article:modified_time":"2025-11-04T14:35:09+00:00","twitter:card":"summary_large_image","twitter:title":"Caracterizaci\u00f3n de poblaci\u00f3n de Primera Infancia, Ni\u00f1ez y Adolescencia en San Salvador Centro - SSPAS","twitter:description":"Caracterizaci\u00f3n de poblaci\u00f3n de Primera Infancia, Ni\u00f1ez y Adolescencia en San Salvador Centro Objetivo de la consultor\u00eda: Realizar una caracterizaci\u00f3n social de la poblaci\u00f3n de Primera Infancia, Ni\u00f1ez y Adolescencia (PINA), con \u00e9nfasis en ni\u00f1as y mujeres adolescentes, en el territorio de San Salvador Centro, a trav\u00e9s del an\u00e1lisis de sus condiciones de vida y"},"aioseo_meta_data":{"post_id":"4595","title":null,"description":null,"keywords":null,"keyphrases":null,"focus_keyword":null,"additional_keywords":null,"truseo_locale":null,"primary_term":null,"canonical_url":null,"og_title":null,"og_description":null,"og_object_type":"default","og_image_type":"default","og_image_custom_url":null,"og_image_custom_fields":null,"og_image_url":null,"og_image_width":null,"og_image_height":null,"og_video":null,"og_custom_url":null,"og_article_section":null,"og_article_tags":null,"twitter_use_og":false,"twitter_card":"default","twitter_image_type":"default","twitter_image_custom_url":null,"twitter_image_custom_fields":null,"twitter_image_url":null,"twitter_title":null,"twitter_description":null,"schema_type":"default","schema_type_options":null,"schema":{"blockGraphs":[],"customGraphs":[],"default":{"data":{"Article":[],"Course":[],"Dataset":[],"FAQPage":[],"Movie":[],"Person":[],"Product":[],"ProductReview":[],"Car":[],"Recipe":[],"Service":[],"SoftwareApplication":[],"WebPage":[]},"graphName":"","isEnabled":true},"graphs":[]},"pillar_content":false,"robots_default":true,"robots_noindex":false,"robots_noarchive":false,"robots_nosnippet":false,"robots_nofollow":false,"robots_noimageindex":false,"robots_noodp":false,"robots_notranslate":false,"robots_max_snippet":null,"robots_max_videopreview":null,"robots_max_imagepreview":"large","priority":null,"frequency":null,"local_seo":null,"limit_modified_date":false,"ai":null,"breadcrumb_settings":null,"seo_analyzer_scan_date":null,"created":"2026-08-28 06:54:59","updated":"2026-08-28 06:54:59"},"aioseo_breadcrumb":"<div class=\"aioseo-breadcrumbs\"><span class=\"aioseo-breadcrumb\">\n\t\t\t<a href=\"https:\/\/sspas.org.sv\/sspas\" title=\"Home\">Home<\/a>\n\t\t<\/span><span class=\"aioseo-breadcrumb-separator\">&raquo;<\/span><span class=\"aioseo-breadcrumb\">\n\t\t\t<a href=\"https:\/\/sspas.org.sv\/sspas\/project\/\" title=\"Proyectos\">Proyectos<\/a>\n\t\t<\/span><span class=\"aioseo-breadcrumb-separator\">&raquo;<\/span><span class=\"aioseo-breadcrumb\">\n\t\t\t<a href=\"https:\/\/sspas.org.sv\/sspas\/project_category\/consultorias\/\" title=\"Consultor\u00edas\">Consultor\u00edas<\/a>\n\t\t<\/span><span class=\"aioseo-breadcrumb-separator\">&raquo;<\/span><span class=\"aioseo-breadcrumb\">\n\t\t\tCaracterizaci\u00f3n de poblaci\u00f3n de Primera Infancia, Ni\u00f1ez y Adolescencia en San Salvador Centro\n\t\t<\/span><\/div>","aioseo_breadcrumb_json":[{"label":"Home","link":"https:\/\/sspas.org.sv\/sspas"},{"label":"Proyectos","link":"https:\/\/sspas.org.sv\/sspas\/project\/"},{"label":"Consultor\u00edas","link":"https:\/\/sspas.org.sv\/sspas\/project_category\/consultorias\/"},{"label":"Caracterizaci\u00f3n de poblaci\u00f3n de Primera Infancia, Ni\u00f1ez y Adolescencia en San Salvador Centro","link":"https:\/\/sspas.org.sv\/sspas\/project\/caracterizacion-ninez-adolescencia\/"}],"jetpack_sharing_enabled":true,"_links":{"self":[{"href":"https:\/\/sspas.org.sv\/sspas\/wp-json\/wp\/v2\/project\/4595","targetHints":{"allow":["GET"]}}],"collection":[{"href":"https:\/\/sspas.org.sv\/sspas\/wp-json\/wp\/v2\/project"}],"about":[{"href":"https:\/\/sspas.org.sv\/sspas\/wp-json\/wp\/v2\/types\/project"}],"author":[{"embeddable":true,"href":"https:\/\/sspas.org.sv\/sspas\/wp-json\/wp\/v2\/users\/3"}],"replies":[{"embeddable":true,"href":"https:\/\/sspas.org.sv\/sspas\/wp-json\/wp\/v2\/comments?post=4595"}],"version-history":[{"count":5,"href":"https:\/\/sspas.org.sv\/sspas\/wp-json\/wp\/v2\/project\/4595\/revisions"}],"predecessor-version":[{"id":4645,"href":"https:\/\/sspas.org.sv\/sspas\/wp-json\/wp\/v2\/project\/4595\/revisions\/4645"}],"wp:featuredmedia":[{"embeddable":true,"href":"https:\/\/sspas.org.sv\/sspas\/wp-json\/wp\/v2\/media\/4641"}],"wp:attachment":[{"href":"https:\/\/sspas.org.sv\/sspas\/wp-json\/wp\/v2\/media?parent=4595"}],"wp:term":[{"taxonomy":"project_category","embeddable":true,"href":"https:\/\/sspas.org.sv\/sspas\/wp-json\/wp\/v2\/project_category?post=4595"},{"taxonomy":"project_tag","embeddable":true,"href":"https:\/\/sspas.org.sv\/sspas\/wp-json\/wp\/v2\/project_tag?post=4595"}],"curies":[{"name":"wp","href":"https:\/\/api.w.org\/{rel}","templated":true}]}}