{"id":4496,"date":"2025-02-25T19:46:23","date_gmt":"2025-02-25T19:46:23","guid":{"rendered":"https:\/\/sspas.org.sv\/sspas\/?post_type=project&#038;p=4496"},"modified":"2025-06-18T19:19:26","modified_gmt":"2025-06-18T19:19:26","slug":"tecnica-derechos-laborales","status":"publish","type":"project","link":"https:\/\/sspas.org.sv\/sspas\/project\/tecnica-derechos-laborales\/","title":{"rendered":"T\u00e9cnico o T\u00e9cnica Jur\u00eddica en Derechos Laborales"},"content":{"rendered":"\n[et_pb_section fb_built=\u00bb1&#8243; admin_label=\u00bbHeader\u00bb _builder_version=\u00bb4.23.4&#8243; use_background_color_gradient=\u00bbon\u00bb background_color_gradient_direction=\u00bb124deg\u00bb background_color_gradient_stops=\u00bbrgba(255,255,255,0.1) 30%|#243061 90%\u00bb background_color_gradient_start=\u00bbrgba(255,255,255,0.1)\u00bb background_color_gradient_start_position=\u00bb30%\u00bb background_color_gradient_end=\u00bb#243061&#8243; background_color_gradient_end_position=\u00bb90%\u00bb background_image=\u00bbhttps:\/\/sspas.org.sv\/sspas\/wp-content\/uploads\/2019\/08\/ebook-17-1.png\u00bb parallax=\u00bbon\u00bb custom_padding=\u00bb5vw||5vw||true|\u00bb border_color_all=\u00bb#243061&#8243; border_width_left=\u00bb10px\u00bb locked=\u00bboff\u00bb global_colors_info=\u00bb{}\u00bb][et_pb_row column_structure=\u00bb1_2,1_2&#8243; use_custom_gutter=\u00bbon\u00bb gutter_width=\u00bb4&#8243; _builder_version=\u00bb4.27.4&#8243; background_size=\u00bbcontain\u00bb background_position=\u00bbbottom_center\u00bb max_width=\u00bb1280px\u00bb custom_margin=\u00bb|auto|2px|auto||\u00bb global_colors_info=\u00bb{}\u00bb][et_pb_column type=\u00bb1_2&#8243; _builder_version=\u00bb4.16&#8243; custom_padding=\u00bb40px|||\u00bb custom_padding_tablet=\u00bb0vw|||\u00bb global_colors_info=\u00bb{}\u00bb custom_padding__hover=\u00bb|||\u00bb][et_pb_text _builder_version=\u00bb4.27.4&#8243; text_text_color=\u00bb#000000&#8243; text_font_size=\u00bb18px\u00bb text_line_height=\u00bb1.8em\u00bb header_font=\u00bbRoboto|800|||||||\u00bb header_text_color=\u00bb#243061&#8243; header_font_size=\u00bb2.5vw\u00bb header_line_height=\u00bb1.1em\u00bb header_2_font=\u00bbRoboto|600||on|||||\u00bb custom_margin=\u00bb||145px|||\u00bb text_font_size_tablet=\u00bb16px\u00bb text_font_size_phone=\u00bb14px\u00bb text_font_size_last_edited=\u00bbon|phone\u00bb text_line_height_tablet=\u00bb1.8em\u00bb text_line_height_phone=\u00bb1.7em\u00bb text_line_height_last_edited=\u00bboff|phone\u00bb header_font_size_tablet=\u00bb8vw\u00bb header_font_size_phone=\u00bb10vw\u00bb header_font_size_last_edited=\u00bbon|phone\u00bb inline_fonts=\u00bbRoboto\u00bb global_colors_info=\u00bb{}\u00bb]<h2 style=\"text-align: left;\"><span style=\"color: #243061;\">T\u00e9cnico o t\u00e9cnica jur\u00eddica en derechos laborales<\/span><\/h2>\n<div style=\"margin: 0px; white-space: pre-wrap; font-family: 'Segoe UI Historic','Segoe UI',Helvetica,Arial,sans-serif; color: #050505; font-size: 15px;\">\n<h4 style=\"text-align: justify;\"><span style=\"color: #243061;\"><strong><span style=\"font-size: medium; font-family: inherit;\"><\/span><\/strong><\/span><\/h4>\n<h4 style=\"text-align: justify;\"><span style=\"color: #243061;\"><strong><span style=\"font-size: medium; font-family: inherit;\">Objetivo del puesto:<\/span><\/strong><\/span><\/h4>\n<p>Brindar asistencia t\u00e9cnica y jur\u00eddica especializada al \u00c1rea de Derechos Laborales del Programa de Formaci\u00f3n y Empleo, mediante el acompa\u00f1amiento a v\u00edctimas de vulneraciones laborales, la elaboraci\u00f3n de documentos jur\u00eddicos, el seguimiento a expedientes y procesos legales, el desarrollo de espacios de formaci\u00f3n, y el apoyo en la implementaci\u00f3n de estrategias de sensibilizaci\u00f3n e incidencia en derechos laborales..<\/p>\n<h4><strong><span style=\"color: #243061;\">Requisitos<\/span>:<\/strong><\/h4>\n<p>\u2022 Profesional licenciada\/o en Ciencias Jur\u00eddicas. Se valorar\u00e1 formaci\u00f3n complementaria en derechos humanos, g\u00e9nero, justicia social o litigio estrat\u00e9gico.<br \/>\u25cf Experiencia M\u00ednimo 2 a\u00f1os de experiencia en asesor\u00eda jur\u00eddica o acompa\u00f1amiento legal en materia laboral o derechos humanos. Deseable experiencia previa trabajando con juventudes, mujeres o sectores vulnerabilizados.<br \/>\u25cf Conocimiento pr\u00e1ctico de la normativa laboral nacional e instrumentos internacionales sobre derechos laborales.<br \/>\u25cf Experiencia en redacci\u00f3n de escritos jur\u00eddicos, sistematizaci\u00f3n de casos y elaboraci\u00f3n de informes.<br \/>\u25cf Experiencia en formaci\u00f3n o facilitaci\u00f3n de procesos educativos sobre derechos laborales, especialmente con juventudes.<\/p>\n<\/div>\n<div style=\"margin: 0px; white-space: pre-wrap; font-family: 'Segoe UI Historic','Segoe UI',Helvetica,Arial,sans-serif; color: #050505; font-size: 15px;\"><\/div>\n<div style=\"margin: 0px; white-space: pre-wrap; font-family: 'Segoe UI Historic','Segoe UI',Helvetica,Arial,sans-serif; color: #050505; font-size: 15px;\">\n<h5 dir=\"auto\" style=\"font-family: inherit; text-align: justify;\"><strong>Fecha l\u00edmite para aplicar: 25 de junio de 2025<\/strong><\/h5>\n<\/div>\n<div dir=\"auto\" style=\"font-family: inherit;\">\n<div style=\"margin: 0.5em 0px 0px; white-space: pre-wrap; font-family: 'Segoe UI Historic','Segoe UI',Helvetica,Arial,sans-serif; color: #050505; font-size: 15px;\">\n<h5 dir=\"auto\" style=\"font-family: inherit; text-align: justify;\"><span style=\"width: 16px; display: inline-flex; margin: 0px 1px; height: 16px; vertical-align: middle; font-family: inherit;\"><img decoding=\"async\" alt=\"?\" data-src=\"https:\/\/ci3.googleusercontent.com\/proxy\/ESYUBUbLs1HbWJwujntrX3JHI2iupCPEe8RykMZXhlcYZxzVUq4CwBs_rIdl7HdIS4dlFYJ2FIF8-Fs5RHNJxqX8wPncT77fcSVVOJ3nBApCq5Y6aQ=s0-d-e1-ft#https:\/\/static.xx.fbcdn.net\/images\/emoji.php\/v9\/tb3\/1\/16\/1f517.png\" style=\"--smush-placeholder-width: 16px; --smush-placeholder-aspect-ratio: 16\/16;border: 0px;\" class=\"CToWUd lazyload\" data-bit=\"iit\" width=\"16\" height=\"16\" src=\"data:image\/svg+xml;base64,PHN2ZyB3aWR0aD0iMSIgaGVpZ2h0PSIxIiB4bWxucz0iaHR0cDovL3d3dy53My5vcmcvMjAwMC9zdmciPjwvc3ZnPg==\" \/><\/span>Para conocer m\u00e1s sobre la plaza, descarga los T\u00e9rminos de Referencia<\/h5>\n<\/div>\n<p><span color=\"#000000\" face=\"Open Sans, Arial, sans-serif\" style=\"color: #000000; font-family: 'Open Sans', Arial, sans-serif;\"><span style=\"font-size: 18px; font-weight: 500;\"><\/span><\/span><\/p>\n<\/div>[\/et_pb_text][et_pb_button button_url=\u00bbhttps:\/\/drive.google.com\/file\/d\/1W0RZxw5ICF0AEsBKABApLzS8bi3FKgkd\/view?usp=sharing\u00bb button_text=\u00bbDescarga\u00bb _builder_version=\u00bb4.27.4&#8243; _module_preset=\u00bbdefault\u00bb custom_margin=\u00bb-129px|43px|27px|||\u00bb hover_enabled=\u00bb0&#8243; global_colors_info=\u00bb{}\u00bb sticky_enabled=\u00bb0&#8243;][\/et_pb_button][\/et_pb_column][et_pb_column type=\u00bb1_2&#8243; _builder_version=\u00bb4.16&#8243; custom_padding=\u00bb|||\u00bb global_colors_info=\u00bb{}\u00bb custom_padding__hover=\u00bb|||\u00bb][et_pb_image src=\u00bbhttps:\/\/sspas.org.sv\/sspas\/wp-content\/uploads\/2025\/06\/Oportunidades.jpg\u00bb title_text=\u00bbOportunidades\u00bb url=\u00bbhttps:\/\/drive.google.com\/file\/d\/1W0RZxw5ICF0AEsBKABApLzS8bi3FKgkd\/view?usp=sharing\u00bb url_new_window=\u00bbon\u00bb _builder_version=\u00bb4.27.4&#8243; _module_preset=\u00bbdefault\u00bb hover_enabled=\u00bb0&#8243; global_colors_info=\u00bb{}\u00bb sticky_enabled=\u00bb0&#8243;][\/et_pb_image][\/et_pb_column][\/et_pb_row][\/et_pb_section][et_pb_section fb_built=\u00bb1&#8243; admin_label=\u00bbBrands\u00bb _builder_version=\u00bb4.16&#8243; custom_padding=\u00bb0px||0px|||\u00bb global_colors_info=\u00bb{}\u00bb][\/et_pb_section][et_pb_section fb_built=\u00bb1&#8243; admin_label=\u00bbProducts\u00bb _builder_version=\u00bb4.16&#8243; custom_margin=\u00bb40px||40px||true\u00bb custom_padding=\u00bb0px||1px|||\u00bb border_color_all=\u00bb#6eb632&#8243; border_width_left=\u00bb10px\u00bb locked=\u00bboff\u00bb global_colors_info=\u00bb{}\u00bb][et_pb_row column_structure=\u00bb3_5,2_5&#8243; _builder_version=\u00bb4.16&#8243; global_colors_info=\u00bb{}\u00bb][et_pb_column type=\u00bb3_5&#8243; _builder_version=\u00bb4.16&#8243; custom_padding=\u00bb|||\u00bb global_colors_info=\u00bb{}\u00bb custom_padding__hover=\u00bb|||\u00bb][et_pb_image src=\u00bbhttps:\/\/sspas.org.sv\/sspas\/wp-content\/uploads\/2019\/08\/author-icon-05-4.png\u00bb _builder_version=\u00bb4.16&#8243; custom_padding=\u00bb||61px|||\u00bb animation_direction=\u00bbbottom\u00bb always_center_on_mobile=\u00bboff\u00bb global_colors_info=\u00bb{}\u00bb][\/et_pb_image][et_pb_text _builder_version=\u00bb4.16&#8243; header_font=\u00bb||||||||\u00bb header_2_font=\u00bbMontserrat|800||on|||||\u00bb header_2_text_color=\u00bb#000000&#8243; header_2_font_size=\u00bb60px\u00bb header_2_line_height=\u00bb1.2em\u00bb module_alignment=\u00bbright\u00bb header_2_font_size_tablet=\u00bb40px\u00bb header_2_font_size_phone=\u00bb25px\u00bb header_2_font_size_last_edited=\u00bbon|desktop\u00bb locked=\u00bboff\u00bb global_colors_info=\u00bb{}\u00bb]<h2>publicaciones<\/h2>[\/et_pb_text][\/et_pb_column][et_pb_column type=\u00bb2_5&#8243; _builder_version=\u00bb4.16&#8243; custom_padding=\u00bb70px|||\u00bb custom_padding_tablet=\u00bb0px|||\u00bb custom_padding_phone=\u00bb\u00bb custom_padding_last_edited=\u00bbon|tablet\u00bb global_colors_info=\u00bb{}\u00bb custom_padding__hover=\u00bb|||\u00bb][et_pb_button button_text=\u00bbVer m\u00e1s\u00bb button_alignment=\u00bbright\u00bb _builder_version=\u00bb4.16&#8243; background_layout=\u00bbdark\u00bb custom_padding=\u00bb14px|40px|14px|40px|true|true\u00bb locked=\u00bboff\u00bb global_colors_info=\u00bb{}\u00bb button_text_color__hover=\u00bb#000000&#8243; button_text_color__hover_enabled=\u00bbon\u00bb button_bg_color__hover=\u00bb#31d190&#8243;][\/et_pb_button][\/et_pb_column][\/et_pb_row][et_pb_row _builder_version=\u00bb4.16&#8243; global_colors_info=\u00bb{}\u00bb][et_pb_column type=\u00bb4_4&#8243; _builder_version=\u00bb4.16&#8243; custom_padding=\u00bb|||\u00bb global_colors_info=\u00bb{}\u00bb custom_padding__hover=\u00bb|||\u00bb][et_pb_filterable_portfolio fullwidth=\u00bboff\u00bb include_categories=\u00bb11,10,9,8&#8243; _builder_version=\u00bb4.16&#8243; global_colors_info=\u00bb{}\u00bb][\/et_pb_filterable_portfolio][\/et_pb_column][\/et_pb_row][\/et_pb_section][et_pb_section fb_built=\u00bb1&#8243; admin_label=\u00bbCall To Action\u00bb _builder_version=\u00bb4.16&#8243; background_color=\u00bb#243061&#8243; transform_translate=\u00bb-10px|0px\u00bb transform_translate_linked=\u00bboff\u00bb width=\u00bb93%\u00bb module_alignment=\u00bbright\u00bb custom_margin=\u00bb||10vw|||\u00bb custom_margin_tablet=\u00bb||20vw|\u00bb custom_margin_phone=\u00bb\u00bb custom_margin_last_edited=\u00bbon|phone\u00bb border_color_all=\u00bb#000000&#8243; border_width_right=\u00bb6vw\u00bb border_color_right=\u00bb#ffffff\u00bb box_shadow_style=\u00bbpreset4&#8243; box_shadow_vertical=\u00bb0px\u00bb box_shadow_color=\u00bb#000000&#8243; global_colors_info=\u00bb{}\u00bb][et_pb_row column_structure=\u00bb3_5,2_5&#8243; _builder_version=\u00bb4.16&#8243; global_colors_info=\u00bb{}\u00bb][et_pb_column type=\u00bb3_5&#8243; _builder_version=\u00bb4.16&#8243; custom_padding=\u00bb|||\u00bb global_colors_info=\u00bb{}\u00bb custom_padding__hover=\u00bb|||\u00bb][et_pb_image src=\u00bbhttps:\/\/sspas.org.sv\/sspas\/wp-content\/uploads\/2019\/08\/author-icon-03-2.png\u00bb align=\u00bbcenter\u00bb _builder_version=\u00bb4.16&#8243; custom_padding=\u00bb114px|||||\u00bb animation_direction=\u00bbbottom\u00bb always_center_on_mobile=\u00bboff\u00bb global_colors_info=\u00bb{}\u00bb][\/et_pb_image][et_pb_text _builder_version=\u00bb4.16&#8243; text_font=\u00bb||||||||\u00bb text_font_size=\u00bb18px\u00bb text_line_height=\u00bb1.8em\u00bb header_font=\u00bb||||||||\u00bb header_2_font=\u00bbMontserrat|800||on|||||\u00bb header_2_font_size=\u00bb60px\u00bb header_2_line_height=\u00bb1.2em\u00bb header_3_font=\u00bbMontserrat|700|||||||\u00bb header_3_font_size=\u00bb16px\u00bb header_3_line_height=\u00bb1.4em\u00bb text_orientation=\u00bbcenter\u00bb background_layout=\u00bbdark\u00bb module_alignment=\u00bbright\u00bb text_font_size_tablet=\u00bb16px\u00bb text_font_size_phone=\u00bb14px\u00bb text_font_size_last_edited=\u00bbon|phone\u00bb text_line_height_tablet=\u00bb1.8em\u00bb text_line_height_phone=\u00bb1.7em\u00bb text_line_height_last_edited=\u00bboff|phone\u00bb header_2_font_size_tablet=\u00bb40px\u00bb header_2_font_size_phone=\u00bb25px\u00bb header_2_font_size_last_edited=\u00bbon|desktop\u00bb global_colors_info=\u00bb{}\u00bb]<h2>Informe de derechos humanos 2018<\/h2>\n<p>Elaborado por el Observatorio de Derechos Humanos Rufina Amaya<\/p>[\/et_pb_text][et_pb_button button_url=\u00bbhttps:\/\/sspas.org.sv\/sspas\/wp-content\/uploads\/2019\/08\/Informe-de-violaciones-a-DDHH-2018.-SSPAS.pdf\u00bb url_new_window=\u00bbon\u00bb button_text=\u00bbDescargar\u00bb button_alignment=\u00bbcenter\u00bb _builder_version=\u00bb4.16&#8243; custom_button=\u00bbon\u00bb button_text_size=\u00bb16px\u00bb button_text_color=\u00bb#ffffff\u00bb button_bg_color=\u00bbrgba(0,0,0,0)\u00bb button_border_width=\u00bb2px\u00bb button_border_radius=\u00bb0px\u00bb button_font=\u00bbMontserrat|700|||||||\u00bb button_use_icon=\u00bboff\u00bb background_layout=\u00bbdark\u00bb custom_padding=\u00bb16px|38px|16px|38px|true|true\u00bb locked=\u00bboff\u00bb global_colors_info=\u00bb{}\u00bb button_bg_color__hover=\u00bbrgba(255,255,255,0.1)\u00bb button_border_color__hover=\u00bbrgba(0,0,0,0)\u00bb button_text_color__hover=\u00bb#000000&#8243; button_text_color__hover_enabled=\u00bbon\u00bb][\/et_pb_button][\/et_pb_column][et_pb_column type=\u00bb2_5&#8243; _builder_version=\u00bb4.16&#8243; custom_padding=\u00bb|||\u00bb global_colors_info=\u00bb{}\u00bb custom_padding__hover=\u00bb|||\u00bb][et_pb_image src=\u00bbhttps:\/\/sspas.org.sv\/sspas\/wp-content\/uploads\/2019\/08\/Informe-de-violaciones-a-DDHH-2018.-SSPAS_P\u00e1gina_01-1.jpg\u00bb align_tablet=\u00bbcenter\u00bb align_phone=\u00bb\u00bb align_last_edited=\u00bbon|desktop\u00bb _builder_version=\u00bb4.16&#8243; max_width_tablet=\u00bb400px\u00bb max_width_phone=\u00bb\u00bb max_width_last_edited=\u00bbon|desktop\u00bb custom_margin=\u00bb||-180px\u00bb custom_padding=\u00bb|||\u00bb animation_direction=\u00bbbottom\u00bb box_shadow_style=\u00bbpreset3&#8243; box_shadow_vertical=\u00bb40px\u00bb box_shadow_blur=\u00bb80px\u00bb box_shadow_spread=\u00bb-20px\u00bb box_shadow_color=\u00bbrgba(0,0,0,0.8)\u00bb global_colors_info=\u00bb{}\u00bb][\/et_pb_image][\/et_pb_column][\/et_pb_row][\/et_pb_section]\n","protected":false},"excerpt":{"rendered":"<p>T\u00e9cnico o t\u00e9cnica jur\u00eddica en derechos laborales Objetivo del puesto: Brindar asistencia t\u00e9cnica y jur\u00eddica especializada al \u00c1rea de Derechos Laborales del Programa de Formaci\u00f3n y Empleo, mediante el acompa\u00f1amiento a v\u00edctimas de vulneraciones laborales, la elaboraci\u00f3n de documentos jur\u00eddicos, el seguimiento a expedientes y procesos legales, el desarrollo de espacios de formaci\u00f3n, y el [&hellip;]<\/p>\n","protected":false},"author":3,"featured_media":4581,"comment_status":"open","ping_status":"closed","template":"","meta":{"_et_pb_use_builder":"on","_et_pb_old_content":"","_et_gb_content_width":"","om_disable_all_campaigns":false,"_monsterinsights_skip_tracking":false,"_uf_show_specific_survey":0,"_uf_disable_surveys":false,"footnotes":""},"project_category":[27],"project_tag":[],"class_list":["post-4496","project","type-project","status-publish","has-post-thumbnail","hentry","project_category-empleos"],"aioseo_notices":[],"aioseo_head":"\n\t\t<!-- All in One SEO 5.0.1 - aioseo.com -->\n\t<meta name=\"description\" content=\"T\u00e9cnico o t\u00e9cnica jur\u00eddica en derechos laborales Objetivo del puesto: Brindar asistencia t\u00e9cnica y jur\u00eddica especializada al \u00c1rea de Derechos Laborales del Programa de Formaci\u00f3n y Empleo, mediante el acompa\u00f1amiento a v\u00edctimas de vulneraciones laborales, la elaboraci\u00f3n de documentos jur\u00eddicos, el seguimiento a expedientes y procesos legales, el desarrollo de espacios de formaci\u00f3n, y el\" \/>\n\t<meta name=\"robots\" content=\"max-image-preview:large\" \/>\n\t<meta name=\"author\" content=\"Comunicaciones SSPAS\"\/>\n\t<link rel=\"canonical\" href=\"https:\/\/sspas.org.sv\/sspas\/project\/tecnica-derechos-laborales\/\" \/>\n\t<meta name=\"generator\" content=\"All in One SEO (AIOSEO) 5.0.1\" \/>\n\t\t<meta property=\"og:locale\" content=\"es_ES\" \/>\n\t\t<meta property=\"og:site_name\" content=\"SSPAS - Servicio Social Pasionista\" \/>\n\t\t<meta property=\"og:type\" content=\"article\" \/>\n\t\t<meta property=\"og:title\" content=\"T\u00e9cnico o T\u00e9cnica Jur\u00eddica en Derechos Laborales - SSPAS\" \/>\n\t\t<meta property=\"og:description\" content=\"T\u00e9cnico o t\u00e9cnica jur\u00eddica en derechos laborales Objetivo del puesto: Brindar asistencia t\u00e9cnica y jur\u00eddica especializada al \u00c1rea de Derechos Laborales del Programa de Formaci\u00f3n y Empleo, mediante el acompa\u00f1amiento a v\u00edctimas de vulneraciones laborales, la elaboraci\u00f3n de documentos jur\u00eddicos, el seguimiento a expedientes y procesos legales, el desarrollo de espacios de formaci\u00f3n, y el\" \/>\n\t\t<meta property=\"og:url\" content=\"https:\/\/sspas.org.sv\/sspas\/project\/tecnica-derechos-laborales\/\" \/>\n\t\t<meta property=\"article:published_time\" content=\"2025-02-25T19:46:23+00:00\" \/>\n\t\t<meta property=\"article:modified_time\" content=\"2025-06-18T19:19:26+00:00\" \/>\n\t\t<meta name=\"twitter:card\" content=\"summary_large_image\" \/>\n\t\t<meta name=\"twitter:title\" content=\"T\u00e9cnico o T\u00e9cnica Jur\u00eddica en Derechos Laborales - SSPAS\" \/>\n\t\t<meta name=\"twitter:description\" content=\"T\u00e9cnico o t\u00e9cnica jur\u00eddica en derechos laborales Objetivo del puesto: Brindar asistencia t\u00e9cnica y jur\u00eddica especializada al \u00c1rea de Derechos Laborales del Programa de Formaci\u00f3n y Empleo, mediante el acompa\u00f1amiento a v\u00edctimas de vulneraciones laborales, la elaboraci\u00f3n de documentos jur\u00eddicos, el seguimiento a expedientes y procesos legales, el desarrollo de espacios de formaci\u00f3n, y el\" \/>\n\t\t<script type=\"application\/ld+json\" class=\"aioseo-schema\">\n\t\t\t{\"@context\":\"https:\\\/\\\/schema.org\",\"@graph\":[{\"@type\":\"BreadcrumbList\",\"@id\":\"https:\\\/\\\/sspas.org.sv\\\/sspas\\\/project\\\/tecnica-derechos-laborales\\\/#breadcrumblist\",\"itemListElement\":[{\"@type\":\"ListItem\",\"@id\":\"https:\\\/\\\/sspas.org.sv\\\/sspas#listItem\",\"position\":1,\"name\":\"Home\",\"item\":\"https:\\\/\\\/sspas.org.sv\\\/sspas\",\"nextItem\":{\"@type\":\"ListItem\",\"@id\":\"https:\\\/\\\/sspas.org.sv\\\/sspas\\\/project\\\/#listItem\",\"name\":\"Proyectos\"}},{\"@type\":\"ListItem\",\"@id\":\"https:\\\/\\\/sspas.org.sv\\\/sspas\\\/project\\\/#listItem\",\"position\":2,\"name\":\"Proyectos\",\"item\":\"https:\\\/\\\/sspas.org.sv\\\/sspas\\\/project\\\/\",\"nextItem\":{\"@type\":\"ListItem\",\"@id\":\"https:\\\/\\\/sspas.org.sv\\\/sspas\\\/project_category\\\/empleos\\\/#listItem\",\"name\":\"Empleos\"},\"previousItem\":{\"@type\":\"ListItem\",\"@id\":\"https:\\\/\\\/sspas.org.sv\\\/sspas#listItem\",\"name\":\"Home\"}},{\"@type\":\"ListItem\",\"@id\":\"https:\\\/\\\/sspas.org.sv\\\/sspas\\\/project_category\\\/empleos\\\/#listItem\",\"position\":3,\"name\":\"Empleos\",\"item\":\"https:\\\/\\\/sspas.org.sv\\\/sspas\\\/project_category\\\/empleos\\\/\",\"nextItem\":{\"@type\":\"ListItem\",\"@id\":\"https:\\\/\\\/sspas.org.sv\\\/sspas\\\/project\\\/tecnica-derechos-laborales\\\/#listItem\",\"name\":\"T\\u00e9cnico o T\\u00e9cnica Jur\\u00eddica en Derechos Laborales\"},\"previousItem\":{\"@type\":\"ListItem\",\"@id\":\"https:\\\/\\\/sspas.org.sv\\\/sspas\\\/project\\\/#listItem\",\"name\":\"Proyectos\"}},{\"@type\":\"ListItem\",\"@id\":\"https:\\\/\\\/sspas.org.sv\\\/sspas\\\/project\\\/tecnica-derechos-laborales\\\/#listItem\",\"position\":4,\"name\":\"T\\u00e9cnico o T\\u00e9cnica Jur\\u00eddica en Derechos Laborales\",\"previousItem\":{\"@type\":\"ListItem\",\"@id\":\"https:\\\/\\\/sspas.org.sv\\\/sspas\\\/project_category\\\/empleos\\\/#listItem\",\"name\":\"Empleos\"}}]},{\"@type\":\"Organization\",\"@id\":\"https:\\\/\\\/sspas.org.sv\\\/sspas\\\/#organization\",\"name\":\"SSPAS\",\"description\":\"Servicio Social Pasionista\",\"url\":\"https:\\\/\\\/sspas.org.sv\\\/sspas\\\/\"},{\"@type\":\"Person\",\"@id\":\"https:\\\/\\\/sspas.org.sv\\\/sspas\\\/author\\\/comunicacionessspas\\\/#author\",\"url\":\"https:\\\/\\\/sspas.org.sv\\\/sspas\\\/author\\\/comunicacionessspas\\\/\",\"name\":\"Comunicaciones SSPAS\",\"image\":{\"@type\":\"ImageObject\",\"@id\":\"https:\\\/\\\/sspas.org.sv\\\/sspas\\\/project\\\/tecnica-derechos-laborales\\\/#authorImage\",\"url\":\"https:\\\/\\\/secure.gravatar.com\\\/avatar\\\/ebc62ff355820178f4e3c3028e8ddafe7d70da1675fea87db692379473578c4b?s=96&d=mm&r=g\",\"width\":96,\"height\":96,\"caption\":\"Comunicaciones SSPAS\"}},{\"@type\":\"WebPage\",\"@id\":\"https:\\\/\\\/sspas.org.sv\\\/sspas\\\/project\\\/tecnica-derechos-laborales\\\/#webpage\",\"url\":\"https:\\\/\\\/sspas.org.sv\\\/sspas\\\/project\\\/tecnica-derechos-laborales\\\/\",\"name\":\"T\\u00e9cnico o T\\u00e9cnica Jur\\u00eddica en Derechos Laborales - SSPAS\",\"description\":\"T\\u00e9cnico o t\\u00e9cnica jur\\u00eddica en derechos laborales Objetivo del puesto: Brindar asistencia t\\u00e9cnica y jur\\u00eddica especializada al \\u00c1rea de Derechos Laborales del Programa de Formaci\\u00f3n y Empleo, mediante el acompa\\u00f1amiento a v\\u00edctimas de vulneraciones laborales, la elaboraci\\u00f3n de documentos jur\\u00eddicos, el seguimiento a expedientes y procesos legales, el desarrollo de espacios de formaci\\u00f3n, y el\",\"inLanguage\":\"es-ES\",\"isPartOf\":{\"@id\":\"https:\\\/\\\/sspas.org.sv\\\/sspas\\\/#website\"},\"breadcrumb\":{\"@id\":\"https:\\\/\\\/sspas.org.sv\\\/sspas\\\/project\\\/tecnica-derechos-laborales\\\/#breadcrumblist\"},\"author\":{\"@id\":\"https:\\\/\\\/sspas.org.sv\\\/sspas\\\/author\\\/comunicacionessspas\\\/#author\"},\"creator\":{\"@id\":\"https:\\\/\\\/sspas.org.sv\\\/sspas\\\/author\\\/comunicacionessspas\\\/#author\"},\"image\":{\"@type\":\"ImageObject\",\"url\":\"https:\\\/\\\/sspas.org.sv\\\/sspas\\\/wp-content\\\/uploads\\\/2025\\\/06\\\/Oportunidades.jpg\",\"@id\":\"https:\\\/\\\/sspas.org.sv\\\/sspas\\\/project\\\/tecnica-derechos-laborales\\\/#mainImage\",\"width\":1080,\"height\":1350},\"primaryImageOfPage\":{\"@id\":\"https:\\\/\\\/sspas.org.sv\\\/sspas\\\/project\\\/tecnica-derechos-laborales\\\/#mainImage\"},\"datePublished\":\"2025-02-25T19:46:23+00:00\",\"dateModified\":\"2025-06-18T19:19:26+00:00\"},{\"@type\":\"WebSite\",\"@id\":\"https:\\\/\\\/sspas.org.sv\\\/sspas\\\/#website\",\"url\":\"https:\\\/\\\/sspas.org.sv\\\/sspas\\\/\",\"name\":\"SSPAS\",\"description\":\"Servicio Social Pasionista\",\"inLanguage\":\"es-ES\",\"publisher\":{\"@id\":\"https:\\\/\\\/sspas.org.sv\\\/sspas\\\/#organization\"}}]}\n\t\t<\/script>\n\t\t<!-- All in One SEO -->\n\n","aioseo_head_json":{"title":"T\u00e9cnico o T\u00e9cnica Jur\u00eddica en Derechos Laborales - SSPAS","description":"T\u00e9cnico o t\u00e9cnica jur\u00eddica en derechos laborales Objetivo del puesto: Brindar asistencia t\u00e9cnica y jur\u00eddica especializada al \u00c1rea de Derechos Laborales del Programa de Formaci\u00f3n y Empleo, mediante el acompa\u00f1amiento a v\u00edctimas de vulneraciones laborales, la elaboraci\u00f3n de documentos jur\u00eddicos, el seguimiento a expedientes y procesos legales, el desarrollo de espacios de formaci\u00f3n, y el","canonical_url":"https:\/\/sspas.org.sv\/sspas\/project\/tecnica-derechos-laborales\/","robots":"max-image-preview:large","keywords":"","webmasterTools":{"miscellaneous":""},"schema":{"@context":"https:\/\/schema.org","@graph":[{"@type":"BreadcrumbList","@id":"https:\/\/sspas.org.sv\/sspas\/project\/tecnica-derechos-laborales\/#breadcrumblist","itemListElement":[{"@type":"ListItem","@id":"https:\/\/sspas.org.sv\/sspas#listItem","position":1,"name":"Home","item":"https:\/\/sspas.org.sv\/sspas","nextItem":{"@type":"ListItem","@id":"https:\/\/sspas.org.sv\/sspas\/project\/#listItem","name":"Proyectos"}},{"@type":"ListItem","@id":"https:\/\/sspas.org.sv\/sspas\/project\/#listItem","position":2,"name":"Proyectos","item":"https:\/\/sspas.org.sv\/sspas\/project\/","nextItem":{"@type":"ListItem","@id":"https:\/\/sspas.org.sv\/sspas\/project_category\/empleos\/#listItem","name":"Empleos"},"previousItem":{"@type":"ListItem","@id":"https:\/\/sspas.org.sv\/sspas#listItem","name":"Home"}},{"@type":"ListItem","@id":"https:\/\/sspas.org.sv\/sspas\/project_category\/empleos\/#listItem","position":3,"name":"Empleos","item":"https:\/\/sspas.org.sv\/sspas\/project_category\/empleos\/","nextItem":{"@type":"ListItem","@id":"https:\/\/sspas.org.sv\/sspas\/project\/tecnica-derechos-laborales\/#listItem","name":"T\u00e9cnico o T\u00e9cnica Jur\u00eddica en Derechos Laborales"},"previousItem":{"@type":"ListItem","@id":"https:\/\/sspas.org.sv\/sspas\/project\/#listItem","name":"Proyectos"}},{"@type":"ListItem","@id":"https:\/\/sspas.org.sv\/sspas\/project\/tecnica-derechos-laborales\/#listItem","position":4,"name":"T\u00e9cnico o T\u00e9cnica Jur\u00eddica en Derechos Laborales","previousItem":{"@type":"ListItem","@id":"https:\/\/sspas.org.sv\/sspas\/project_category\/empleos\/#listItem","name":"Empleos"}}]},{"@type":"Organization","@id":"https:\/\/sspas.org.sv\/sspas\/#organization","name":"SSPAS","description":"Servicio Social Pasionista","url":"https:\/\/sspas.org.sv\/sspas\/"},{"@type":"Person","@id":"https:\/\/sspas.org.sv\/sspas\/author\/comunicacionessspas\/#author","url":"https:\/\/sspas.org.sv\/sspas\/author\/comunicacionessspas\/","name":"Comunicaciones SSPAS","image":{"@type":"ImageObject","@id":"https:\/\/sspas.org.sv\/sspas\/project\/tecnica-derechos-laborales\/#authorImage","url":"https:\/\/secure.gravatar.com\/avatar\/ebc62ff355820178f4e3c3028e8ddafe7d70da1675fea87db692379473578c4b?s=96&d=mm&r=g","width":96,"height":96,"caption":"Comunicaciones SSPAS"}},{"@type":"WebPage","@id":"https:\/\/sspas.org.sv\/sspas\/project\/tecnica-derechos-laborales\/#webpage","url":"https:\/\/sspas.org.sv\/sspas\/project\/tecnica-derechos-laborales\/","name":"T\u00e9cnico o T\u00e9cnica Jur\u00eddica en Derechos Laborales - SSPAS","description":"T\u00e9cnico o t\u00e9cnica jur\u00eddica en derechos laborales Objetivo del puesto: Brindar asistencia t\u00e9cnica y jur\u00eddica especializada al \u00c1rea de Derechos Laborales del Programa de Formaci\u00f3n y Empleo, mediante el acompa\u00f1amiento a v\u00edctimas de vulneraciones laborales, la elaboraci\u00f3n de documentos jur\u00eddicos, el seguimiento a expedientes y procesos legales, el desarrollo de espacios de formaci\u00f3n, y el","inLanguage":"es-ES","isPartOf":{"@id":"https:\/\/sspas.org.sv\/sspas\/#website"},"breadcrumb":{"@id":"https:\/\/sspas.org.sv\/sspas\/project\/tecnica-derechos-laborales\/#breadcrumblist"},"author":{"@id":"https:\/\/sspas.org.sv\/sspas\/author\/comunicacionessspas\/#author"},"creator":{"@id":"https:\/\/sspas.org.sv\/sspas\/author\/comunicacionessspas\/#author"},"image":{"@type":"ImageObject","url":"https:\/\/sspas.org.sv\/sspas\/wp-content\/uploads\/2025\/06\/Oportunidades.jpg","@id":"https:\/\/sspas.org.sv\/sspas\/project\/tecnica-derechos-laborales\/#mainImage","width":1080,"height":1350},"primaryImageOfPage":{"@id":"https:\/\/sspas.org.sv\/sspas\/project\/tecnica-derechos-laborales\/#mainImage"},"datePublished":"2025-02-25T19:46:23+00:00","dateModified":"2025-06-18T19:19:26+00:00"},{"@type":"WebSite","@id":"https:\/\/sspas.org.sv\/sspas\/#website","url":"https:\/\/sspas.org.sv\/sspas\/","name":"SSPAS","description":"Servicio Social Pasionista","inLanguage":"es-ES","publisher":{"@id":"https:\/\/sspas.org.sv\/sspas\/#organization"}}]},"og:locale":"es_ES","og:site_name":"SSPAS - Servicio Social Pasionista","og:type":"article","og:title":"T\u00e9cnico o T\u00e9cnica Jur\u00eddica en Derechos Laborales - SSPAS","og:description":"T\u00e9cnico o t\u00e9cnica jur\u00eddica en derechos laborales Objetivo del puesto: Brindar asistencia t\u00e9cnica y jur\u00eddica especializada al \u00c1rea de Derechos Laborales del Programa de Formaci\u00f3n y Empleo, mediante el acompa\u00f1amiento a v\u00edctimas de vulneraciones laborales, la elaboraci\u00f3n de documentos jur\u00eddicos, el seguimiento a expedientes y procesos legales, el desarrollo de espacios de formaci\u00f3n, y el","og:url":"https:\/\/sspas.org.sv\/sspas\/project\/tecnica-derechos-laborales\/","article:published_time":"2025-02-25T19:46:23+00:00","article:modified_time":"2025-06-18T19:19:26+00:00","twitter:card":"summary_large_image","twitter:title":"T\u00e9cnico o T\u00e9cnica Jur\u00eddica en Derechos Laborales - SSPAS","twitter:description":"T\u00e9cnico o t\u00e9cnica jur\u00eddica en derechos laborales Objetivo del puesto: Brindar asistencia t\u00e9cnica y jur\u00eddica especializada al \u00c1rea de Derechos Laborales del Programa de Formaci\u00f3n y Empleo, mediante el acompa\u00f1amiento a v\u00edctimas de vulneraciones laborales, la elaboraci\u00f3n de documentos jur\u00eddicos, el seguimiento a expedientes y procesos legales, el desarrollo de espacios de formaci\u00f3n, y el"},"aioseo_meta_data":{"post_id":"4496","title":null,"description":null,"keywords":null,"keyphrases":null,"focus_keyword":null,"additional_keywords":null,"truseo_locale":null,"primary_term":null,"canonical_url":null,"og_title":null,"og_description":null,"og_object_type":"default","og_image_type":"default","og_image_custom_url":null,"og_image_custom_fields":null,"og_image_url":null,"og_image_width":null,"og_image_height":null,"og_video":null,"og_custom_url":null,"og_article_section":null,"og_article_tags":null,"twitter_use_og":false,"twitter_card":"default","twitter_image_type":"default","twitter_image_custom_url":null,"twitter_image_custom_fields":null,"twitter_image_url":null,"twitter_title":null,"twitter_description":null,"schema_type":"default","schema_type_options":null,"schema":{"blockGraphs":[],"customGraphs":[],"default":{"data":{"Article":[],"Course":[],"Dataset":[],"FAQPage":[],"Movie":[],"Person":[],"Product":[],"ProductReview":[],"Car":[],"Recipe":[],"Service":[],"SoftwareApplication":[],"WebPage":[]},"graphName":"","isEnabled":true},"graphs":[]},"pillar_content":false,"robots_default":true,"robots_noindex":false,"robots_noarchive":false,"robots_nosnippet":false,"robots_nofollow":false,"robots_noimageindex":false,"robots_noodp":false,"robots_notranslate":false,"robots_max_snippet":null,"robots_max_videopreview":null,"robots_max_imagepreview":"large","priority":null,"frequency":null,"local_seo":null,"limit_modified_date":false,"ai":null,"breadcrumb_settings":null,"seo_analyzer_scan_date":null,"created":"2026-08-28 06:58:52","updated":"2026-08-28 06:58:52"},"aioseo_breadcrumb":"<div class=\"aioseo-breadcrumbs\"><span class=\"aioseo-breadcrumb\">\n\t\t\t<a href=\"https:\/\/sspas.org.sv\/sspas\" title=\"Home\">Home<\/a>\n\t\t<\/span><span class=\"aioseo-breadcrumb-separator\">&raquo;<\/span><span class=\"aioseo-breadcrumb\">\n\t\t\t<a href=\"https:\/\/sspas.org.sv\/sspas\/project\/\" title=\"Proyectos\">Proyectos<\/a>\n\t\t<\/span><span class=\"aioseo-breadcrumb-separator\">&raquo;<\/span><span class=\"aioseo-breadcrumb\">\n\t\t\t<a href=\"https:\/\/sspas.org.sv\/sspas\/project_category\/empleos\/\" title=\"Empleos\">Empleos<\/a>\n\t\t<\/span><span class=\"aioseo-breadcrumb-separator\">&raquo;<\/span><span class=\"aioseo-breadcrumb\">\n\t\t\tT\u00e9cnico o T\u00e9cnica Jur\u00eddica en Derechos Laborales\n\t\t<\/span><\/div>","aioseo_breadcrumb_json":[{"label":"Home","link":"https:\/\/sspas.org.sv\/sspas"},{"label":"Proyectos","link":"https:\/\/sspas.org.sv\/sspas\/project\/"},{"label":"Empleos","link":"https:\/\/sspas.org.sv\/sspas\/project_category\/empleos\/"},{"label":"T\u00e9cnico o T\u00e9cnica Jur\u00eddica en Derechos Laborales","link":"https:\/\/sspas.org.sv\/sspas\/project\/tecnica-derechos-laborales\/"}],"jetpack_sharing_enabled":true,"_links":{"self":[{"href":"https:\/\/sspas.org.sv\/sspas\/wp-json\/wp\/v2\/project\/4496","targetHints":{"allow":["GET"]}}],"collection":[{"href":"https:\/\/sspas.org.sv\/sspas\/wp-json\/wp\/v2\/project"}],"about":[{"href":"https:\/\/sspas.org.sv\/sspas\/wp-json\/wp\/v2\/types\/project"}],"author":[{"embeddable":true,"href":"https:\/\/sspas.org.sv\/sspas\/wp-json\/wp\/v2\/users\/3"}],"replies":[{"embeddable":true,"href":"https:\/\/sspas.org.sv\/sspas\/wp-json\/wp\/v2\/comments?post=4496"}],"version-history":[{"count":5,"href":"https:\/\/sspas.org.sv\/sspas\/wp-json\/wp\/v2\/project\/4496\/revisions"}],"predecessor-version":[{"id":4586,"href":"https:\/\/sspas.org.sv\/sspas\/wp-json\/wp\/v2\/project\/4496\/revisions\/4586"}],"wp:attachment":[{"href":"https:\/\/sspas.org.sv\/sspas\/wp-json\/wp\/v2\/media?parent=4496"}],"wp:term":[{"taxonomy":"project_category","embeddable":true,"href":"https:\/\/sspas.org.sv\/sspas\/wp-json\/wp\/v2\/project_category?post=4496"},{"taxonomy":"project_tag","embeddable":true,"href":"https:\/\/sspas.org.sv\/sspas\/wp-json\/wp\/v2\/project_tag?post=4496"}],"curies":[{"name":"wp","href":"https:\/\/api.w.org\/{rel}","templated":true}]}}