{"id":2682,"date":"2022-01-31T19:54:03","date_gmt":"2022-01-31T19:54:03","guid":{"rendered":"https:\/\/sspas.org.sv\/sspas\/?post_type=project&#038;p=2682"},"modified":"2022-01-31T19:56:48","modified_gmt":"2022-01-31T19:56:48","slug":"monitor-del-uso-de-la-fuerza-letal-en-america-latina-y-el-caribe","status":"publish","type":"project","link":"https:\/\/sspas.org.sv\/sspas\/project\/monitor-del-uso-de-la-fuerza-letal-en-america-latina-y-el-caribe\/","title":{"rendered":"Monitor del uso de la fuerza letal en Am\u00e9rica Latina y el Caribe"},"content":{"rendered":"\n[et_pb_section fb_built=\u00bb1&#8243; admin_label=\u00bbHeader\u00bb _builder_version=\u00bb3.26.6&#8243; use_background_color_gradient=\u00bbon\u00bb background_color_gradient_start=\u00bbrgba(255,255,255,0.1)\u00bb background_color_gradient_end=\u00bb#243061&#8243; background_color_gradient_direction=\u00bb124deg\u00bb background_color_gradient_start_position=\u00bb30%\u00bb background_color_gradient_end_position=\u00bb90%\u00bb background_image=\u00bbhttps:\/\/sspas.org.sv\/sspas\/wp-content\/uploads\/2019\/08\/ebook-17-1.png\u00bb parallax=\u00bbon\u00bb custom_padding=\u00bb5vw||5vw||true|\u00bb border_color_all=\u00bb#243061&#8243; border_width_left=\u00bb10px\u00bb global_colors_info=\u00bb{}\u00bb theme_builder_area=\u00bbpost_content\u00bb][et_pb_row column_structure=\u00bb1_2,1_2&#8243; use_custom_gutter=\u00bbon\u00bb gutter_width=\u00bb4&#8243; _builder_version=\u00bb3.25&#8243; background_size=\u00bbcontain\u00bb background_position=\u00bbbottom_center\u00bb max_width=\u00bb1280px\u00bb custom_margin=\u00bb|auto|2px|auto||\u00bb global_colors_info=\u00bb{}\u00bb theme_builder_area=\u00bbpost_content\u00bb][et_pb_column type=\u00bb1_2&#8243; _builder_version=\u00bb3.25&#8243; custom_padding=\u00bb40px|||\u00bb custom_padding_tablet=\u00bb0vw|||\u00bb global_colors_info=\u00bb{}\u00bb custom_padding__hover=\u00bb|||\u00bb theme_builder_area=\u00bbpost_content\u00bb][et_pb_text _builder_version=\u00bb4.14.7&#8243; text_text_color=\u00bb#000000&#8243; text_font_size=\u00bb18px\u00bb text_line_height=\u00bb1.8em\u00bb header_font=\u00bbRoboto|800|||||||\u00bb header_text_color=\u00bb#243061&#8243; header_font_size=\u00bb4.5vw\u00bb header_line_height=\u00bb1.1em\u00bb header_2_font=\u00bbRoboto|600||on|||||\u00bb custom_margin=\u00bb||145px|||\u00bb hover_enabled=\u00bb0&#8243; text_font_size_tablet=\u00bb16px\u00bb text_font_size_phone=\u00bb14px\u00bb text_font_size_last_edited=\u00bbon|phone\u00bb text_line_height_tablet=\u00bb1.8em\u00bb text_line_height_phone=\u00bb1.7em\u00bb text_line_height_last_edited=\u00bboff|phone\u00bb header_font_size_tablet=\u00bb8vw\u00bb header_font_size_phone=\u00bb10vw\u00bb header_font_size_last_edited=\u00bbon|phone\u00bb global_colors_info=\u00bb{}\u00bb theme_builder_area=\u00bbpost_content\u00bb sticky_enabled=\u00bb0&#8243;]<h1><span data-contrast=\"auto\" class=\"TextRun SCXW25935017 BCX0\" xml:lang=\"ES-SV\" lang=\"ES-SV\"><span class=\"NormalTextRun SCXW25935017 BCX0\">Monitor del uso de la fuerza letal en Am\u00e9rica Latina y el Caribe\u00a0<\/span><\/span><span class=\"EOP SCXW25935017 BCX0\" data-ccp-props=\"{&quot;134233279&quot;:true,&quot;201341983&quot;:0,&quot;335551550&quot;:6,&quot;335551620&quot;:6,&quot;335559739&quot;:160,&quot;335559740&quot;:360}\"> <br \/><\/span><\/h1>\n<h1><span style=\"font-size: 18px; color: #000000; font-family: 'Open Sans', Arial, sans-serif; font-weight: 500;\">\u00a0<\/span><\/h1>[\/et_pb_text][et_pb_button button_url=\u00bbhttps:\/\/sspas.org.sv\/sspas\/wp-content\/uploads\/2022\/01\/Monitor-de-uso-de-la-fuerza-letal.pdf\u00bb url_new_window=\u00bbon\u00bb button_text=\u00bbDescargar\u00bb _builder_version=\u00bb4.14.7&#8243; background_layout=\u00bbdark\u00bb custom_margin=\u00bb||16px\u00bb custom_padding=\u00bb18px|40px|18px|40px|true|true\u00bb hover_enabled=\u00bb0&#8243; global_colors_info=\u00bb{}\u00bb theme_builder_area=\u00bbpost_content\u00bb sticky_enabled=\u00bb0&#8243;][\/et_pb_button][\/et_pb_column][et_pb_column type=\u00bb1_2&#8243; _builder_version=\u00bb3.25&#8243; custom_padding=\u00bb|||\u00bb global_colors_info=\u00bb{}\u00bb custom_padding__hover=\u00bb|||\u00bb theme_builder_area=\u00bbpost_content\u00bb][et_pb_image src=\u00bbhttps:\/\/sspas.org.sv\/sspas\/wp-content\/uploads\/2022\/01\/Monitor-de-uso-de-la-fuerza-letal.jpg\u00bb _builder_version=\u00bb4.14.7&#8243; max_width=\u00bb480px\u00bb animation_direction=\u00bbbottom\u00bb hover_enabled=\u00bb0&#8243; box_shadow_style=\u00bbpreset3&#8243; box_shadow_vertical=\u00bb40px\u00bb box_shadow_blur=\u00bb80px\u00bb box_shadow_spread=\u00bb-20px\u00bb box_shadow_color=\u00bbrgba(0,0,0,0.8)\u00bb always_center_on_mobile=\u00bboff\u00bb global_colors_info=\u00bb{}\u00bb theme_builder_area=\u00bbpost_content\u00bb title_text=\u00bbMonitor de uso de la fuerza letal\u00bb url=\u00bbhttps:\/\/sspas.org.sv\/sspas\/wp-content\/uploads\/2022\/01\/Monitor-de-uso-de-la-fuerza-letal.pdf\u00bb sticky_enabled=\u00bb0&#8243;][\/et_pb_image][\/et_pb_column][\/et_pb_row][\/et_pb_section][et_pb_section fb_built=\u00bb1&#8243; admin_label=\u00bbProducts\u00bb _builder_version=\u00bb3.26.6&#8243; custom_margin=\u00bb0px||0px||true|false\u00bb custom_padding=\u00bb0px||1px|||\u00bb border_color_all=\u00bb#6eb632&#8243; border_width_left=\u00bb10px\u00bb locked=\u00bboff\u00bb global_colors_info=\u00bb{}\u00bb theme_builder_area=\u00bbpost_content\u00bb][et_pb_row column_structure=\u00bb3_5,2_5&#8243; _builder_version=\u00bb3.25&#8243; global_colors_info=\u00bb{}\u00bb theme_builder_area=\u00bbpost_content\u00bb][et_pb_column type=\u00bb3_5&#8243; _builder_version=\u00bb3.25&#8243; custom_padding=\u00bb|||\u00bb global_colors_info=\u00bb{}\u00bb custom_padding__hover=\u00bb|||\u00bb theme_builder_area=\u00bbpost_content\u00bb][et_pb_image src=\u00bbhttps:\/\/sspas.org.sv\/sspas\/wp-content\/uploads\/2019\/08\/author-icon-05-4-1.png\u00bb _builder_version=\u00bb3.26.6&#8243; custom_padding=\u00bb||61px|||\u00bb animation_direction=\u00bbbottom\u00bb always_center_on_mobile=\u00bboff\u00bb global_colors_info=\u00bb{}\u00bb theme_builder_area=\u00bbpost_content\u00bb][\/et_pb_image][et_pb_text _builder_version=\u00bb3.27.4&#8243; header_font=\u00bb||||||||\u00bb header_2_font=\u00bbRoboto|800||on|||||\u00bb header_2_text_color=\u00bb#243061&#8243; header_2_font_size=\u00bb60px\u00bb header_2_line_height=\u00bb1.2em\u00bb module_alignment=\u00bbright\u00bb header_2_font_size_tablet=\u00bb40px\u00bb header_2_font_size_phone=\u00bb25px\u00bb header_2_font_size_last_edited=\u00bbon|desktop\u00bb locked=\u00bboff\u00bb global_colors_info=\u00bb{}\u00bb theme_builder_area=\u00bbpost_content\u00bb]<h2>publicaciones<\/h2>[\/et_pb_text][\/et_pb_column][et_pb_column type=\u00bb2_5&#8243; _builder_version=\u00bb3.25&#8243; custom_padding=\u00bb70px|||\u00bb custom_padding_tablet=\u00bb0px|||\u00bb custom_padding_phone=\u00bb\u00bb custom_padding_last_edited=\u00bbon|tablet\u00bb global_colors_info=\u00bb{}\u00bb custom_padding__hover=\u00bb|||\u00bb theme_builder_area=\u00bbpost_content\u00bb][et_pb_button button_text=\u00bbVer m\u00e1s\u00bb button_alignment=\u00bbright\u00bb _builder_version=\u00bb3.26.6&#8243; background_layout=\u00bbdark\u00bb custom_padding=\u00bb14px|40px|14px|40px|true|true\u00bb locked=\u00bboff\u00bb global_colors_info=\u00bb{}\u00bb button_text_color__hover=\u00bb#000000&#8243; button_text_color__hover_enabled=\u00bbon\u00bb button_bg_color__hover=\u00bb#31d190&#8243; theme_builder_area=\u00bbpost_content\u00bb][\/et_pb_button][\/et_pb_column][\/et_pb_row][et_pb_row _builder_version=\u00bb3.25&#8243; global_colors_info=\u00bb{}\u00bb theme_builder_area=\u00bbpost_content\u00bb][et_pb_column type=\u00bb4_4&#8243; _builder_version=\u00bb3.25&#8243; custom_padding=\u00bb|||\u00bb global_colors_info=\u00bb{}\u00bb custom_padding__hover=\u00bb|||\u00bb theme_builder_area=\u00bbpost_content\u00bb][et_pb_filterable_portfolio fullwidth=\u00bboff\u00bb include_categories=\u00bb11,10,9,8&#8243; _builder_version=\u00bb3.26.6&#8243; filter_font=\u00bbRoboto|700|||||||\u00bb filter_text_color=\u00bb#243061&#8243; global_colors_info=\u00bb{}\u00bb theme_builder_area=\u00bbpost_content\u00bb][\/et_pb_filterable_portfolio][\/et_pb_column][\/et_pb_row][\/et_pb_section]\n","protected":false},"excerpt":{"rendered":"<p>Monitor del uso de la fuerza letal en Am\u00e9rica Latina y el Caribe\u00a0 \u00a0publicaciones<\/p>\n","protected":false},"author":3,"featured_media":0,"comment_status":"open","ping_status":"closed","template":"","meta":{"_et_pb_use_builder":"on","_et_pb_old_content":"","_et_gb_content_width":"","om_disable_all_campaigns":false,"_monsterinsights_skip_tracking":false,"_uf_show_specific_survey":0,"_uf_disable_surveys":false,"footnotes":""},"project_category":[29],"project_tag":[],"class_list":["post-2682","project","type-project","status-publish","hentry","project_category-otros"],"aioseo_notices":[],"aioseo_head":"\n\t\t<!-- All in One SEO 5.0.1 - aioseo.com -->\n\t<meta name=\"description\" content=\"Monitor del uso de la fuerza letal en Am\u00e9rica Latina y el Caribe Descargar publicaciones Ver m\u00e1s TodosBoletinesInformesInvestigacionesMultimedia Informe de vulneraciones a derechos laboralesInformes THREE YEARS OF THE STATE OF EXCEPTIONInformes, Investigaciones Executive Summary \u2013 Monitoring Report on the Recommendations Issued by the IACHR within the Framework of the State of Exception in El\" \/>\n\t<meta name=\"robots\" content=\"max-image-preview:large\" \/>\n\t<meta name=\"author\" content=\"Comunicaciones SSPAS\"\/>\n\t<link rel=\"canonical\" href=\"https:\/\/sspas.org.sv\/sspas\/project\/monitor-del-uso-de-la-fuerza-letal-en-america-latina-y-el-caribe\/\" \/>\n\t<meta name=\"generator\" content=\"All in One SEO (AIOSEO) 5.0.1\" \/>\n\t\t<meta property=\"og:locale\" content=\"es_ES\" \/>\n\t\t<meta property=\"og:site_name\" content=\"SSPAS - Servicio Social Pasionista\" \/>\n\t\t<meta property=\"og:type\" content=\"article\" \/>\n\t\t<meta property=\"og:title\" content=\"Monitor del uso de la fuerza letal en Am\u00e9rica Latina y el Caribe - SSPAS\" \/>\n\t\t<meta property=\"og:description\" content=\"Monitor del uso de la fuerza letal en Am\u00e9rica Latina y el Caribe Descargar publicaciones Ver m\u00e1s TodosBoletinesInformesInvestigacionesMultimedia Informe de vulneraciones a derechos laboralesInformes THREE YEARS OF THE STATE OF EXCEPTIONInformes, Investigaciones Executive Summary \u2013 Monitoring Report on the Recommendations Issued by the IACHR within the Framework of the State of Exception in El\" \/>\n\t\t<meta property=\"og:url\" content=\"https:\/\/sspas.org.sv\/sspas\/project\/monitor-del-uso-de-la-fuerza-letal-en-america-latina-y-el-caribe\/\" \/>\n\t\t<meta property=\"article:published_time\" content=\"2022-01-31T19:54:03+00:00\" \/>\n\t\t<meta property=\"article:modified_time\" content=\"2022-01-31T19:56:48+00:00\" \/>\n\t\t<meta name=\"twitter:card\" content=\"summary_large_image\" \/>\n\t\t<meta name=\"twitter:title\" content=\"Monitor del uso de la fuerza letal en Am\u00e9rica Latina y el Caribe - SSPAS\" \/>\n\t\t<meta name=\"twitter:description\" content=\"Monitor del uso de la fuerza letal en Am\u00e9rica Latina y el Caribe Descargar publicaciones Ver m\u00e1s TodosBoletinesInformesInvestigacionesMultimedia Informe de vulneraciones a derechos laboralesInformes THREE YEARS OF THE STATE OF EXCEPTIONInformes, Investigaciones Executive Summary \u2013 Monitoring Report on the Recommendations Issued by the IACHR within the Framework of the State of Exception in El\" \/>\n\t\t<script type=\"application\/ld+json\" class=\"aioseo-schema\">\n\t\t\t{\"@context\":\"https:\\\/\\\/schema.org\",\"@graph\":[{\"@type\":\"BreadcrumbList\",\"@id\":\"https:\\\/\\\/sspas.org.sv\\\/sspas\\\/project\\\/monitor-del-uso-de-la-fuerza-letal-en-america-latina-y-el-caribe\\\/#breadcrumblist\",\"itemListElement\":[{\"@type\":\"ListItem\",\"@id\":\"https:\\\/\\\/sspas.org.sv\\\/sspas#listItem\",\"position\":1,\"name\":\"Home\",\"item\":\"https:\\\/\\\/sspas.org.sv\\\/sspas\",\"nextItem\":{\"@type\":\"ListItem\",\"@id\":\"https:\\\/\\\/sspas.org.sv\\\/sspas\\\/project\\\/#listItem\",\"name\":\"Proyectos\"}},{\"@type\":\"ListItem\",\"@id\":\"https:\\\/\\\/sspas.org.sv\\\/sspas\\\/project\\\/#listItem\",\"position\":2,\"name\":\"Proyectos\",\"item\":\"https:\\\/\\\/sspas.org.sv\\\/sspas\\\/project\\\/\",\"nextItem\":{\"@type\":\"ListItem\",\"@id\":\"https:\\\/\\\/sspas.org.sv\\\/sspas\\\/project_category\\\/otros\\\/#listItem\",\"name\":\"Otros\"},\"previousItem\":{\"@type\":\"ListItem\",\"@id\":\"https:\\\/\\\/sspas.org.sv\\\/sspas#listItem\",\"name\":\"Home\"}},{\"@type\":\"ListItem\",\"@id\":\"https:\\\/\\\/sspas.org.sv\\\/sspas\\\/project_category\\\/otros\\\/#listItem\",\"position\":3,\"name\":\"Otros\",\"item\":\"https:\\\/\\\/sspas.org.sv\\\/sspas\\\/project_category\\\/otros\\\/\",\"nextItem\":{\"@type\":\"ListItem\",\"@id\":\"https:\\\/\\\/sspas.org.sv\\\/sspas\\\/project\\\/monitor-del-uso-de-la-fuerza-letal-en-america-latina-y-el-caribe\\\/#listItem\",\"name\":\"Monitor del uso de la fuerza letal en Am\\u00e9rica Latina y el Caribe\"},\"previousItem\":{\"@type\":\"ListItem\",\"@id\":\"https:\\\/\\\/sspas.org.sv\\\/sspas\\\/project\\\/#listItem\",\"name\":\"Proyectos\"}},{\"@type\":\"ListItem\",\"@id\":\"https:\\\/\\\/sspas.org.sv\\\/sspas\\\/project\\\/monitor-del-uso-de-la-fuerza-letal-en-america-latina-y-el-caribe\\\/#listItem\",\"position\":4,\"name\":\"Monitor del uso de la fuerza letal en Am\\u00e9rica Latina y el Caribe\",\"previousItem\":{\"@type\":\"ListItem\",\"@id\":\"https:\\\/\\\/sspas.org.sv\\\/sspas\\\/project_category\\\/otros\\\/#listItem\",\"name\":\"Otros\"}}]},{\"@type\":\"Organization\",\"@id\":\"https:\\\/\\\/sspas.org.sv\\\/sspas\\\/#organization\",\"name\":\"SSPAS\",\"description\":\"Servicio Social Pasionista\",\"url\":\"https:\\\/\\\/sspas.org.sv\\\/sspas\\\/\"},{\"@type\":\"Person\",\"@id\":\"https:\\\/\\\/sspas.org.sv\\\/sspas\\\/author\\\/comunicacionessspas\\\/#author\",\"url\":\"https:\\\/\\\/sspas.org.sv\\\/sspas\\\/author\\\/comunicacionessspas\\\/\",\"name\":\"Comunicaciones SSPAS\",\"image\":{\"@type\":\"ImageObject\",\"@id\":\"https:\\\/\\\/sspas.org.sv\\\/sspas\\\/project\\\/monitor-del-uso-de-la-fuerza-letal-en-america-latina-y-el-caribe\\\/#authorImage\",\"url\":\"https:\\\/\\\/secure.gravatar.com\\\/avatar\\\/ebc62ff355820178f4e3c3028e8ddafe7d70da1675fea87db692379473578c4b?s=96&d=mm&r=g\",\"width\":96,\"height\":96,\"caption\":\"Comunicaciones SSPAS\"}},{\"@type\":\"WebPage\",\"@id\":\"https:\\\/\\\/sspas.org.sv\\\/sspas\\\/project\\\/monitor-del-uso-de-la-fuerza-letal-en-america-latina-y-el-caribe\\\/#webpage\",\"url\":\"https:\\\/\\\/sspas.org.sv\\\/sspas\\\/project\\\/monitor-del-uso-de-la-fuerza-letal-en-america-latina-y-el-caribe\\\/\",\"name\":\"Monitor del uso de la fuerza letal en Am\\u00e9rica Latina y el Caribe - SSPAS\",\"description\":\"Monitor del uso de la fuerza letal en Am\\u00e9rica Latina y el Caribe Descargar publicaciones Ver m\\u00e1s TodosBoletinesInformesInvestigacionesMultimedia Informe de vulneraciones a derechos laboralesInformes THREE YEARS OF THE STATE OF EXCEPTIONInformes, Investigaciones Executive Summary \\u2013 Monitoring Report on the Recommendations Issued by the IACHR within the Framework of the State of Exception in El\",\"inLanguage\":\"es-ES\",\"isPartOf\":{\"@id\":\"https:\\\/\\\/sspas.org.sv\\\/sspas\\\/#website\"},\"breadcrumb\":{\"@id\":\"https:\\\/\\\/sspas.org.sv\\\/sspas\\\/project\\\/monitor-del-uso-de-la-fuerza-letal-en-america-latina-y-el-caribe\\\/#breadcrumblist\"},\"author\":{\"@id\":\"https:\\\/\\\/sspas.org.sv\\\/sspas\\\/author\\\/comunicacionessspas\\\/#author\"},\"creator\":{\"@id\":\"https:\\\/\\\/sspas.org.sv\\\/sspas\\\/author\\\/comunicacionessspas\\\/#author\"},\"datePublished\":\"2022-01-31T19:54:03+00:00\",\"dateModified\":\"2022-01-31T19:56:48+00:00\"},{\"@type\":\"WebSite\",\"@id\":\"https:\\\/\\\/sspas.org.sv\\\/sspas\\\/#website\",\"url\":\"https:\\\/\\\/sspas.org.sv\\\/sspas\\\/\",\"name\":\"SSPAS\",\"description\":\"Servicio Social Pasionista\",\"inLanguage\":\"es-ES\",\"publisher\":{\"@id\":\"https:\\\/\\\/sspas.org.sv\\\/sspas\\\/#organization\"}}]}\n\t\t<\/script>\n\t\t<!-- All in One SEO -->\n\n","aioseo_head_json":{"title":"Monitor del uso de la fuerza letal en Am\u00e9rica Latina y el Caribe - SSPAS","description":"Monitor del uso de la fuerza letal en Am\u00e9rica Latina y el Caribe Descargar publicaciones Ver m\u00e1s TodosBoletinesInformesInvestigacionesMultimedia Informe de vulneraciones a derechos laboralesInformes THREE YEARS OF THE STATE OF EXCEPTIONInformes, Investigaciones Executive Summary \u2013 Monitoring Report on the Recommendations Issued by the IACHR within the Framework of the State of Exception in El","canonical_url":"https:\/\/sspas.org.sv\/sspas\/project\/monitor-del-uso-de-la-fuerza-letal-en-america-latina-y-el-caribe\/","robots":"max-image-preview:large","keywords":"","webmasterTools":{"miscellaneous":""},"schema":{"@context":"https:\/\/schema.org","@graph":[{"@type":"BreadcrumbList","@id":"https:\/\/sspas.org.sv\/sspas\/project\/monitor-del-uso-de-la-fuerza-letal-en-america-latina-y-el-caribe\/#breadcrumblist","itemListElement":[{"@type":"ListItem","@id":"https:\/\/sspas.org.sv\/sspas#listItem","position":1,"name":"Home","item":"https:\/\/sspas.org.sv\/sspas","nextItem":{"@type":"ListItem","@id":"https:\/\/sspas.org.sv\/sspas\/project\/#listItem","name":"Proyectos"}},{"@type":"ListItem","@id":"https:\/\/sspas.org.sv\/sspas\/project\/#listItem","position":2,"name":"Proyectos","item":"https:\/\/sspas.org.sv\/sspas\/project\/","nextItem":{"@type":"ListItem","@id":"https:\/\/sspas.org.sv\/sspas\/project_category\/otros\/#listItem","name":"Otros"},"previousItem":{"@type":"ListItem","@id":"https:\/\/sspas.org.sv\/sspas#listItem","name":"Home"}},{"@type":"ListItem","@id":"https:\/\/sspas.org.sv\/sspas\/project_category\/otros\/#listItem","position":3,"name":"Otros","item":"https:\/\/sspas.org.sv\/sspas\/project_category\/otros\/","nextItem":{"@type":"ListItem","@id":"https:\/\/sspas.org.sv\/sspas\/project\/monitor-del-uso-de-la-fuerza-letal-en-america-latina-y-el-caribe\/#listItem","name":"Monitor del uso de la fuerza letal en Am\u00e9rica Latina y el Caribe"},"previousItem":{"@type":"ListItem","@id":"https:\/\/sspas.org.sv\/sspas\/project\/#listItem","name":"Proyectos"}},{"@type":"ListItem","@id":"https:\/\/sspas.org.sv\/sspas\/project\/monitor-del-uso-de-la-fuerza-letal-en-america-latina-y-el-caribe\/#listItem","position":4,"name":"Monitor del uso de la fuerza letal en Am\u00e9rica Latina y el Caribe","previousItem":{"@type":"ListItem","@id":"https:\/\/sspas.org.sv\/sspas\/project_category\/otros\/#listItem","name":"Otros"}}]},{"@type":"Organization","@id":"https:\/\/sspas.org.sv\/sspas\/#organization","name":"SSPAS","description":"Servicio Social Pasionista","url":"https:\/\/sspas.org.sv\/sspas\/"},{"@type":"Person","@id":"https:\/\/sspas.org.sv\/sspas\/author\/comunicacionessspas\/#author","url":"https:\/\/sspas.org.sv\/sspas\/author\/comunicacionessspas\/","name":"Comunicaciones SSPAS","image":{"@type":"ImageObject","@id":"https:\/\/sspas.org.sv\/sspas\/project\/monitor-del-uso-de-la-fuerza-letal-en-america-latina-y-el-caribe\/#authorImage","url":"https:\/\/secure.gravatar.com\/avatar\/ebc62ff355820178f4e3c3028e8ddafe7d70da1675fea87db692379473578c4b?s=96&d=mm&r=g","width":96,"height":96,"caption":"Comunicaciones SSPAS"}},{"@type":"WebPage","@id":"https:\/\/sspas.org.sv\/sspas\/project\/monitor-del-uso-de-la-fuerza-letal-en-america-latina-y-el-caribe\/#webpage","url":"https:\/\/sspas.org.sv\/sspas\/project\/monitor-del-uso-de-la-fuerza-letal-en-america-latina-y-el-caribe\/","name":"Monitor del uso de la fuerza letal en Am\u00e9rica Latina y el Caribe - SSPAS","description":"Monitor del uso de la fuerza letal en Am\u00e9rica Latina y el Caribe Descargar publicaciones Ver m\u00e1s TodosBoletinesInformesInvestigacionesMultimedia Informe de vulneraciones a derechos laboralesInformes THREE YEARS OF THE STATE OF EXCEPTIONInformes, Investigaciones Executive Summary \u2013 Monitoring Report on the Recommendations Issued by the IACHR within the Framework of the State of Exception in El","inLanguage":"es-ES","isPartOf":{"@id":"https:\/\/sspas.org.sv\/sspas\/#website"},"breadcrumb":{"@id":"https:\/\/sspas.org.sv\/sspas\/project\/monitor-del-uso-de-la-fuerza-letal-en-america-latina-y-el-caribe\/#breadcrumblist"},"author":{"@id":"https:\/\/sspas.org.sv\/sspas\/author\/comunicacionessspas\/#author"},"creator":{"@id":"https:\/\/sspas.org.sv\/sspas\/author\/comunicacionessspas\/#author"},"datePublished":"2022-01-31T19:54:03+00:00","dateModified":"2022-01-31T19:56:48+00:00"},{"@type":"WebSite","@id":"https:\/\/sspas.org.sv\/sspas\/#website","url":"https:\/\/sspas.org.sv\/sspas\/","name":"SSPAS","description":"Servicio Social Pasionista","inLanguage":"es-ES","publisher":{"@id":"https:\/\/sspas.org.sv\/sspas\/#organization"}}]},"og:locale":"es_ES","og:site_name":"SSPAS - Servicio Social Pasionista","og:type":"article","og:title":"Monitor del uso de la fuerza letal en Am\u00e9rica Latina y el Caribe - SSPAS","og:description":"Monitor del uso de la fuerza letal en Am\u00e9rica Latina y el Caribe Descargar publicaciones Ver m\u00e1s TodosBoletinesInformesInvestigacionesMultimedia Informe de vulneraciones a derechos laboralesInformes THREE YEARS OF THE STATE OF EXCEPTIONInformes, Investigaciones Executive Summary \u2013 Monitoring Report on the Recommendations Issued by the IACHR within the Framework of the State of Exception in El","og:url":"https:\/\/sspas.org.sv\/sspas\/project\/monitor-del-uso-de-la-fuerza-letal-en-america-latina-y-el-caribe\/","article:published_time":"2022-01-31T19:54:03+00:00","article:modified_time":"2022-01-31T19:56:48+00:00","twitter:card":"summary_large_image","twitter:title":"Monitor del uso de la fuerza letal en Am\u00e9rica Latina y el Caribe - SSPAS","twitter:description":"Monitor del uso de la fuerza letal en Am\u00e9rica Latina y el Caribe Descargar publicaciones Ver m\u00e1s TodosBoletinesInformesInvestigacionesMultimedia Informe de vulneraciones a derechos laboralesInformes THREE YEARS OF THE STATE OF EXCEPTIONInformes, Investigaciones Executive Summary \u2013 Monitoring Report on the Recommendations Issued by the IACHR within the Framework of the State of Exception in El"},"aioseo_meta_data":{"post_id":"2682","title":null,"description":null,"keywords":null,"keyphrases":null,"focus_keyword":null,"additional_keywords":null,"truseo_locale":null,"primary_term":null,"canonical_url":null,"og_title":null,"og_description":null,"og_object_type":"default","og_image_type":"default","og_image_custom_url":null,"og_image_custom_fields":null,"og_image_url":null,"og_image_width":null,"og_image_height":null,"og_video":null,"og_custom_url":null,"og_article_section":null,"og_article_tags":null,"twitter_use_og":false,"twitter_card":"default","twitter_image_type":"default","twitter_image_custom_url":null,"twitter_image_custom_fields":null,"twitter_image_url":null,"twitter_title":null,"twitter_description":null,"schema_type":"default","schema_type_options":null,"schema":{"blockGraphs":[],"customGraphs":[],"default":{"data":{"Article":[],"Course":[],"Dataset":[],"FAQPage":[],"Movie":[],"Person":[],"Product":[],"ProductReview":[],"Car":[],"Recipe":[],"Service":[],"SoftwareApplication":[],"WebPage":[]},"graphName":"","isEnabled":true},"graphs":[]},"pillar_content":false,"robots_default":true,"robots_noindex":false,"robots_noarchive":false,"robots_nosnippet":false,"robots_nofollow":false,"robots_noimageindex":false,"robots_noodp":false,"robots_notranslate":false,"robots_max_snippet":null,"robots_max_videopreview":null,"robots_max_imagepreview":"large","priority":null,"frequency":null,"local_seo":null,"limit_modified_date":false,"ai":null,"breadcrumb_settings":null,"seo_analyzer_scan_date":null,"created":"2026-08-28 06:35:00","updated":"2026-08-28 06:35:00"},"aioseo_breadcrumb":"<div class=\"aioseo-breadcrumbs\"><span class=\"aioseo-breadcrumb\">\n\t\t\t<a href=\"https:\/\/sspas.org.sv\/sspas\" title=\"Home\">Home<\/a>\n\t\t<\/span><span class=\"aioseo-breadcrumb-separator\">&raquo;<\/span><span class=\"aioseo-breadcrumb\">\n\t\t\t<a href=\"https:\/\/sspas.org.sv\/sspas\/project\/\" title=\"Proyectos\">Proyectos<\/a>\n\t\t<\/span><span class=\"aioseo-breadcrumb-separator\">&raquo;<\/span><span class=\"aioseo-breadcrumb\">\n\t\t\t<a href=\"https:\/\/sspas.org.sv\/sspas\/project_category\/otros\/\" title=\"Otros\">Otros<\/a>\n\t\t<\/span><span class=\"aioseo-breadcrumb-separator\">&raquo;<\/span><span class=\"aioseo-breadcrumb\">\n\t\t\tMonitor del uso de la fuerza letal en Am\u00e9rica Latina y el Caribe\n\t\t<\/span><\/div>","aioseo_breadcrumb_json":[{"label":"Home","link":"https:\/\/sspas.org.sv\/sspas"},{"label":"Proyectos","link":"https:\/\/sspas.org.sv\/sspas\/project\/"},{"label":"Otros","link":"https:\/\/sspas.org.sv\/sspas\/project_category\/otros\/"},{"label":"Monitor del uso de la fuerza letal en Am\u00e9rica Latina y el Caribe","link":"https:\/\/sspas.org.sv\/sspas\/project\/monitor-del-uso-de-la-fuerza-letal-en-america-latina-y-el-caribe\/"}],"jetpack_sharing_enabled":true,"_links":{"self":[{"href":"https:\/\/sspas.org.sv\/sspas\/wp-json\/wp\/v2\/project\/2682","targetHints":{"allow":["GET"]}}],"collection":[{"href":"https:\/\/sspas.org.sv\/sspas\/wp-json\/wp\/v2\/project"}],"about":[{"href":"https:\/\/sspas.org.sv\/sspas\/wp-json\/wp\/v2\/types\/project"}],"author":[{"embeddable":true,"href":"https:\/\/sspas.org.sv\/sspas\/wp-json\/wp\/v2\/users\/3"}],"replies":[{"embeddable":true,"href":"https:\/\/sspas.org.sv\/sspas\/wp-json\/wp\/v2\/comments?post=2682"}],"version-history":[{"count":3,"href":"https:\/\/sspas.org.sv\/sspas\/wp-json\/wp\/v2\/project\/2682\/revisions"}],"predecessor-version":[{"id":2686,"href":"https:\/\/sspas.org.sv\/sspas\/wp-json\/wp\/v2\/project\/2682\/revisions\/2686"}],"wp:attachment":[{"href":"https:\/\/sspas.org.sv\/sspas\/wp-json\/wp\/v2\/media?parent=2682"}],"wp:term":[{"taxonomy":"project_category","embeddable":true,"href":"https:\/\/sspas.org.sv\/sspas\/wp-json\/wp\/v2\/project_category?post=2682"},{"taxonomy":"project_tag","embeddable":true,"href":"https:\/\/sspas.org.sv\/sspas\/wp-json\/wp\/v2\/project_tag?post=2682"}],"curies":[{"name":"wp","href":"https:\/\/api.w.org\/{rel}","templated":true}]}}