{"id":54,"date":"2019-07-25T16:12:24","date_gmt":"2019-07-25T16:12:24","guid":{"rendered":"https:\/\/sspas.org.sv\/sspas\/?page_id=54"},"modified":"2022-11-17T16:28:15","modified_gmt":"2022-11-17T16:28:15","slug":"formacionyempleo","status":"publish","type":"page","link":"https:\/\/sspas.org.sv\/sspas\/formacionyempleo\/","title":{"rendered":"Formaci\u00f3n y Empleo"},"content":{"rendered":"<p>[et_pb_section fb_built=\u00bb1&#8243; next_background_color=\u00bb#ffffff\u00bb admin_label=\u00bbHero Section\u00bb _builder_version=\u00bb4.16.0&#8243; use_background_color_gradient=\u00bbon\u00bb background_color_gradient_stops=\u00bbrgba(0,0,0,0.4) 0%|rgba(0,0,0,0.4) 100%\u00bb background_color_gradient_start=\u00bbrgba(0,0,0,0.4)\u00bb background_color_gradient_end=\u00bbrgba(0,0,0,0.4)\u00bb background_image=\u00bbhttps:\/\/sspas.org.sv\/sspas\/wp-content\/uploads\/2019\/08\/OEP-BANNER1.jpg\u00bb min_height=\u00bb412px\u00bb custom_margin=\u00bb||2px|||\u00bb custom_padding=\u00bb6%||5.1%|||\u00bb bottom_divider_style=\u00bbslant\u00bb bottom_divider_height=\u00bb60px\u00bb background_last_edited=\u00bbon|desktop\u00bb global_colors_info=\u00bb{}\u00bb background_color_gradient_direction__hover=\u00bb180deg\u00bb background_color_gradient_direction__hover_enabled=\u00bb180deg\u00bb background_color_gradient_start_position__hover=\u00bb0%\u00bb background_color_gradient_start_position__hover_enabled=\u00bb0%\u00bb background_color_gradient_end_position__hover=\u00bb100%\u00bb background_color_gradient_end_position__hover_enabled=\u00bb100%\u00bb][et_pb_row admin_label=\u00bbPage Title Area\u00bb _builder_version=\u00bb4.16&#8243; global_colors_info=\u00bb{}\u00bb][et_pb_column type=\u00bb4_4&#8243; _builder_version=\u00bb4.16&#8243; custom_padding=\u00bb|||\u00bb global_colors_info=\u00bb{}\u00bb custom_padding__hover=\u00bb|||\u00bb][et_pb_text content_tablet=\u00bb<\/p>\n<p>PROGRAMA<\/p>\n<h1>formaci\u00f3n y empleo<\/h1>\n<p>\u00bb content_phone=\u00bb<\/p>\n<p>PROGRAMA<\/p>\n<h1>formaci\u00f3n y empleo<\/h1>\n<p>\u00bb content_last_edited=\u00bbon|phone\u00bb admin_label=\u00bbHero Section Title\u00bb _builder_version=\u00bb4.16.0&#8243; text_font_size=\u00bb30px\u00bb text_line_height=\u00bb1.8em\u00bb header_font=\u00bbRoboto|600||on|||||\u00bb header_font_size=\u00bb48px\u00bb header_letter_spacing=\u00bb3px\u00bb header_line_height=\u00bb1.3em\u00bb header_2_font=\u00bbMontserrat|700|||||||\u00bb header_2_text_color=\u00bbrgba(255,255,255,0.6)\u00bb header_2_font_size=\u00bb90px\u00bb header_2_letter_spacing=\u00bb3px\u00bb header_2_line_height=\u00bb1.1em\u00bb text_orientation=\u00bbcenter\u00bb background_layout=\u00bbdark\u00bb max_width=\u00bb700px\u00bb module_alignment=\u00bbcenter\u00bb custom_margin=\u00bb|||\u00bb custom_padding=\u00bb64px|||||\u00bb animation_style=\u00bbfade\u00bb animation_direction=\u00bbbottom\u00bb header_font_size_tablet=\u00bb\u00bb header_font_size_phone=\u00bb28px\u00bb header_font_size_last_edited=\u00bbon|phone\u00bb header_2_font_size_tablet=\u00bb\u00bb header_2_font_size_phone=\u00bb50px\u00bb header_2_font_size_last_edited=\u00bbon|phone\u00bb global_colors_info=\u00bb{}\u00bb]<\/p>\n<p>PROGRAMA<\/p>\n<h1>formaci\u00f3n y empleo<\/h1>\n<p>[\/et_pb_text][\/et_pb_column][\/et_pb_row][\/et_pb_section][et_pb_section fb_built=\u00bb1&#8243; _builder_version=\u00bb4.16.0&#8243; _module_preset=\u00bbdefault\u00bb global_colors_info=\u00bb{}\u00bb][et_pb_row _builder_version=\u00bb4.16.0&#8243; _module_preset=\u00bbdefault\u00bb global_colors_info=\u00bb{}\u00bb][et_pb_column type=\u00bb4_4&#8243; _builder_version=\u00bb4.16.0&#8243; _module_preset=\u00bbdefault\u00bb global_colors_info=\u00bb{}\u00bb][et_pb_text _builder_version=\u00bb4.16.0&#8243; header_2_font=\u00bbRoboto|600||on|||||\u00bb header_2_text_color=\u00bb#243061&#8243; global_colors_info=\u00bb{}\u00bb]<\/p>\n<h2>Memoria de Labores 2021<\/h2>\n<p>[\/et_pb_text][et_pb_video src=\u00bbhttps:\/\/www.youtube.com\/watch?v=kYK4E-rhHAo\u00bb _builder_version=\u00bb4.16.0&#8243; _module_preset=\u00bbdefault\u00bb global_colors_info=\u00bb{}\u00bb][\/et_pb_video][\/et_pb_column][\/et_pb_row][\/et_pb_section][et_pb_section fb_built=\u00bb1&#8243; admin_label=\u00bbAbout Me Section\u00bb _builder_version=\u00bb4.16&#8243; custom_margin=\u00bb-22px|||||\u00bb custom_padding=\u00bb110px||110px|\u00bb global_colors_info=\u00bb{}\u00bb][et_pb_row column_structure=\u00bb1_2,1_4,1_4&#8243; admin_label=\u00bbAbout Me Area\u00bb _builder_version=\u00bb4.16&#8243; global_colors_info=\u00bb{}\u00bb][et_pb_column type=\u00bb1_2&#8243; _builder_version=\u00bb4.16&#8243; custom_padding=\u00bb|||\u00bb global_colors_info=\u00bb{}\u00bb custom_padding__hover=\u00bb|||\u00bb][et_pb_text _builder_version=\u00bb4.16&#8243; text_font=\u00bb||||||||\u00bb text_font_size=\u00bb16px\u00bb text_line_height=\u00bb1.8em\u00bb header_2_font=\u00bbRoboto|600||on|||||\u00bb header_2_text_color=\u00bb#243061&#8243; text_orientation=\u00bbjustify\u00bb max_width=\u00bb90%\u00bb custom_margin=\u00bb|||\u00bb animation_style=\u00bbflip\u00bb animation_direction=\u00bbleft\u00bb animation_intensity_flip=\u00bb30%\u00bb text_text_align=\u00bbjustify\u00bb global_colors_info=\u00bb{}\u00bb]<\/p>\n<h2><span data-contrast=\"auto\" class=\"TextRun SCXW57745519 BCX0\" xml:lang=\"ES-SV\" lang=\"ES-SV\"><span class=\"NormalTextRun SCXW57745519 BCX0\">Programa de formaci\u00f3n y empleo<\/span><\/span><\/h2>\n<p><span data-contrast=\"auto\" class=\"TextRun SCXW57745519 BCX0\" xml:lang=\"ES-SV\" lang=\"ES-SV\"><span class=\"NormalTextRun SCXW57745519 BCX0\">El programa pretende incidir en el acceso a una educaci\u00f3n integral que favorezca oportunidades laborales dignas, por medio de una formaci\u00f3n integral que fortalecer\u00e1 en las juventudes conocimientos acad\u00e9micos y sociales generando un marco de respeto a los principios democr\u00e1ticos, convivencia, inclusi\u00f3n a la diversidad, Derechos Humanos y libertades fundamentales.<\/span><\/span>[\/et_pb_text][\/et_pb_column][et_pb_column type=\u00bb1_4&#8243; _builder_version=\u00bb4.16&#8243; custom_padding=\u00bb|||\u00bb global_colors_info=\u00bb{}\u00bb custom_padding__hover=\u00bb|||\u00bb][et_pb_number_counter title=\u00bbCURSOS\u00bb number=\u00bb245&#8243; percent_sign=\u00bboff\u00bb _builder_version=\u00bb4.16&#8243; title_font=\u00bbRoboto||||||||\u00bb title_text_color=\u00bb#666666&#8243; number_font=\u00bbRoboto|600|||||||\u00bb number_font_size=\u00bb48px\u00bb number_line_height=\u00bb100px\u00bb background_color=\u00bb#ffffff\u00bb custom_padding=\u00bb10px||30px|\u00bb animation_style=\u00bbslide\u00bb animation_direction=\u00bbleft\u00bb animation_intensity_slide=\u00bb20%\u00bb animation_starting_opacity=\u00bb100%\u00bb border_radii=\u00bbon|3px|3px|3px|3px\u00bb border_color_all=\u00bb#6eb632&#8243; border_width_left=\u00bb6px\u00bb box_shadow_style=\u00bbpreset2&#8243; box_shadow_horizontal=\u00bb0px\u00bb box_shadow_vertical=\u00bb7px\u00bb box_shadow_blur=\u00bb23px\u00bb box_shadow_color=\u00bbrgba(0,0,0,0.05)\u00bb global_colors_info=\u00bb{}\u00bb][\/et_pb_number_counter][et_pb_number_counter title=\u00bbCOMUNIDADES\u00bb number=\u00bb25 \u00bb percent_sign=\u00bboff\u00bb _builder_version=\u00bb4.16&#8243; title_font=\u00bbRoboto||||||||\u00bb title_text_color=\u00bb#666666&#8243; number_font=\u00bbRoboto|600|||||||\u00bb number_font_size=\u00bb48px\u00bb number_line_height=\u00bb100px\u00bb background_color=\u00bb#ffffff\u00bb custom_padding=\u00bb10px||30px|\u00bb animation_style=\u00bbslide\u00bb animation_direction=\u00bbbottom\u00bb animation_intensity_slide=\u00bb20%\u00bb animation_starting_opacity=\u00bb100%\u00bb border_radii=\u00bbon|3px|3px|3px|3px\u00bb border_width_left=\u00bb6px\u00bb border_color_left=\u00bb#6eb632&#8243; box_shadow_style=\u00bbpreset2&#8243; box_shadow_horizontal=\u00bb0px\u00bb box_shadow_vertical=\u00bb7px\u00bb box_shadow_blur=\u00bb23px\u00bb box_shadow_color=\u00bbrgba(0,0,0,0.05)\u00bb global_colors_info=\u00bb{}\u00bb][\/et_pb_number_counter][\/et_pb_column][et_pb_column type=\u00bb1_4&#8243; _builder_version=\u00bb4.16&#8243; custom_padding=\u00bb|||\u00bb global_colors_info=\u00bb{}\u00bb custom_padding__hover=\u00bb|||\u00bb][et_pb_number_counter title=\u00bbESTUDIANTES INSCRITOS\/AS\u00bb number=\u00bb1200&#8243; percent_sign=\u00bboff\u00bb _builder_version=\u00bb4.16&#8243; title_font=\u00bbRoboto||||||||\u00bb title_text_color=\u00bb#666666&#8243; number_font=\u00bbRoboto|600|||||||\u00bb number_font_size=\u00bb48px\u00bb number_line_height=\u00bb100px\u00bb background_color=\u00bb#ffffff\u00bb custom_padding=\u00bb10px||30px|\u00bb animation_style=\u00bbslide\u00bb animation_direction=\u00bbtop\u00bb animation_intensity_slide=\u00bb20%\u00bb animation_starting_opacity=\u00bb100%\u00bb border_radii=\u00bbon|3px|3px|3px|3px\u00bb border_width_left=\u00bb6px\u00bb border_color_left=\u00bb#6eb632&#8243; box_shadow_style=\u00bbpreset2&#8243; box_shadow_horizontal=\u00bb0px\u00bb box_shadow_vertical=\u00bb7px\u00bb box_shadow_blur=\u00bb23px\u00bb box_shadow_color=\u00bbrgba(0,0,0,0.05)\u00bb global_colors_info=\u00bb{}\u00bb][\/et_pb_number_counter][et_pb_number_counter title=\u00bbSEDES\u00bb number=\u00bb2&#8243; percent_sign=\u00bboff\u00bb _builder_version=\u00bb4.16&#8243; title_font=\u00bbRoboto||||||||\u00bb title_text_color=\u00bb#666666&#8243; number_font=\u00bbRoboto|600|||||||\u00bb number_font_size=\u00bb48px\u00bb number_line_height=\u00bb100px\u00bb background_color=\u00bb#ffffff\u00bb custom_padding=\u00bb10px||30px|\u00bb animation_style=\u00bbslide\u00bb animation_direction=\u00bbright\u00bb animation_intensity_slide=\u00bb20%\u00bb animation_starting_opacity=\u00bb100%\u00bb border_radii=\u00bbon|3px|3px|3px|3px\u00bb border_width_left=\u00bb6px\u00bb border_color_left=\u00bb#6eb632&#8243; box_shadow_style=\u00bbpreset2&#8243; box_shadow_horizontal=\u00bb0px\u00bb box_shadow_vertical=\u00bb7px\u00bb box_shadow_blur=\u00bb23px\u00bb box_shadow_color=\u00bbrgba(0,0,0,0.05)\u00bb global_colors_info=\u00bb{}\u00bb][\/et_pb_number_counter][\/et_pb_column][\/et_pb_row][\/et_pb_section][et_pb_section fb_built=\u00bb1&#8243; admin_label=\u00bbQuote Section\u00bb _builder_version=\u00bb4.16&#8243; use_background_color_gradient=\u00bbon\u00bb background_color_gradient_direction=\u00bb105deg\u00bb background_color_gradient_stops=\u00bbrgba(43,135,218,0) 55%|#ffffff 55%\u00bb background_color_gradient_start=\u00bbrgba(43,135,218,0)\u00bb background_color_gradient_start_position=\u00bb55%\u00bb background_color_gradient_end=\u00bb#ffffff\u00bb background_color_gradient_end_position=\u00bb0%\u00bb background_image=\u00bbhttps:\/\/sspas.org.sv\/sspas\/wp-content\/uploads\/2019\/12\/30-scaled.jpg\u00bb parallax=\u00bbon\u00bb custom_padding=\u00bb110px||110px|\u00bb global_colors_info=\u00bb{}\u00bb][et_pb_row column_structure=\u00bb1_3,2_3&#8243; admin_label=\u00bbQuote Area\u00bb _builder_version=\u00bb4.16&#8243; global_colors_info=\u00bb{}\u00bb][et_pb_column type=\u00bb1_3&#8243; _builder_version=\u00bb4.16&#8243; custom_padding=\u00bb|||\u00bb global_colors_info=\u00bb{}\u00bb custom_padding__hover=\u00bb|||\u00bb][\/et_pb_column][et_pb_column type=\u00bb2_3&#8243; _builder_version=\u00bb4.16&#8243; custom_padding=\u00bb|||\u00bb global_colors_info=\u00bb{}\u00bb custom_padding__hover=\u00bb|||\u00bb][et_pb_text admin_label=\u00bbTitle\u00bb _builder_version=\u00bb4.16&#8243; text_text_color=\u00bb#333333&#8243; text_line_height=\u00bb1.8em\u00bb link_font=\u00bb||||on|||#f46624|\u00bb link_text_color=\u00bb#333333&#8243; header_font=\u00bb||||||||\u00bb background_color=\u00bb#ffffff\u00bb text_orientation=\u00bbjustify\u00bb max_width=\u00bb800px\u00bb module_alignment=\u00bbcenter\u00bb custom_margin=\u00bb||40px|\u00bb custom_padding=\u00bb91px|20px|48px|20px|false|false\u00bb animation_direction=\u00bbright\u00bb text_text_align=\u00bbjustify\u00bb global_colors_info=\u00bb{}\u00bb]<\/p>\n<p><b><span data-contrast=\"auto\">\u00c1rea de Educaci\u00f3n Integral\u00a0\u00a0<\/span><\/b><span data-ccp-props=\"{&quot;201341983&quot;:0,&quot;335551550&quot;:6,&quot;335551620&quot;:6,&quot;335559739&quot;:160,&quot;335559740&quot;:259}\">\u00a0<\/span><\/p>\n<p>El \u00e1rea ejecuta dos l\u00edneas de trabajo:<\/p>\n<ol>\n<li>El fortalecimiento del proyecto de vida de j\u00f3venes que les permita acceder a oportunidades educativas (formales y no formales) promoviendo espacios de reflexi\u00f3n y de empoderamiento en el ejercicio de sus derechos humanos.<\/li>\n<li style=\"text-align: justify;\">El fortalecimiento a las empresas privadas, instituciones p\u00fablicas e instituciones educativas por medio de la sensibilizaci\u00f3n en el manejo de enfoques de derechos humanos, educaci\u00f3n para la paz y g\u00e9nero.<\/li>\n<\/ol>\n<p>&nbsp;<\/p>\n<p><span data-contrast=\"auto\">\u00a0<\/span><span data-contrast=\"auto\">\u00a0<\/span><span data-ccp-props=\"{&quot;201341983&quot;:0,&quot;335551550&quot;:6,&quot;335551620&quot;:6,&quot;335559739&quot;:160,&quot;335559740&quot;:259}\">\u00a0<\/span><\/p>\n<p><span data-ccp-props=\"{&quot;201341983&quot;:0,&quot;335559739&quot;:160,&quot;335559740&quot;:259}\">\u00a0<\/span><\/p>\n<p>[\/et_pb_text][\/et_pb_column][\/et_pb_row][\/et_pb_section][et_pb_section fb_built=\u00bb1&#8243; admin_label=\u00bbQuote Section\u00bb _builder_version=\u00bb4.16&#8243; use_background_color_gradient=\u00bbon\u00bb background_color_gradient_direction=\u00bb105deg\u00bb background_color_gradient_stops=\u00bbrgba(43,135,218,0) 55%|#ffffff 55%\u00bb background_color_gradient_start=\u00bbrgba(43,135,218,0)\u00bb background_color_gradient_start_position=\u00bb55%\u00bb background_color_gradient_end=\u00bb#ffffff\u00bb background_color_gradient_end_position=\u00bb0%\u00bb background_image=\u00bbhttps:\/\/sspas.org.sv\/sspas\/wp-content\/uploads\/2019\/12\/IMG_0381-scaled.jpg\u00bb parallax=\u00bbon\u00bb custom_padding=\u00bb110px||110px|\u00bb global_colors_info=\u00bb{}\u00bb][et_pb_row column_structure=\u00bb3_5,2_5&#8243; admin_label=\u00bbQuote Area\u00bb _builder_version=\u00bb4.16&#8243; custom_margin=\u00bb|auto|-173px|auto||\u00bb global_colors_info=\u00bb{}\u00bb][et_pb_column type=\u00bb3_5&#8243; _builder_version=\u00bb4.16&#8243; custom_padding=\u00bb|||\u00bb global_colors_info=\u00bb{}\u00bb custom_padding__hover=\u00bb|||\u00bb][et_pb_text admin_label=\u00bbTitle\u00bb _builder_version=\u00bb4.16&#8243; text_text_color=\u00bb#333333&#8243; text_font_size=\u00bb20px\u00bb text_line_height=\u00bb1.8em\u00bb link_font=\u00bb||||on|||#f46624|\u00bb link_text_color=\u00bb#333333&#8243; header_font=\u00bb||||||||\u00bb background_color=\u00bb#ffffff\u00bb text_orientation=\u00bbjustify\u00bb max_width=\u00bb800px\u00bb module_alignment=\u00bbcenter\u00bb min_height=\u00bb575px\u00bb custom_margin=\u00bb||40px|\u00bb custom_padding=\u00bb67px|80px|27px|80px|false|false\u00bb animation_direction=\u00bbleft\u00bb text_text_align=\u00bbjustify\u00bb global_colors_info=\u00bb{}\u00bb]<b><span data-contrast=\"auto\">\u00c1rea de Empleabilidad&nbsp;<\/span><\/b><span data-ccp-props=\"{&quot;201341983&quot;:0,&quot;335551550&quot;:6,&quot;335551620&quot;:6,&quot;335559739&quot;:160,&quot;335559740&quot;:259}\">&nbsp;<\/span><\/p>\n<p>1. Busca que mujeres y hombres conozcan rutas de atenci\u00f3n a vulneraci\u00f3n de derechos laborales.<\/p>\n<p>2. Desarrolla un modelo de un relacionamiento pol\u00edtico dirigido a empresas, instituciones del estado relacionadas al trabajo digno y otras entidades.<\/p>\n<p>3. Sistematiza casos de vulneraci\u00f3n de derechos laborales en la poblaci\u00f3n joven, espec\u00edficamente mujeres j\u00f3venes.<\/p>\n<p><span data-contrast=\"auto\" style=\"font-size: 20px;\">&nbsp;&nbsp;<\/span><span data-ccp-props=\"{&quot;201341983&quot;:0,&quot;335551550&quot;:6,&quot;335551620&quot;:6,&quot;335559739&quot;:160,&quot;335559740&quot;:259}\" style=\"font-size: 20px;\">&nbsp;<\/span><\/p>\n<p><span data-ccp-props=\"{&quot;201341983&quot;:0,&quot;335559739&quot;:160,&quot;335559740&quot;:259}\">&nbsp;<\/span>[\/et_pb_text][\/et_pb_column][et_pb_column type=\u00bb2_5&#8243; _builder_version=\u00bb4.16&#8243; custom_padding=\u00bb|||\u00bb global_colors_info=\u00bb{}\u00bb custom_padding__hover=\u00bb|||\u00bb][\/et_pb_column][\/et_pb_row][\/et_pb_section][et_pb_section fb_built=\u00bb1&#8243; _builder_version=\u00bb4.16.0&#8243; _module_preset=\u00bbdefault\u00bb width=\u00bb100%\u00bb max_width_tablet=\u00bb\u00bb max_width_phone=\u00bb100%\u00bb max_width_last_edited=\u00bbon|phone\u00bb global_colors_info=\u00bb{}\u00bb][et_pb_row column_structure=\u00bb1_2,1_2&#8243; _builder_version=\u00bb4.16.0&#8243; _module_preset=\u00bbdefault\u00bb global_colors_info=\u00bb{}\u00bb][et_pb_column type=\u00bb1_2&#8243; _builder_version=\u00bb4.16.0&#8243; _module_preset=\u00bbdefault\u00bb global_colors_info=\u00bb{}\u00bb][et_pb_text _builder_version=\u00bb4.17.3&#8243; _module_preset=\u00bbdefault\u00bb header_font=\u00bbRoboto|100|||||||\u00bb global_colors_info=\u00bb{}\u00bb]<\/p>\n<h4 style=\"text-align: justify;\"><img decoding=\"async\" data-src=\"https:\/\/sspas.org.sv\/sspas\/wp-content\/uploads\/2022\/04\/Social-Media-Square-Lanzamiento-Post-Verde-Invertido-300x300.jpg\" alt=\"\" class=\"wp-image-2810 alignnone size-medium lazyload\" width=\"300\" height=\"300\" src=\"data:image\/svg+xml;base64,PHN2ZyB3aWR0aD0iMSIgaGVpZ2h0PSIxIiB4bWxucz0iaHR0cDovL3d3dy53My5vcmcvMjAwMC9zdmciPjwvc3ZnPg==\" style=\"--smush-placeholder-width: 300px; --smush-placeholder-aspect-ratio: 300\/300;\" \/><\/h4>\n<h4 style=\"text-align: justify;\">Observatorio de Derechos Laborales<\/h4>\n<h4 style=\"text-align: justify;\">Programa de Formaci\u00f3n y Empleo, ante el contexto laboral de constantes vulneraciones a los derechos laborales a personas j\u00f3venes en El Salvador, desarroll\u00f3 e implement\u00f3 en noviembre de 2020 la \u00abEstrategia de Atenci\u00f3n Integral dirigida a Personas J\u00f3venes V\u00edctimas de vulneraciones de Derechos Laborales\u00bb teniendo como meta principal que mujeres y hombres j\u00f3venes que enfrentan vulneraciones a sus derechos laborales, acceden a una atenci\u00f3n integral, por medio de mecanismos de protecci\u00f3n, que faciliten la reparaci\u00f3n m\u00ednima de sus garant\u00edas laborales, as\u00ed como la b\u00fasqueda de acciones de prevenci\u00f3n ante esas desigualdades.<\/h4>\n<p>[\/et_pb_text][\/et_pb_column][et_pb_column type=\u00bb1_2&#8243; _builder_version=\u00bb4.16.0&#8243; _module_preset=\u00bbdefault\u00bb global_colors_info=\u00bb{}\u00bb][et_pb_slider _builder_version=\u00bb4.17.4&#8243; _module_preset=\u00bbdefault\u00bb background_color=\u00bb#4a4898&#8243; use_background_color_gradient=\u00bbon\u00bb background_color_gradient_stops=\u00bb#4a4898 0%|#29c4a9 100%\u00bb background_image=\u00bbhttps:\/\/sspas.org.sv\/sspas\/wp-content\/uploads\/2022\/04\/Gastronomia-Internacional-2.jpg\u00bb background_enable_mask_style=\u00bbon\u00bb background_mask_style=\u00bbchevrons\u00bb custom_margin=\u00bb|-107px||||\u00bb link_option_url=\u00bbhttps:\/\/sspas.org.sv\/sspas\/cfo\/\u00bb global_colors_info=\u00bb{}\u00bb][et_pb_slide heading=\u00bbCursos del Centro de Formaci\u00f3n y Orientaci\u00f3n\u00bb button_text=\u00bbM\u00e1s informaci\u00f3n\u00bb button_link=\u00bbhttps:\/\/sspas.org.sv\/sspas\/cfo\/\u00bb image=\u00bbhttps:\/\/sspas.org.sv\/sspas\/wp-content\/uploads\/2022\/06\/cosmetologia-bpasica.jpg\u00bb _builder_version=\u00bb4.17.4&#8243; _module_preset=\u00bbdefault\u00bb header_level=\u00bbh1&#8243; header_font=\u00bbRoboto|700|||||||\u00bb header_text_align=\u00bbcenter\u00bb header_font_size=\u00bb51px\u00bb body_text_align=\u00bbcenter\u00bb background_color=\u00bb#4a4898&#8243; background_enable_color=\u00bbon\u00bb background_enable_image=\u00bboff\u00bb background_enable_mask_style=\u00bbon\u00bb background_mask_style=\u00bbpaint\u00bb background_mask_color=\u00bb#4a4898&#8243; global_colors_info=\u00bb{}\u00bb sticky_transition=\u00bbon\u00bb]<\/p>\n<p><span style=\"color: #ffffff;\">Cursos desarrollados por el centro de formaci\u00f3n y orientaci\u00f3n del programa de Formaci\u00f3n y Empleo del Servicio Social Pasionista.<\/span><\/p>\n<p>[\/et_pb_slide][et_pb_slide heading=\u00bbCursos del Centro de Formaci\u00f3n y Orientaci\u00f3n\u00bb button_text=\u00bbM\u00e1s informaci\u00f3n\u00bb button_link=\u00bbhttps:\/\/sspas.org.sv\/sspas\/cfo\/\u00bb image=\u00bbhttps:\/\/sspas.org.sv\/sspas\/wp-content\/uploads\/2022\/06\/Estrategias-de-Marketing-1.jpg\u00bb _builder_version=\u00bb4.17.4&#8243; _module_preset=\u00bbdefault\u00bb header_level=\u00bbh1&#8243; header_font=\u00bbRoboto|700|||||||\u00bb header_text_align=\u00bbcenter\u00bb header_font_size=\u00bb51px\u00bb body_text_align=\u00bbcenter\u00bb background_color=\u00bb#4a4898&#8243; background_enable_color=\u00bbon\u00bb background_enable_image=\u00bboff\u00bb background_enable_mask_style=\u00bbon\u00bb background_mask_style=\u00bbpaint\u00bb background_mask_color=\u00bb#4a4898&#8243; global_colors_info=\u00bb{}\u00bb sticky_transition=\u00bbon\u00bb]<\/p>\n<p><span style=\"color: #ffffff;\">Cursos desarrollados por el centro de formaci\u00f3n y orientaci\u00f3n del programa de Formaci\u00f3n y Empleo del Servicio Social Pasionista.<\/span><\/p>\n<p>[\/et_pb_slide][et_pb_slide heading=\u00bbCursos del Centro de Formaci\u00f3n y Orientaci\u00f3n\u00bb button_text=\u00bbM\u00e1s informaci\u00f3n\u00bb button_link=\u00bbhttps:\/\/sspas.org.sv\/sspas\/cfo\/\u00bb image=\u00bbhttps:\/\/sspas.org.sv\/sspas\/wp-content\/uploads\/2022\/06\/CM.jpg\u00bb _builder_version=\u00bb4.17.4&#8243; _module_preset=\u00bbdefault\u00bb header_level=\u00bbh1&#8243; header_font=\u00bbRoboto|700|||||||\u00bb header_text_align=\u00bbcenter\u00bb header_font_size=\u00bb51px\u00bb body_text_align=\u00bbcenter\u00bb background_color=\u00bb#4a4898&#8243; background_enable_color=\u00bbon\u00bb background_enable_image=\u00bboff\u00bb background_enable_mask_style=\u00bbon\u00bb background_mask_style=\u00bbpaint\u00bb background_mask_color=\u00bb#4a4898&#8243; global_colors_info=\u00bb{}\u00bb sticky_transition=\u00bbon\u00bb]<\/p>\n<p><span style=\"color: #ffffff;\">Cursos desarrollados por el centro de formaci\u00f3n y orientaci\u00f3n del programa de Formaci\u00f3n y Empleo del Servicio Social Pasionista.<\/span><\/p>\n<p>[\/et_pb_slide][et_pb_slide heading=\u00bbCursos de insaforp\u00bb button_text=\u00bbM\u00e1s informaci\u00f3n\u00bb button_link=\u00bbhttps:\/\/sspas.org.sv\/sspas\/cfo\/\u00bb image=\u00bbhttps:\/\/sspas.org.sv\/sspas\/wp-content\/uploads\/2022\/05\/plantilla-afiche-mexicana_Page_1.jpg\u00bb _builder_version=\u00bb4.17.4&#8243; _module_preset=\u00bbdefault\u00bb header_level=\u00bbh2&#8243; header_font=\u00bbRoboto|700|||||||\u00bb header_text_align=\u00bbcenter\u00bb body_text_align=\u00bbcenter\u00bb background_color=\u00bb#4a4898&#8243; background_enable_color=\u00bbon\u00bb background_enable_image=\u00bboff\u00bb background_enable_mask_style=\u00bbon\u00bb background_mask_style=\u00bbpaint\u00bb background_mask_color=\u00bb#4a4898&#8243; global_colors_info=\u00bb{}\u00bb sticky_transition=\u00bbon\u00bb]<\/p>\n<p>Cursos de formaci\u00f3n profesional. En el marco del programa de Formaci\u00f3n Inicial T\u00e9cnica Permanente del Instituto Salvadore\u00f1o de Formaci\u00f3n Profesional (INSAFORP), el Centro de Formaci\u00f3n del Servicio Social Pasionista.<\/p>\n<p>[\/et_pb_slide][\/et_pb_slider][\/et_pb_column][\/et_pb_row][\/et_pb_section][et_pb_section fb_built=\u00bb1&#8243; _builder_version=\u00bb4.17.3&#8243; _module_preset=\u00bbdefault\u00bb background_color=\u00bb#4a4898&#8243; global_colors_info=\u00bb{}\u00bb][et_pb_row column_structure=\u00bb1_3,1_3,1_3&#8243; _builder_version=\u00bb4.17.3&#8243; _module_preset=\u00bbdefault\u00bb global_colors_info=\u00bb{}\u00bb][et_pb_column type=\u00bb1_3&#8243; _builder_version=\u00bb4.17.3&#8243; _module_preset=\u00bbdefault\u00bb global_colors_info=\u00bb{}\u00bb][et_pb_gallery gallery_ids=\u00bb3033,3032,3031,3030,3029,3028,3027,3026,3025,3023,3020,2997,2995&#8243; fullwidth=\u00bbon\u00bb _builder_version=\u00bb4.17.3&#8243; _module_preset=\u00bbdefault\u00bb global_colors_info=\u00bb{}\u00bb][\/et_pb_gallery][\/et_pb_column][et_pb_column type=\u00bb1_3&#8243; _builder_version=\u00bb4.17.3&#8243; _module_preset=\u00bbdefault\u00bb global_colors_info=\u00bb{}\u00bb][et_pb_gallery gallery_ids=\u00bb3018,3024,3017,3016,3015,3014,3012,3013,3011,3010,3009,3008,3007,3004,2996,2995,2994&#8243; fullwidth=\u00bbon\u00bb _builder_version=\u00bb4.17.3&#8243; _module_preset=\u00bbdefault\u00bb global_colors_info=\u00bb{}\u00bb][\/et_pb_gallery][\/et_pb_column][et_pb_column _builder_version=\u00bb4.19.0&#8243; _module_preset=\u00bbdefault\u00bb type=\u00bb1_3&#8243;][et_pb_gallery _builder_version=\u00bb4.19.0&#8243; _module_preset=\u00bbdefault\u00bb gallery_ids=\u00bb3360,3359,3358,3357&#8243; gallery_orderby=\u00bbrand\u00bb fullwidth=\u00bbon\u00bb hover_enabled=\u00bb0&#8243; sticky_enabled=\u00bb0&#8243;][\/et_pb_gallery][\/et_pb_column][\/et_pb_row][\/et_pb_section][et_pb_section fb_built=\u00bb1&#8243; admin_label=\u00bbFooter\u00bb _builder_version=\u00bb4.16&#8243; background_color=\u00bb#243061&#8243; custom_padding=\u00bb60px||60px||true|false\u00bb saved_tabs=\u00bball\u00bb global_colors_info=\u00bb{}\u00bb][et_pb_row column_structure=\u00bb1_2,1_2&#8243; _builder_version=\u00bb4.16&#8243; background_color=\u00bb#243061&#8243; width=\u00bb100%\u00bb border_width_bottom=\u00bb20px\u00bb border_color_bottom=\u00bb#243061&#8243; global_colors_info=\u00bb{}\u00bb][et_pb_column type=\u00bb1_2&#8243; _builder_version=\u00bb4.16&#8243; custom_padding=\u00bb|||\u00bb global_colors_info=\u00bb{}\u00bb custom_padding__hover=\u00bb|||\u00bb][et_pb_image src=\u00bbhttps:\/\/sspas.org.sv\/sspas\/wp-content\/uploads\/2019\/08\/logo-sspas.png\u00bb _builder_version=\u00bb4.16&#8243; width=\u00bb65.9%\u00bb module_alignment=\u00bbleft\u00bb custom_margin=\u00bb|394px|15px|0px|false|false\u00bb custom_padding=\u00bb|||30px|false|false\u00bb always_center_on_mobile=\u00bboff\u00bb global_colors_info=\u00bb{}\u00bb][\/et_pb_image][\/et_pb_column][et_pb_column type=\u00bb1_2&#8243; _builder_version=\u00bb4.16&#8243; custom_padding=\u00bb|||\u00bb global_colors_info=\u00bb{}\u00bb custom_padding__hover=\u00bb|||\u00bb][et_pb_text _builder_version=\u00bb4.16&#8243; text_font=\u00bb|600|||||||\u00bb text_text_color=\u00bb#ffffff\u00bb text_font_size=\u00bb17px\u00bb header_font=\u00bb||||||||\u00bb header_4_font=\u00bbRaleway|700|||||||\u00bb header_4_font_size=\u00bb22px\u00bb header_4_line_height=\u00bb1.4em\u00bb text_orientation=\u00bbcenter\u00bb background_layout=\u00bbdark\u00bb width=\u00bb100%\u00bb max_width=\u00bb100%\u00bb min_height=\u00bb68px\u00bb custom_margin=\u00bb||18px||false|false\u00bb custom_padding=\u00bb||0px|||\u00bb border_width_bottom=\u00bb2px\u00bb border_color_bottom=\u00bb#ffffff\u00bb border_style_bottom=\u00bbdotted\u00bb text_text_align=\u00bbcenter\u00bb global_colors_info=\u00bb{}\u00bb]<span data-contrast=\"auto\" class=\"TextRun SCXW208535376 BCX0\" xml:lang=\"ES-SV\" lang=\"ES-SV\"><span class=\"NormalTextRun SCXW208535376 BCX0\">Oficinas Centro de Formaci\u00f3n y Orientaci\u00f3n, Formaci\u00f3n y Empleo<\/span><\/span>[\/et_pb_text][et_pb_text _builder_version=\u00bb4.16&#8243; text_font=\u00bb||||||||\u00bb text_text_color=\u00bb#bbbbbb\u00bb text_line_height=\u00bb1.2em\u00bb text_orientation=\u00bbcenter\u00bb background_layout=\u00bbdark\u00bb header_line_height_tablet=\u00bb\u00bb header_line_height_phone=\u00bb\u00bb header_line_height_last_edited=\u00bbon|desktop\u00bb global_colors_info=\u00bb{}\u00bb]<span data-contrast=\"auto\">Urbanizaci\u00f3n Buenos Aires, Calle Aurora, Av. Alvarado&nbsp;<\/span><span data-contrast=\"auto\">N\u00b0<\/span><span data-contrast=\"auto\">&nbsp;103. San Salvador. Frente al parqueo del Ministerio de Hacienda (Tres Torres)<\/span><span data-contrast=\"auto\">,&nbsp;<\/span><span data-contrast=\"auto\">San Salvador<\/span><span data-contrast=\"auto\">.<\/span><span data-ccp-props=\"{&quot;201341983&quot;:0,&quot;335559739&quot;:160,&quot;335559740&quot;:259}\">&nbsp;<\/span><\/p>\n<p><span data-contrast=\"auto\">Tel: 2132-8600<\/span><span data-ccp-props=\"{&quot;201341983&quot;:0,&quot;335559739&quot;:160,&quot;335559740&quot;:259}\">&nbsp;<\/span>[\/et_pb_text][\/et_pb_column][\/et_pb_row][\/et_pb_section]<\/p>\n","protected":false},"excerpt":{"rendered":"<p>PROGRAMA formaci\u00f3n y empleoMemoria de Labores 2021Programa de formaci\u00f3n y empleo El programa pretende incidir en el acceso a una educaci\u00f3n integral que favorezca oportunidades laborales dignas, por medio de una formaci\u00f3n integral que fortalecer\u00e1 en las juventudes conocimientos acad\u00e9micos y sociales generando un marco de respeto a los principios democr\u00e1ticos, convivencia, inclusi\u00f3n a la [&hellip;]<\/p>\n","protected":false},"author":1,"featured_media":0,"parent":0,"menu_order":0,"comment_status":"closed","ping_status":"closed","template":"","meta":{"_et_pb_use_builder":"on","_et_pb_old_content":"","_et_gb_content_width":"","om_disable_all_campaigns":false,"_monsterinsights_skip_tracking":false,"_monsterinsights_sitenote_active":false,"_monsterinsights_sitenote_note":"","_monsterinsights_sitenote_category":0,"footnotes":""},"class_list":["post-54","page","type-page","status-publish","hentry"],"yoast_head":"<!-- This site is optimized with the Yoast SEO plugin v27.3 - https:\/\/yoast.com\/product\/yoast-seo-wordpress\/ -->\n<title>Formaci\u00f3n y Empleo - SSPAS<\/title>\n<meta name=\"robots\" content=\"index, follow, max-snippet:-1, max-image-preview:large, max-video-preview:-1\" \/>\n<link rel=\"canonical\" href=\"https:\/\/sspas.org.sv\/sspas\/formacionyempleo\/\" \/>\n<meta property=\"og:locale\" content=\"es_ES\" \/>\n<meta property=\"og:type\" content=\"article\" \/>\n<meta property=\"og:title\" content=\"Formaci\u00f3n y Empleo - SSPAS\" \/>\n<meta property=\"og:description\" content=\"PROGRAMA formaci\u00f3n y empleoMemoria de Labores 2021Programa de formaci\u00f3n y empleo El programa pretende incidir en el acceso a una educaci\u00f3n integral que favorezca oportunidades laborales dignas, por medio de una formaci\u00f3n integral que fortalecer\u00e1 en las juventudes conocimientos acad\u00e9micos y sociales generando un marco de respeto a los principios democr\u00e1ticos, convivencia, inclusi\u00f3n a la [&hellip;]\" \/>\n<meta property=\"og:url\" content=\"https:\/\/sspas.org.sv\/sspas\/formacionyempleo\/\" \/>\n<meta property=\"og:site_name\" content=\"SSPAS\" \/>\n<meta property=\"article:modified_time\" content=\"2022-11-17T16:28:15+00:00\" \/>\n<meta property=\"og:image\" content=\"https:\/\/sspas.org.sv\/sspas\/wp-content\/uploads\/2022\/04\/Social-Media-Square-Lanzamiento-Post-Verde-Invertido-300x300.jpg\" \/>\n<meta name=\"twitter:card\" content=\"summary_large_image\" \/>\n<meta name=\"twitter:label1\" content=\"Tiempo de lectura\" \/>\n\t<meta name=\"twitter:data1\" content=\"13 minutos\" \/>\n<script type=\"application\/ld+json\" class=\"yoast-schema-graph\">{\"@context\":\"https:\\\/\\\/schema.org\",\"@graph\":[{\"@type\":\"WebPage\",\"@id\":\"https:\\\/\\\/sspas.org.sv\\\/sspas\\\/formacionyempleo\\\/\",\"url\":\"https:\\\/\\\/sspas.org.sv\\\/sspas\\\/formacionyempleo\\\/\",\"name\":\"Formaci\u00f3n y Empleo - SSPAS\",\"isPartOf\":{\"@id\":\"https:\\\/\\\/sspas.org.sv\\\/sspas\\\/#website\"},\"primaryImageOfPage\":{\"@id\":\"https:\\\/\\\/sspas.org.sv\\\/sspas\\\/formacionyempleo\\\/#primaryimage\"},\"image\":{\"@id\":\"https:\\\/\\\/sspas.org.sv\\\/sspas\\\/formacionyempleo\\\/#primaryimage\"},\"thumbnailUrl\":\"https:\\\/\\\/sspas.org.sv\\\/sspas\\\/wp-content\\\/uploads\\\/2022\\\/04\\\/Social-Media-Square-Lanzamiento-Post-Verde-Invertido-300x300.jpg\",\"datePublished\":\"2019-07-25T16:12:24+00:00\",\"dateModified\":\"2022-11-17T16:28:15+00:00\",\"breadcrumb\":{\"@id\":\"https:\\\/\\\/sspas.org.sv\\\/sspas\\\/formacionyempleo\\\/#breadcrumb\"},\"inLanguage\":\"es\",\"potentialAction\":[{\"@type\":\"ReadAction\",\"target\":[\"https:\\\/\\\/sspas.org.sv\\\/sspas\\\/formacionyempleo\\\/\"]}]},{\"@type\":\"ImageObject\",\"inLanguage\":\"es\",\"@id\":\"https:\\\/\\\/sspas.org.sv\\\/sspas\\\/formacionyempleo\\\/#primaryimage\",\"url\":\"https:\\\/\\\/sspas.org.sv\\\/sspas\\\/wp-content\\\/uploads\\\/2022\\\/04\\\/Social-Media-Square-Lanzamiento-Post-Verde-Invertido.jpg\",\"contentUrl\":\"https:\\\/\\\/sspas.org.sv\\\/sspas\\\/wp-content\\\/uploads\\\/2022\\\/04\\\/Social-Media-Square-Lanzamiento-Post-Verde-Invertido.jpg\",\"width\":1080,\"height\":1080},{\"@type\":\"BreadcrumbList\",\"@id\":\"https:\\\/\\\/sspas.org.sv\\\/sspas\\\/formacionyempleo\\\/#breadcrumb\",\"itemListElement\":[{\"@type\":\"ListItem\",\"position\":1,\"name\":\"Portada\",\"item\":\"https:\\\/\\\/sspas.org.sv\\\/sspas\\\/\"},{\"@type\":\"ListItem\",\"position\":2,\"name\":\"Formaci\u00f3n y Empleo\"}]},{\"@type\":\"WebSite\",\"@id\":\"https:\\\/\\\/sspas.org.sv\\\/sspas\\\/#website\",\"url\":\"https:\\\/\\\/sspas.org.sv\\\/sspas\\\/\",\"name\":\"SSPAS\",\"description\":\"Servicio Social Pasionista\",\"potentialAction\":[{\"@type\":\"SearchAction\",\"target\":{\"@type\":\"EntryPoint\",\"urlTemplate\":\"https:\\\/\\\/sspas.org.sv\\\/sspas\\\/?s={search_term_string}\"},\"query-input\":{\"@type\":\"PropertyValueSpecification\",\"valueRequired\":true,\"valueName\":\"search_term_string\"}}],\"inLanguage\":\"es\"}]}<\/script>\n<!-- \/ Yoast SEO plugin. -->","yoast_head_json":{"title":"Formaci\u00f3n y Empleo - SSPAS","robots":{"index":"index","follow":"follow","max-snippet":"max-snippet:-1","max-image-preview":"max-image-preview:large","max-video-preview":"max-video-preview:-1"},"canonical":"https:\/\/sspas.org.sv\/sspas\/formacionyempleo\/","og_locale":"es_ES","og_type":"article","og_title":"Formaci\u00f3n y Empleo - SSPAS","og_description":"PROGRAMA formaci\u00f3n y empleoMemoria de Labores 2021Programa de formaci\u00f3n y empleo El programa pretende incidir en el acceso a una educaci\u00f3n integral que favorezca oportunidades laborales dignas, por medio de una formaci\u00f3n integral que fortalecer\u00e1 en las juventudes conocimientos acad\u00e9micos y sociales generando un marco de respeto a los principios democr\u00e1ticos, convivencia, inclusi\u00f3n a la [&hellip;]","og_url":"https:\/\/sspas.org.sv\/sspas\/formacionyempleo\/","og_site_name":"SSPAS","article_modified_time":"2022-11-17T16:28:15+00:00","og_image":[{"url":"https:\/\/sspas.org.sv\/sspas\/wp-content\/uploads\/2022\/04\/Social-Media-Square-Lanzamiento-Post-Verde-Invertido-300x300.jpg","type":"","width":"","height":""}],"twitter_card":"summary_large_image","twitter_misc":{"Tiempo de lectura":"13 minutos"},"schema":{"@context":"https:\/\/schema.org","@graph":[{"@type":"WebPage","@id":"https:\/\/sspas.org.sv\/sspas\/formacionyempleo\/","url":"https:\/\/sspas.org.sv\/sspas\/formacionyempleo\/","name":"Formaci\u00f3n y Empleo - SSPAS","isPartOf":{"@id":"https:\/\/sspas.org.sv\/sspas\/#website"},"primaryImageOfPage":{"@id":"https:\/\/sspas.org.sv\/sspas\/formacionyempleo\/#primaryimage"},"image":{"@id":"https:\/\/sspas.org.sv\/sspas\/formacionyempleo\/#primaryimage"},"thumbnailUrl":"https:\/\/sspas.org.sv\/sspas\/wp-content\/uploads\/2022\/04\/Social-Media-Square-Lanzamiento-Post-Verde-Invertido-300x300.jpg","datePublished":"2019-07-25T16:12:24+00:00","dateModified":"2022-11-17T16:28:15+00:00","breadcrumb":{"@id":"https:\/\/sspas.org.sv\/sspas\/formacionyempleo\/#breadcrumb"},"inLanguage":"es","potentialAction":[{"@type":"ReadAction","target":["https:\/\/sspas.org.sv\/sspas\/formacionyempleo\/"]}]},{"@type":"ImageObject","inLanguage":"es","@id":"https:\/\/sspas.org.sv\/sspas\/formacionyempleo\/#primaryimage","url":"https:\/\/sspas.org.sv\/sspas\/wp-content\/uploads\/2022\/04\/Social-Media-Square-Lanzamiento-Post-Verde-Invertido.jpg","contentUrl":"https:\/\/sspas.org.sv\/sspas\/wp-content\/uploads\/2022\/04\/Social-Media-Square-Lanzamiento-Post-Verde-Invertido.jpg","width":1080,"height":1080},{"@type":"BreadcrumbList","@id":"https:\/\/sspas.org.sv\/sspas\/formacionyempleo\/#breadcrumb","itemListElement":[{"@type":"ListItem","position":1,"name":"Portada","item":"https:\/\/sspas.org.sv\/sspas\/"},{"@type":"ListItem","position":2,"name":"Formaci\u00f3n y Empleo"}]},{"@type":"WebSite","@id":"https:\/\/sspas.org.sv\/sspas\/#website","url":"https:\/\/sspas.org.sv\/sspas\/","name":"SSPAS","description":"Servicio Social Pasionista","potentialAction":[{"@type":"SearchAction","target":{"@type":"EntryPoint","urlTemplate":"https:\/\/sspas.org.sv\/sspas\/?s={search_term_string}"},"query-input":{"@type":"PropertyValueSpecification","valueRequired":true,"valueName":"search_term_string"}}],"inLanguage":"es"}]}},"jetpack_sharing_enabled":true,"_links":{"self":[{"href":"https:\/\/sspas.org.sv\/sspas\/wp-json\/wp\/v2\/pages\/54","targetHints":{"allow":["GET"]}}],"collection":[{"href":"https:\/\/sspas.org.sv\/sspas\/wp-json\/wp\/v2\/pages"}],"about":[{"href":"https:\/\/sspas.org.sv\/sspas\/wp-json\/wp\/v2\/types\/page"}],"author":[{"embeddable":true,"href":"https:\/\/sspas.org.sv\/sspas\/wp-json\/wp\/v2\/users\/1"}],"replies":[{"embeddable":true,"href":"https:\/\/sspas.org.sv\/sspas\/wp-json\/wp\/v2\/comments?post=54"}],"version-history":[{"count":4,"href":"https:\/\/sspas.org.sv\/sspas\/wp-json\/wp\/v2\/pages\/54\/revisions"}],"predecessor-version":[{"id":3362,"href":"https:\/\/sspas.org.sv\/sspas\/wp-json\/wp\/v2\/pages\/54\/revisions\/3362"}],"wp:attachment":[{"href":"https:\/\/sspas.org.sv\/sspas\/wp-json\/wp\/v2\/media?parent=54"}],"curies":[{"name":"wp","href":"https:\/\/api.w.org\/{rel}","templated":true}]}}