{"id":1164,"date":"2019-10-06T05:16:32","date_gmt":"2019-10-06T05:16:32","guid":{"rendered":"https:\/\/sspas.org.sv\/sspas\/?page_id=1164"},"modified":"2021-01-28T22:55:37","modified_gmt":"2021-01-28T22:55:37","slug":"multimedia","status":"publish","type":"page","link":"https:\/\/sspas.org.sv\/sspas\/multimedia\/","title":{"rendered":"Multimedia"},"content":{"rendered":"<p>[et_pb_section fb_built=\u00bb1&#8243; next_background_color=\u00bb#ffffff\u00bb admin_label=\u00bbHero Section\u00bb _builder_version=\u00bb3.26.6&#8243; use_background_color_gradient=\u00bbon\u00bb background_color_gradient_start=\u00bbrgba(0,0,0,0.4)\u00bb background_color_gradient_end=\u00bbrgba(0,0,0,0.4)\u00bb background_color_gradient_overlays_image=\u00bbon\u00bb background_image=\u00bbhttps:\/\/sspas.org.sv\/sspas\/wp-content\/uploads\/2019\/07\/tech-20.jpg\u00bb background_position=\u00bbcenter_right\u00bb custom_padding=\u00bb6%||6%|\u00bb bottom_divider_style=\u00bbslant\u00bb bottom_divider_height=\u00bb60px\u00bb background_color_gradient_direction__hover=\u00bb180deg\u00bb background_color_gradient_direction__hover_enabled=\u00bb180deg\u00bb background_color_gradient_start_position__hover=\u00bb0%\u00bb background_color_gradient_start_position__hover_enabled=\u00bb0%\u00bb background_color_gradient_end_position__hover=\u00bb100%\u00bb background_color_gradient_end_position__hover_enabled=\u00bb100%\u00bb][et_pb_row admin_label=\u00bbPage Title Area\u00bb _builder_version=\u00bb3.25&#8243;][et_pb_column type=\u00bb4_4&#8243; _builder_version=\u00bb3.25&#8243; custom_padding=\u00bb|||\u00bb custom_padding__hover=\u00bb|||\u00bb][et_pb_text admin_label=\u00bbHero Section Title\u00bb _builder_version=\u00bb3.29.3&#8243; text_font=\u00bbMontserrat||||||||\u00bb text_font_size=\u00bb18px\u00bb text_line_height=\u00bb1.8em\u00bb header_font=\u00bbRoboto|600||on|||||\u00bb header_font_size=\u00bb48px\u00bb header_letter_spacing=\u00bb3px\u00bb header_line_height=\u00bb1.3em\u00bb header_2_font=\u00bbMontserrat|700|||||||\u00bb header_2_text_color=\u00bbrgba(255,255,255,0.6)\u00bb header_2_font_size=\u00bb90px\u00bb header_2_letter_spacing=\u00bb3px\u00bb header_2_line_height=\u00bb1.1em\u00bb text_orientation=\u00bbcenter\u00bb background_layout=\u00bbdark\u00bb max_width=\u00bb700px\u00bb module_alignment=\u00bbcenter\u00bb custom_margin=\u00bb|||\u00bb animation_style=\u00bbfade\u00bb animation_direction=\u00bbbottom\u00bb header_font_size_tablet=\u00bb\u00bb header_font_size_phone=\u00bb28px\u00bb header_font_size_last_edited=\u00bbon|phone\u00bb header_2_font_size_tablet=\u00bb\u00bb header_2_font_size_phone=\u00bb50px\u00bb header_2_font_size_last_edited=\u00bbon|phone\u00bb]<\/p>\n<h1>multimedia<\/h1>\n<p>[\/et_pb_text][\/et_pb_column][\/et_pb_row][\/et_pb_section][et_pb_section fb_built=\u00bb1&#8243; _builder_version=\u00bb3.22&#8243; custom_padding=\u00bb||4px|||\u00bb][et_pb_row _builder_version=\u00bb3.25&#8243; background_size=\u00bbinitial\u00bb background_position=\u00bbtop_left\u00bb background_repeat=\u00bbrepeat\u00bb custom_padding=\u00bb||44px|||\u00bb][et_pb_column type=\u00bb4_4&#8243; _builder_version=\u00bb3.25&#8243; custom_padding=\u00bb|||\u00bb custom_padding__hover=\u00bb|||\u00bb][et_pb_filterable_portfolio fullwidth=\u00bboff\u00bb posts_number=\u00bb12&#8243; include_categories=\u00bb23&#8243; _builder_version=\u00bb3.29.3&#8243; title_level=\u00bbh1&#8243; title_font=\u00bbRoboto||||||||\u00bb title_text_align=\u00bbleft\u00bb title_text_color=\u00bb#243061&#8243; title_font_size=\u00bb20px\u00bb title_line_height=\u00bb1em\u00bb filter_font=\u00bbRoboto||||||||\u00bb filter_text_color=\u00bb#243061&#8243; filter_line_height=\u00bb1.4em\u00bb pagination_text_color=\u00bb#243061&#8243; background_color=\u00bbrgba(0,0,0,0)\u00bb background_size=\u00bbinitial\u00bb background_position=\u00bbtop_left\u00bb background_repeat=\u00bbrepeat\u00bb transform_scale=\u00bb110%|110%\u00bb text_orientation=\u00bbleft\u00bb animation_style=\u00bbflip\u00bb animation_direction=\u00bbleft\u00bb link_option_url_new_window=\u00bbon\u00bb border_width_left_image=\u00bb11px\u00bb border_color_left_image=\u00bb#243061&#8243; box_shadow_style_image=\u00bbpreset6&#8243; box_shadow_color_image=\u00bbrgba(0,0,0,0)\u00bb][\/et_pb_filterable_portfolio][\/et_pb_column][\/et_pb_row][\/et_pb_section][et_pb_section fb_built=\u00bb1&#8243; _builder_version=\u00bb3.29.3&#8243; custom_padding=\u00bb0px|||||\u00bb][et_pb_row column_structure=\u00bb1_2,1_2&#8243; _builder_version=\u00bb3.26.6&#8243; custom_margin=\u00bb51px|auto||auto||\u00bb custom_padding=\u00bb||0px|||\u00bb][et_pb_column type=\u00bb1_2&#8243; _builder_version=\u00bb3.26.6&#8243;][et_pb_text _builder_version=\u00bb3.29.3&#8243; header_2_font=\u00bbRoboto|600||on|||||\u00bb header_2_text_color=\u00bb#243061&#8243; header_2_font_size=\u00bb60px\u00bb]<\/p>\n<h2>galer\u00edas\u00a0<\/h2>\n<p>[\/et_pb_text][\/et_pb_column][et_pb_column type=\u00bb1_2&#8243; _builder_version=\u00bb3.26.6&#8243;][\/et_pb_column][\/et_pb_row][et_pb_row column_structure=\u00bb1_2,1_2&#8243; _builder_version=\u00bb3.26.6&#8243; custom_margin=\u00bb1px|auto||auto||\u00bb custom_padding=\u00bb||0px|||\u00bb][et_pb_column type=\u00bb1_2&#8243; _builder_version=\u00bb3.26.6&#8243;][et_pb_text _builder_version=\u00bb3.27.4&#8243;]<\/p>\n<h3>Centro de Formaci\u00f3n y Orientaci\u00f3n<\/h3>\n<p>[\/et_pb_text][\/et_pb_column][et_pb_column type=\u00bb1_2&#8243; _builder_version=\u00bb3.26.6&#8243;][\/et_pb_column][\/et_pb_row][et_pb_row column_structure=\u00bb1_2,1_2&#8243; _builder_version=\u00bb3.26.6&#8243; custom_margin=\u00bb-9px|auto||auto||\u00bb custom_padding=\u00bb||0px|||\u00bb][et_pb_column type=\u00bb1_2&#8243; _builder_version=\u00bb3.26.6&#8243;][et_pb_gallery gallery_ids=\u00bb1019,1020,1021,1022,1023,1024,1025,1026,1027,1028,1029&#8243; fullwidth=\u00bbon\u00bb _builder_version=\u00bb3.26.6&#8243; height=\u00bb350px\u00bb custom_padding=\u00bb||27px|||\u00bb animation_style=\u00bbfade\u00bb auto=\u00bbon\u00bb auto_speed=\u00bb3000&#8243; border_width_all=\u00bb20px\u00bb border_color_all=\u00bb#ffffff\u00bb box_shadow_style=\u00bbpreset3&#8243;][\/et_pb_gallery][\/et_pb_column][et_pb_column type=\u00bb1_2&#8243; _builder_version=\u00bb3.26.6&#8243;][et_pb_gallery gallery_ids=\u00bb1030,1031,1032,1033,1034,1035,1036,1037,1038,1039,1040&#8243; fullwidth=\u00bbon\u00bb _builder_version=\u00bb3.26.6&#8243; height=\u00bb350px\u00bb custom_padding=\u00bb||27px|||\u00bb animation_style=\u00bbfade\u00bb auto=\u00bbon\u00bb auto_speed=\u00bb3000&#8243; border_width_all=\u00bb20px\u00bb border_color_all=\u00bb#ffffff\u00bb box_shadow_style=\u00bbpreset3&#8243;][\/et_pb_gallery][\/et_pb_column][\/et_pb_row][et_pb_row column_structure=\u00bb1_2,1_2&#8243; _builder_version=\u00bb3.26.6&#8243; custom_padding=\u00bb67px||0px|||\u00bb][et_pb_column type=\u00bb1_2&#8243; _builder_version=\u00bb3.26.6&#8243;][et_pb_text _builder_version=\u00bb4.7.7&#8243; hover_enabled=\u00bb0&#8243; sticky_enabled=\u00bb0&#8243;]<\/p>\n<h3>Cl\u00ednica Asistencial Padre Octavio Ortiz<\/h3>\n<p>[\/et_pb_text][\/et_pb_column][et_pb_column type=\u00bb1_2&#8243; _builder_version=\u00bb3.26.6&#8243;][et_pb_text _builder_version=\u00bb3.29.3&#8243;]<\/p>\n<h3>Colegio Madre Marietje<\/h3>\n<p>[\/et_pb_text][\/et_pb_column][\/et_pb_row][et_pb_row column_structure=\u00bb1_2,1_2&#8243; _builder_version=\u00bb3.26.6&#8243; custom_padding=\u00bb||0px|||\u00bb][et_pb_column type=\u00bb1_2&#8243; _builder_version=\u00bb3.26.6&#8243;][et_pb_gallery gallery_ids=\u00bb1010,1011,1012,1013,1014,1015,1016,1017,1018&#8243; fullwidth=\u00bbon\u00bb _builder_version=\u00bb3.26.6&#8243; height=\u00bb350px\u00bb custom_margin=\u00bb||-39px|||\u00bb custom_padding=\u00bb||0px|||\u00bb animation_style=\u00bbfade\u00bb auto=\u00bbon\u00bb auto_speed=\u00bb3000&#8243; hover_enabled=\u00bb0&#8243; border_width_all=\u00bb20px\u00bb border_color_all=\u00bb#ffffff\u00bb box_shadow_style=\u00bbpreset3&#8243; sticky_enabled=\u00bb0&#8243;][\/et_pb_gallery][\/et_pb_column][et_pb_column type=\u00bb1_2&#8243; _builder_version=\u00bb3.26.6&#8243;][et_pb_gallery gallery_ids=\u00bb1007,1008,1009&#8243; fullwidth=\u00bbon\u00bb hover_icon=\u00bb%%43%%\u00bb _builder_version=\u00bb3.26.6&#8243; title_font=\u00bbRoboto||||||||\u00bb title_text_color=\u00bb#ffffff\u00bb pagination_font=\u00bbRoboto||||||||\u00bb pagination_text_color=\u00bb#ffffff\u00bb background_layout=\u00bbdark\u00bb height=\u00bb350px\u00bb custom_margin=\u00bb||-3px|||\u00bb custom_padding=\u00bb||1px|||\u00bb animation_style=\u00bbfade\u00bb auto=\u00bbon\u00bb auto_speed=\u00bb3000&#8243; border_width_all=\u00bb20px\u00bb border_color_all=\u00bb#ffffff\u00bb box_shadow_style=\u00bbpreset3&#8243;][\/et_pb_gallery][\/et_pb_column][\/et_pb_row][et_pb_row _builder_version=\u00bb4.7.7&#8243; _module_preset=\u00bbdefault\u00bb][et_pb_column _builder_version=\u00bb4.7.7&#8243; _module_preset=\u00bbdefault\u00bb type=\u00bb4_4&#8243;][et_pb_text _builder_version=\u00bb4.7.7&#8243; _module_preset=\u00bbdefault\u00bb hover_enabled=\u00bb0&#8243; sticky_enabled=\u00bb0&#8243;]<\/p>\n<h3 style=\"text-align: left;\">Cl\u00ednica asistencial Padre Octavio Ortiz<\/h3>\n<p>[\/et_pb_text][\/et_pb_column][\/et_pb_row][et_pb_row _builder_version=\u00bb4.7.7&#8243; _module_preset=\u00bbdefault\u00bb][et_pb_column _builder_version=\u00bb4.7.7&#8243; _module_preset=\u00bbdefault\u00bb type=\u00bb4_4&#8243;][et_pb_gallery _builder_version=\u00bb4.7.7&#8243; _module_preset=\u00bbdefault\u00bb gallery_ids=\u00bb2339,2338,2337,2336,2335,2319&#8243; hover_enabled=\u00bb0&#8243; sticky_enabled=\u00bb0&#8243;][\/et_pb_gallery][\/et_pb_column][\/et_pb_row][et_pb_row column_structure=\u00bb1_2,1_2&#8243; _builder_version=\u00bb3.26.6&#8243; custom_padding=\u00bb67px||0px|||\u00bb][et_pb_column type=\u00bb1_2&#8243; _builder_version=\u00bb3.26.6&#8243;][et_pb_text _builder_version=\u00bb3.29.3&#8243;]<\/p>\n<h3>Organizaci\u00f3n y Educaci\u00f3n para la Paz<\/h3>\n<p>[\/et_pb_text][\/et_pb_column][et_pb_column type=\u00bb1_2&#8243; _builder_version=\u00bb3.26.6&#8243;][\/et_pb_column][\/et_pb_row][et_pb_row column_structure=\u00bb1_2,1_2&#8243; _builder_version=\u00bb3.26.6&#8243; custom_padding=\u00bb||0px|||\u00bb][et_pb_column type=\u00bb1_2&#8243; _builder_version=\u00bb3.26.6&#8243;][et_pb_gallery gallery_ids=\u00bb1275,1274,1273,1272,1271&#8243; fullwidth=\u00bbon\u00bb _builder_version=\u00bb3.29.3&#8243; height=\u00bb350px\u00bb custom_margin=\u00bb||-39px|||\u00bb custom_padding=\u00bb||0px|||\u00bb animation_style=\u00bbfade\u00bb auto=\u00bbon\u00bb auto_speed=\u00bb3000&#8243; border_width_all=\u00bb20px\u00bb border_color_all=\u00bb#ffffff\u00bb box_shadow_style=\u00bbpreset3&#8243;][\/et_pb_gallery][\/et_pb_column][et_pb_column type=\u00bb1_2&#8243; _builder_version=\u00bb3.26.6&#8243;][et_pb_gallery gallery_ids=\u00bb1270,1269,1268,1267,1266,1265&#8243; fullwidth=\u00bbon\u00bb hover_icon=\u00bb%%43%%\u00bb _builder_version=\u00bb3.29.3&#8243; title_font=\u00bbRoboto||||||||\u00bb title_text_color=\u00bb#ffffff\u00bb pagination_font=\u00bbRoboto||||||||\u00bb pagination_text_color=\u00bb#ffffff\u00bb background_layout=\u00bbdark\u00bb height=\u00bb350px\u00bb custom_margin=\u00bb||-3px|||\u00bb custom_padding=\u00bb||1px|||\u00bb animation_style=\u00bbfade\u00bb auto=\u00bbon\u00bb auto_speed=\u00bb3000&#8243; border_width_all=\u00bb20px\u00bb border_color_all=\u00bb#ffffff\u00bb box_shadow_style=\u00bbpreset3&#8243;][\/et_pb_gallery][\/et_pb_column][\/et_pb_row][et_pb_row column_structure=\u00bb1_2,1_2&#8243; _builder_version=\u00bb3.26.6&#8243; custom_padding=\u00bb67px||0px|||\u00bb][et_pb_column type=\u00bb1_2&#8243; _builder_version=\u00bb3.26.6&#8243;][et_pb_text _builder_version=\u00bb3.29.3&#8243;]<\/p>\n<h3>Programa de Derechos Humanos<\/h3>\n<p>[\/et_pb_text][\/et_pb_column][et_pb_column type=\u00bb1_2&#8243; _builder_version=\u00bb3.26.6&#8243;][\/et_pb_column][\/et_pb_row][et_pb_row column_structure=\u00bb1_2,1_2&#8243; _builder_version=\u00bb3.26.6&#8243; custom_padding=\u00bb||0px|||\u00bb][et_pb_column type=\u00bb1_2&#8243; _builder_version=\u00bb3.26.6&#8243;][et_pb_gallery gallery_ids=\u00bb1417,1418,1419,1420,1421,1422,1423,1424,1425&#8243; fullwidth=\u00bbon\u00bb _builder_version=\u00bb3.29.3&#8243; height=\u00bb350px\u00bb custom_margin=\u00bb||-39px|||\u00bb custom_padding=\u00bb||0px|||\u00bb animation_style=\u00bbfade\u00bb auto=\u00bbon\u00bb auto_speed=\u00bb3000&#8243; border_width_all=\u00bb20px\u00bb border_color_all=\u00bb#ffffff\u00bb box_shadow_style=\u00bbpreset3&#8243;][\/et_pb_gallery][\/et_pb_column][et_pb_column type=\u00bb1_2&#8243; _builder_version=\u00bb3.26.6&#8243;][et_pb_gallery gallery_ids=\u00bb1425,1426,1427,1428,1429,1430,1431,1432,1433&#8243; fullwidth=\u00bbon\u00bb hover_icon=\u00bb%%43%%\u00bb _builder_version=\u00bb3.29.3&#8243; title_font=\u00bbRoboto||||||||\u00bb title_text_color=\u00bb#ffffff\u00bb pagination_font=\u00bbRoboto||||||||\u00bb pagination_text_color=\u00bb#ffffff\u00bb background_layout=\u00bbdark\u00bb height=\u00bb350px\u00bb custom_margin=\u00bb||-3px|||\u00bb custom_padding=\u00bb||1px|||\u00bb animation_style=\u00bbfade\u00bb auto=\u00bbon\u00bb auto_speed=\u00bb3000&#8243; border_width_all=\u00bb20px\u00bb border_color_all=\u00bb#ffffff\u00bb box_shadow_style=\u00bbpreset3&#8243;][\/et_pb_gallery][\/et_pb_column][\/et_pb_row][et_pb_row _builder_version=\u00bb4.4.7&#8243;][et_pb_column type=\u00bb4_4&#8243; _builder_version=\u00bb4.4.7&#8243;][et_pb_text _builder_version=\u00bb4.4.7&#8243;]<\/p>\n<h1>Cuento<\/h1>\n<p>[\/et_pb_text][et_pb_image src=\u00bbhttps:\/\/sspas.org.sv\/sspas\/wp-content\/uploads\/2020\/09\/Cuento1.png\u00bb title_text=\u00bbCuento1&#8243; url=\u00bbhttps:\/\/sspas.org.sv\/sspas\/project\/cuento-querido-mio\/\u00bb _builder_version=\u00bb4.4.7&#8243; custom_padding=\u00bb|570px||||\u00bb][\/et_pb_image][\/et_pb_column][\/et_pb_row][\/et_pb_section][et_pb_section fb_built=\u00bb1&#8243; inner_shadow=\u00bbon\u00bb _builder_version=\u00bb3.22&#8243; background_color=\u00bb#f7f7f7&#8243;][et_pb_row _builder_version=\u00bb3.25&#8243; background_size=\u00bbinitial\u00bb background_position=\u00bbtop_left\u00bb background_repeat=\u00bbrepeat\u00bb custom_margin=\u00bb-1px|auto||auto||\u00bb][et_pb_column type=\u00bb4_4&#8243; _builder_version=\u00bb3.25&#8243; custom_padding=\u00bb|||\u00bb custom_padding__hover=\u00bb|||\u00bb][et_pb_cta title=\u00bb\u00bfBuscas algo que no se encuentra aqu\u00ed?\u00bb button_url=\u00bb#\u00bb url_new_window=\u00bbon\u00bb button_text=\u00bbCont\u00e1ctanos\u00bb _builder_version=\u00bb3.26.6&#8243; use_background_color=\u00bboff\u00bb background_size=\u00bbinitial\u00bb background_position=\u00bbtop_left\u00bb background_repeat=\u00bbrepeat\u00bb custom_button=\u00bbon\u00bb button_text_color=\u00bb#ffffff\u00bb background_layout=\u00bblight\u00bb link_option_url_new_window=\u00bbon\u00bb button_text_size__hover_enabled=\u00bboff\u00bb button_one_text_size__hover_enabled=\u00bboff\u00bb button_two_text_size__hover_enabled=\u00bboff\u00bb button_text_color__hover_enabled=\u00bboff\u00bb button_one_text_color__hover_enabled=\u00bboff\u00bb button_two_text_color__hover_enabled=\u00bboff\u00bb button_border_width__hover_enabled=\u00bboff\u00bb button_one_border_width__hover_enabled=\u00bboff\u00bb button_two_border_width__hover_enabled=\u00bboff\u00bb button_border_color__hover_enabled=\u00bboff\u00bb button_one_border_color__hover_enabled=\u00bboff\u00bb button_two_border_color__hover_enabled=\u00bboff\u00bb button_border_radius__hover_enabled=\u00bboff\u00bb button_one_border_radius__hover_enabled=\u00bboff\u00bb button_two_border_radius__hover_enabled=\u00bboff\u00bb button_letter_spacing__hover_enabled=\u00bboff\u00bb button_one_letter_spacing__hover_enabled=\u00bboff\u00bb button_two_letter_spacing__hover_enabled=\u00bboff\u00bb button_bg_color__hover_enabled=\u00bboff\u00bb button_one_bg_color__hover_enabled=\u00bboff\u00bb button_two_bg_color__hover_enabled=\u00bboff\u00bb][\/et_pb_cta][\/et_pb_column][\/et_pb_row][\/et_pb_section]<\/p>\n","protected":false},"excerpt":{"rendered":"<p>multimediagaler\u00edas\u00a0Centro de Formaci\u00f3n y Orientaci\u00f3nCl\u00ednica Asistencial Padre Octavio Ortiz Colegio Madre MarietjeCl\u00ednica asistencial Padre Octavio Ortiz Organizaci\u00f3n y Educaci\u00f3n para la PazPrograma de Derechos HumanosCuento<\/p>\n","protected":false},"author":1,"featured_media":0,"parent":0,"menu_order":0,"comment_status":"closed","ping_status":"closed","template":"","meta":{"_et_pb_use_builder":"on","_et_pb_old_content":"","_et_gb_content_width":"","om_disable_all_campaigns":false,"_monsterinsights_skip_tracking":false,"_uf_show_specific_survey":0,"_uf_disable_surveys":false,"footnotes":""},"class_list":["post-1164","page","type-page","status-publish","hentry"],"aioseo_notices":[],"aioseo_head":"\n\t\t<!-- All in One SEO 5.0.1 - aioseo.com -->\n\t<meta name=\"description\" content=\"multimedia TodosVideos Vivir bajo el r\u00e9gimen: el testimonio de Tom\u00e1sMultimedia, Videos Vivir bajo el R\u00e9gimen: el testimonio de PabloMultimedia, Videos Vivir bajo el r\u00e9gimen: La historia de MarcelaMultimedia, Videos Pr\u00e1cticas restaurativasVideos Observatorio de Derechos Humanos Rufina AmayaVideos Segunda Parte Lo que el viento no se llevo SSPAS convenio FAD AECIDVideos Primera Parte Hasta aqu\u00ed la\" \/>\n\t<meta name=\"robots\" content=\"max-image-preview:large\" \/>\n\t<link rel=\"canonical\" href=\"https:\/\/sspas.org.sv\/sspas\/multimedia\/\" \/>\n\t<meta name=\"generator\" content=\"All in One SEO (AIOSEO) 5.0.1\" \/>\n\t\t<meta property=\"og:locale\" content=\"es_ES\" \/>\n\t\t<meta property=\"og:site_name\" content=\"SSPAS - Servicio Social Pasionista\" \/>\n\t\t<meta property=\"og:type\" content=\"article\" \/>\n\t\t<meta property=\"og:title\" content=\"Multimedia - SSPAS\" \/>\n\t\t<meta property=\"og:description\" content=\"multimedia TodosVideos Vivir bajo el r\u00e9gimen: el testimonio de Tom\u00e1sMultimedia, Videos Vivir bajo el R\u00e9gimen: el testimonio de PabloMultimedia, Videos Vivir bajo el r\u00e9gimen: La historia de MarcelaMultimedia, Videos Pr\u00e1cticas restaurativasVideos Observatorio de Derechos Humanos Rufina AmayaVideos Segunda Parte Lo que el viento no se llevo SSPAS convenio FAD AECIDVideos Primera Parte Hasta aqu\u00ed la\" \/>\n\t\t<meta property=\"og:url\" content=\"https:\/\/sspas.org.sv\/sspas\/multimedia\/\" \/>\n\t\t<meta property=\"article:published_time\" content=\"2019-10-06T05:16:32+00:00\" \/>\n\t\t<meta property=\"article:modified_time\" content=\"2021-01-28T22:55:37+00:00\" \/>\n\t\t<meta name=\"twitter:card\" content=\"summary_large_image\" \/>\n\t\t<meta name=\"twitter:title\" content=\"Multimedia - SSPAS\" \/>\n\t\t<meta name=\"twitter:description\" content=\"multimedia TodosVideos Vivir bajo el r\u00e9gimen: el testimonio de Tom\u00e1sMultimedia, Videos Vivir bajo el R\u00e9gimen: el testimonio de PabloMultimedia, Videos Vivir bajo el r\u00e9gimen: La historia de MarcelaMultimedia, Videos Pr\u00e1cticas restaurativasVideos Observatorio de Derechos Humanos Rufina AmayaVideos Segunda Parte Lo que el viento no se llevo SSPAS convenio FAD AECIDVideos Primera Parte Hasta aqu\u00ed la\" \/>\n\t\t<script type=\"application\/ld+json\" class=\"aioseo-schema\">\n\t\t\t{\"@context\":\"https:\\\/\\\/schema.org\",\"@graph\":[{\"@type\":\"BreadcrumbList\",\"@id\":\"https:\\\/\\\/sspas.org.sv\\\/sspas\\\/multimedia\\\/#breadcrumblist\",\"itemListElement\":[{\"@type\":\"ListItem\",\"@id\":\"https:\\\/\\\/sspas.org.sv\\\/sspas#listItem\",\"position\":1,\"name\":\"Home\",\"item\":\"https:\\\/\\\/sspas.org.sv\\\/sspas\",\"nextItem\":{\"@type\":\"ListItem\",\"@id\":\"https:\\\/\\\/sspas.org.sv\\\/sspas\\\/multimedia\\\/#listItem\",\"name\":\"Multimedia\"}},{\"@type\":\"ListItem\",\"@id\":\"https:\\\/\\\/sspas.org.sv\\\/sspas\\\/multimedia\\\/#listItem\",\"position\":2,\"name\":\"Multimedia\",\"previousItem\":{\"@type\":\"ListItem\",\"@id\":\"https:\\\/\\\/sspas.org.sv\\\/sspas#listItem\",\"name\":\"Home\"}}]},{\"@type\":\"Organization\",\"@id\":\"https:\\\/\\\/sspas.org.sv\\\/sspas\\\/#organization\",\"name\":\"SSPAS\",\"description\":\"Servicio Social Pasionista\",\"url\":\"https:\\\/\\\/sspas.org.sv\\\/sspas\\\/\"},{\"@type\":\"WebPage\",\"@id\":\"https:\\\/\\\/sspas.org.sv\\\/sspas\\\/multimedia\\\/#webpage\",\"url\":\"https:\\\/\\\/sspas.org.sv\\\/sspas\\\/multimedia\\\/\",\"name\":\"Multimedia - SSPAS\",\"description\":\"multimedia TodosVideos Vivir bajo el r\\u00e9gimen: el testimonio de Tom\\u00e1sMultimedia, Videos Vivir bajo el R\\u00e9gimen: el testimonio de PabloMultimedia, Videos Vivir bajo el r\\u00e9gimen: La historia de MarcelaMultimedia, Videos Pr\\u00e1cticas restaurativasVideos Observatorio de Derechos Humanos Rufina AmayaVideos Segunda Parte Lo que el viento no se llevo SSPAS convenio FAD AECIDVideos Primera Parte Hasta aqu\\u00ed la\",\"inLanguage\":\"es-ES\",\"isPartOf\":{\"@id\":\"https:\\\/\\\/sspas.org.sv\\\/sspas\\\/#website\"},\"breadcrumb\":{\"@id\":\"https:\\\/\\\/sspas.org.sv\\\/sspas\\\/multimedia\\\/#breadcrumblist\"},\"datePublished\":\"2019-10-06T05:16:32+00:00\",\"dateModified\":\"2021-01-28T22:55:37+00:00\"},{\"@type\":\"WebSite\",\"@id\":\"https:\\\/\\\/sspas.org.sv\\\/sspas\\\/#website\",\"url\":\"https:\\\/\\\/sspas.org.sv\\\/sspas\\\/\",\"name\":\"SSPAS\",\"description\":\"Servicio Social Pasionista\",\"inLanguage\":\"es-ES\",\"publisher\":{\"@id\":\"https:\\\/\\\/sspas.org.sv\\\/sspas\\\/#organization\"}}]}\n\t\t<\/script>\n\t\t<!-- All in One SEO -->\n\n","aioseo_head_json":{"title":"Multimedia - SSPAS","description":"multimedia TodosVideos Vivir bajo el r\u00e9gimen: el testimonio de Tom\u00e1sMultimedia, Videos Vivir bajo el R\u00e9gimen: el testimonio de PabloMultimedia, Videos Vivir bajo el r\u00e9gimen: La historia de MarcelaMultimedia, Videos Pr\u00e1cticas restaurativasVideos Observatorio de Derechos Humanos Rufina AmayaVideos Segunda Parte Lo que el viento no se llevo SSPAS convenio FAD AECIDVideos Primera Parte Hasta aqu\u00ed la","canonical_url":"https:\/\/sspas.org.sv\/sspas\/multimedia\/","robots":"max-image-preview:large","keywords":"","webmasterTools":{"miscellaneous":""},"schema":{"@context":"https:\/\/schema.org","@graph":[{"@type":"BreadcrumbList","@id":"https:\/\/sspas.org.sv\/sspas\/multimedia\/#breadcrumblist","itemListElement":[{"@type":"ListItem","@id":"https:\/\/sspas.org.sv\/sspas#listItem","position":1,"name":"Home","item":"https:\/\/sspas.org.sv\/sspas","nextItem":{"@type":"ListItem","@id":"https:\/\/sspas.org.sv\/sspas\/multimedia\/#listItem","name":"Multimedia"}},{"@type":"ListItem","@id":"https:\/\/sspas.org.sv\/sspas\/multimedia\/#listItem","position":2,"name":"Multimedia","previousItem":{"@type":"ListItem","@id":"https:\/\/sspas.org.sv\/sspas#listItem","name":"Home"}}]},{"@type":"Organization","@id":"https:\/\/sspas.org.sv\/sspas\/#organization","name":"SSPAS","description":"Servicio Social Pasionista","url":"https:\/\/sspas.org.sv\/sspas\/"},{"@type":"WebPage","@id":"https:\/\/sspas.org.sv\/sspas\/multimedia\/#webpage","url":"https:\/\/sspas.org.sv\/sspas\/multimedia\/","name":"Multimedia - SSPAS","description":"multimedia TodosVideos Vivir bajo el r\u00e9gimen: el testimonio de Tom\u00e1sMultimedia, Videos Vivir bajo el R\u00e9gimen: el testimonio de PabloMultimedia, Videos Vivir bajo el r\u00e9gimen: La historia de MarcelaMultimedia, Videos Pr\u00e1cticas restaurativasVideos Observatorio de Derechos Humanos Rufina AmayaVideos Segunda Parte Lo que el viento no se llevo SSPAS convenio FAD AECIDVideos Primera Parte Hasta aqu\u00ed la","inLanguage":"es-ES","isPartOf":{"@id":"https:\/\/sspas.org.sv\/sspas\/#website"},"breadcrumb":{"@id":"https:\/\/sspas.org.sv\/sspas\/multimedia\/#breadcrumblist"},"datePublished":"2019-10-06T05:16:32+00:00","dateModified":"2021-01-28T22:55:37+00:00"},{"@type":"WebSite","@id":"https:\/\/sspas.org.sv\/sspas\/#website","url":"https:\/\/sspas.org.sv\/sspas\/","name":"SSPAS","description":"Servicio Social Pasionista","inLanguage":"es-ES","publisher":{"@id":"https:\/\/sspas.org.sv\/sspas\/#organization"}}]},"og:locale":"es_ES","og:site_name":"SSPAS - Servicio Social Pasionista","og:type":"article","og:title":"Multimedia - SSPAS","og:description":"multimedia TodosVideos Vivir bajo el r\u00e9gimen: el testimonio de Tom\u00e1sMultimedia, Videos Vivir bajo el R\u00e9gimen: el testimonio de PabloMultimedia, Videos Vivir bajo el r\u00e9gimen: La historia de MarcelaMultimedia, Videos Pr\u00e1cticas restaurativasVideos Observatorio de Derechos Humanos Rufina AmayaVideos Segunda Parte Lo que el viento no se llevo SSPAS convenio FAD AECIDVideos Primera Parte Hasta aqu\u00ed la","og:url":"https:\/\/sspas.org.sv\/sspas\/multimedia\/","article:published_time":"2019-10-06T05:16:32+00:00","article:modified_time":"2021-01-28T22:55:37+00:00","twitter:card":"summary_large_image","twitter:title":"Multimedia - SSPAS","twitter:description":"multimedia TodosVideos Vivir bajo el r\u00e9gimen: el testimonio de Tom\u00e1sMultimedia, Videos Vivir bajo el R\u00e9gimen: el testimonio de PabloMultimedia, Videos Vivir bajo el r\u00e9gimen: La historia de MarcelaMultimedia, Videos Pr\u00e1cticas restaurativasVideos Observatorio de Derechos Humanos Rufina AmayaVideos Segunda Parte Lo que el viento no se llevo SSPAS convenio FAD AECIDVideos Primera Parte Hasta aqu\u00ed la"},"aioseo_meta_data":{"post_id":"1164","title":null,"description":null,"keywords":null,"keyphrases":null,"focus_keyword":null,"additional_keywords":null,"truseo_locale":null,"primary_term":null,"canonical_url":null,"og_title":null,"og_description":null,"og_object_type":"default","og_image_type":"default","og_image_custom_url":null,"og_image_custom_fields":null,"og_image_url":null,"og_image_width":null,"og_image_height":null,"og_video":null,"og_custom_url":null,"og_article_section":null,"og_article_tags":null,"twitter_use_og":false,"twitter_card":"default","twitter_image_type":"default","twitter_image_custom_url":null,"twitter_image_custom_fields":null,"twitter_image_url":null,"twitter_title":null,"twitter_description":null,"schema_type":"default","schema_type_options":null,"schema":{"blockGraphs":[],"customGraphs":[],"default":{"data":{"Article":[],"Course":[],"Dataset":[],"FAQPage":[],"Movie":[],"Person":[],"Product":[],"ProductReview":[],"Car":[],"Recipe":[],"Service":[],"SoftwareApplication":[],"WebPage":[]},"graphName":"","isEnabled":true},"graphs":[]},"pillar_content":false,"robots_default":true,"robots_noindex":false,"robots_noarchive":false,"robots_nosnippet":false,"robots_nofollow":false,"robots_noimageindex":false,"robots_noodp":false,"robots_notranslate":false,"robots_max_snippet":null,"robots_max_videopreview":null,"robots_max_imagepreview":"large","priority":null,"frequency":null,"local_seo":null,"limit_modified_date":false,"ai":null,"breadcrumb_settings":null,"seo_analyzer_scan_date":null,"created":"2026-08-28 05:49:36","updated":"2026-08-28 05:49:36"},"aioseo_breadcrumb":"<div class=\"aioseo-breadcrumbs\"><span class=\"aioseo-breadcrumb\">\n\t\t\t<a href=\"https:\/\/sspas.org.sv\/sspas\" title=\"Home\">Home<\/a>\n\t\t<\/span><span class=\"aioseo-breadcrumb-separator\">&raquo;<\/span><span class=\"aioseo-breadcrumb\">\n\t\t\tMultimedia\n\t\t<\/span><\/div>","aioseo_breadcrumb_json":[{"label":"Home","link":"https:\/\/sspas.org.sv\/sspas"},{"label":"Multimedia","link":"https:\/\/sspas.org.sv\/sspas\/multimedia\/"}],"jetpack_sharing_enabled":true,"_links":{"self":[{"href":"https:\/\/sspas.org.sv\/sspas\/wp-json\/wp\/v2\/pages\/1164","targetHints":{"allow":["GET"]}}],"collection":[{"href":"https:\/\/sspas.org.sv\/sspas\/wp-json\/wp\/v2\/pages"}],"about":[{"href":"https:\/\/sspas.org.sv\/sspas\/wp-json\/wp\/v2\/types\/page"}],"author":[{"embeddable":true,"href":"https:\/\/sspas.org.sv\/sspas\/wp-json\/wp\/v2\/users\/1"}],"replies":[{"embeddable":true,"href":"https:\/\/sspas.org.sv\/sspas\/wp-json\/wp\/v2\/comments?post=1164"}],"version-history":[{"count":4,"href":"https:\/\/sspas.org.sv\/sspas\/wp-json\/wp\/v2\/pages\/1164\/revisions"}],"predecessor-version":[{"id":2341,"href":"https:\/\/sspas.org.sv\/sspas\/wp-json\/wp\/v2\/pages\/1164\/revisions\/2341"}],"wp:attachment":[{"href":"https:\/\/sspas.org.sv\/sspas\/wp-json\/wp\/v2\/media?parent=1164"}],"curies":[{"name":"wp","href":"https:\/\/api.w.org\/{rel}","templated":true}]}}